{"id":2238,"date":"2024-05-05T14:00:19","date_gmt":"2024-05-05T14:00:19","guid":{"rendered":"https:\/\/www.mbcl-international.net\/faq\/"},"modified":"2025-07-04T12:30:56","modified_gmt":"2025-07-04T12:30:56","slug":"faq","status":"publish","type":"page","link":"https:\/\/www.mbcl-international.net\/de\/faq\/","title":{"rendered":"FAQ"},"content":{"rendered":"<p>[et_pb_section fb_built=&#8220;1&#8243; _builder_version=&#8220;4.17.6&#8243; _module_preset=&#8220;default&#8220; custom_padding=&#8220;0px||||false|false&#8220; global_colors_info=&#8220;{}&#8220;][et_pb_row _builder_version=&#8220;4.17.6&#8243; _module_preset=&#8220;default&#8220; width=&#8220;100%&#8220; max_width=&#8220;100%&#8220; custom_padding=&#8220;0px||||false|false&#8220; global_colors_info=&#8220;{}&#8220;][et_pb_column type=&#8220;4_4&#8243; _builder_version=&#8220;4.17.6&#8243; _module_preset=&#8220;default&#8220; global_colors_info=&#8220;{}&#8220;][et_pb_image src=&#8220;https:\/\/www.mbcl-international.net\/wp-content\/uploads\/2024\/05\/FAQ.jpg&#8220; title_text=&#8220;FAQ&#8220; _builder_version=&#8220;4.25.0&#8243; _module_preset=&#8220;default&#8220; global_colors_info=&#8220;{}&#8220;][\/et_pb_image][\/et_pb_column][\/et_pb_row][et_pb_row column_structure=&#8220;2_3,1_3&#8243; _builder_version=&#8220;4.19.4&#8243; _module_preset=&#8220;default&#8220; global_colors_info=&#8220;{}&#8220;][et_pb_column type=&#8220;2_3&#8243; _builder_version=&#8220;4.17.6&#8243; _module_preset=&#8220;default&#8220; global_colors_info=&#8220;{}&#8220;][et_pb_text _builder_version=&#8220;4.27.0&#8243; _module_preset=&#8220;default&#8220; header_text_color=&#8220;#eb611b&#8220; custom_margin=&#8220;||18px|||&#8220; custom_padding=&#8220;15px||||false|false&#8220; global_colors_info=&#8220;{}&#8220;]<\/p>\n<h1>FAQ \u2013 H\u00e4ufig gestellte Fragen<\/h1>\n<p>[\/et_pb_text][et_pb_text _builder_version=&#8220;4.27.4&#8243; _module_preset=&#8220;default&#8220; custom_margin=&#8220;||40px||false|false&#8220; hover_enabled=&#8220;0&#8243; global_colors_info=&#8220;{}&#8220; sticky_enabled=&#8220;0&#8243;]<\/p>\n<p><strong>Hier finden Sie Antworten auf h\u00e4ufig gestellte <a href=\"#haeufigeallgemeinefragenzumbcl\">Fragen zu Mindfulness-Based Compassionate Living (MBCL) im Allgemeinen<\/a>, zur <a href=\"#haeufigefragenzurmbclweiterbildung\">MBCL-Weiterbildung<\/a> und <a href=\"#haeufigefragenzurmbclsupervisionundzertifizierung\">Fragen zur MBCL-Supervision und Zertifizierung<\/a>.<\/strong><\/p>\n<p>[\/et_pb_text][et_pb_text _builder_version=&#8220;4.27.4&#8243; _module_preset=&#8220;default&#8220; custom_margin=&#8220;||20px||false|false&#8220; hover_enabled=&#8220;0&#8243; global_colors_info=&#8220;{}&#8220; module_id=&#8220;haeufigeallgemeinefragenzumbcl&#8220; sticky_enabled=&#8220;0&#8243;]<\/p>\n<h2>H\u00e4ufige allgemeine Fragen zu MBCL<\/h2>\n<p>[\/et_pb_text][et_pb_accordion toggle_icon=&#8220;&#x50;||divi||400&#8243; _builder_version=&#8220;4.27.4&#8243; _module_preset=&#8220;default&#8220; custom_margin=&#8220;||50px|||&#8220; hover_enabled=&#8220;0&#8243; global_colors_info=&#8220;{}&#8220; sticky_enabled=&#8220;0&#8243;][et_pb_accordion_item title=&#8220;Konzentriert sich MBCL besonders auf die Entwicklung von Selbstmitgef\u00fchl oder zielt es auch darauf ab, Mitgef\u00fchl f\u00fcr andere zu entwickeln?&#8220; _builder_version=&#8220;4.27.4&#8243; _module_preset=&#8220;default&#8220; hover_enabled=&#8220;0&#8243; global_colors_info=&#8220;{}&#8220; open=&#8220;off&#8220; sticky_enabled=&#8220;0&#8243;]<\/p>\n<p>Im MBCL ist die Entwicklung von Selbstmitgef\u00fchl zwar ein wichtiger Ausgangspunkt. Darauf aufbauend werden die Teilnehmenden jedoch auch in \u00dcbungen eingef\u00fchrt, die es ihnen erm\u00f6glichen, den Kreis des Mitgef\u00fchls auf andere Wesen und unseren Planeten Erde auszuweiten. Die angebotenen \u00dcbungen sind dabei immer nur Einladungen und die Teilnehmenden k\u00f6nnen selbst entscheiden, inwieweit sie den Kreis erweitern m\u00f6chten. Sie k\u00f6nnen jederzeit zu der Praxis des Selbstmitgef\u00fchls zur\u00fcckkehren.<\/p>\n<p>[\/et_pb_accordion_item][et_pb_accordion_item title=&#8220;Was ist der Unterschied zwischen MBCL und Mindful Self-Compassion (MSC)?&#8220; _builder_version=&#8220;4.27.4&#8243; _module_preset=&#8220;default&#8220; hover_enabled=&#8220;0&#8243; global_colors_info=&#8220;{}&#8220; open=&#8220;off&#8220; sticky_enabled=&#8220;0&#8243;]<\/p>\n<p>Sowohl Mindfulness-Based Compassionate Living (MBCL) als auch Mindful Self Compassion (MSC) werden zunehmend in verschiedenen Teilen der Welt angeboten.<\/p>\n<p>Dabei ist MBCL grunds\u00e4tzlich als Follow-Up-Training konzipiert, w\u00e4hrend MSC ein eigenst\u00e4ndiges Training ist.<\/p>\n<p>Wenn Sie mehr \u00fcber die Unterschiede und Gemeinsamkeiten von MBCL und MSC erfahren m\u00f6chten, <a href=\"https:\/\/www.compassionateliving.info\/mbcl-and-msc\/\" target=\"_blank\" rel=\"noopener\">klicken Sie bitte hier<\/a>.<\/p>\n<p>[\/et_pb_accordion_item][et_pb_accordion_item title=&#8220; Kann ich an einem MBCL-Einf\u00fchrungskurs teilnehmen, ohne zuvor ein grundlegendes Achtsamkeitstraining wie MBSR oder MBCT absolviert zu haben?&#8220; _builder_version=&#8220;4.27.4&#8243; _module_preset=&#8220;default&#8220; hover_enabled=&#8220;0&#8243; global_colors_info=&#8220;{}&#8220; open=&#8220;off&#8220; sticky_enabled=&#8220;0&#8243;]<\/p>\n<p>MBCL wurde als weiterf\u00fchrendes Trainingsprogramm f\u00fcr diejenigen entwickelt, die die heilsame Wirkung der Achtsamkeit mit expliziten Mitgef\u00fchlspraktiken vertiefen wollen.<\/p>\n<p>MBCL baut auf dem auf, was Sie bereits in MBSR, MBCT oder einem anderen achtsamkeitsbasierten Programm (MBP) gelernt haben. Ausreichende Kenntnisse in der grundlegenden Achtsamkeitspraxis (vorzugsweise durch ein anerkanntes Achtsamkeitsprogramm) sind also Voraussetzung f\u00fcr die Teilnahme an einem MBCL-Kurs. Wenden Sie sich im Zweifelsfall an eine MBCL-Lehrperson (oder eine Fachkraft, die mit MBCL arbeitet) Ihrer Wahl.<\/p>\n<p>[\/et_pb_accordion_item][\/et_pb_accordion][et_pb_text _builder_version=&#8220;4.27.4&#8243; _module_preset=&#8220;default&#8220; custom_margin=&#8220;||20px||false|false&#8220; hover_enabled=&#8220;0&#8243; global_colors_info=&#8220;{}&#8220; module_id=&#8220;haeufigefragenzurmbclweiterbildung&#8220; sticky_enabled=&#8220;0&#8243;]<\/p>\n<h2>H\u00e4ufige Fragen zur MBCL-Weiterbildung<\/h2>\n<p>[\/et_pb_text][et_pb_accordion toggle_icon=&#8220;&#x50;||divi||400&#8243; _builder_version=&#8220;4.27.4&#8243; _module_preset=&#8220;default&#8220; custom_margin=&#8220;||50px|||&#8220; hover_enabled=&#8220;0&#8243; global_colors_info=&#8220;{}&#8220; sticky_enabled=&#8220;0&#8243;][et_pb_accordion_item title=&#8220; Was sind die wichtigsten Inhalte der MBCL-Weiterbildung?&#8220; open=&#8220;on&#8220; _builder_version=&#8220;4.27.4&#8243; _module_preset=&#8220;default&#8220; hover_enabled=&#8220;0&#8243; global_colors_info=&#8220;{}&#8220; sticky_enabled=&#8220;0&#8243;]<\/p>\n<p>Die MBCL-Weiterbildung konzentriert sich auf die folgenden Inhalte:<\/p>\n<ul>\n<li>Vertiefung der eigenen Achtsamkeits- und Mitgef\u00fchlspraxis.<\/li>\n<li>Vertiefung des Verst\u00e4ndnisses f\u00fcr die Wirkungen und Herausforderungen des Mitgef\u00fchls.<\/li>\n<li>Vermittlung der MBCL-Schl\u00fcsselthemen, Anleitung von MBCL-\u00dcbung und Leiten der achtsamen Erforschung der eigenen Erfahrungen (Inquiry).<\/li>\n<li>Struktur und Grundprinzip der einzelnen Kurseinheiten.<\/li>\n<li>Verstehen des relevanten theoretischen und wissenschaftlichen Hintergrunds.<\/li>\n<\/ul>\n<p>[\/et_pb_accordion_item][et_pb_accordion_item title=&#8220;Welche Voraussetzungen muss ich f\u00fcr die MBCL-Weiterbildung erf\u00fcllen?&#8220; open=&#8220;on&#8220; _builder_version=&#8220;4.27.4&#8243; _module_preset=&#8220;default&#8220; hover_enabled=&#8220;0&#8243; global_colors_info=&#8220;{}&#8220; sticky_enabled=&#8220;0&#8243;]<\/p>\n<p>Um an der Weiterbildung teilnehmen zu k\u00f6nnen, m\u00fcssen Sie folgende Voraussetzungen erf\u00fcllen:<\/p>\n<ul>\n<li><strong>Teilnahme an einem MBCL-Einf\u00fchrungskurs:<\/strong> Sie k\u00f6nnen zwischen einem achtw\u00f6chigen MBCL-Kurs, einem drei- oder viert\u00e4gigen MBCL-Kompaktkurs oder einem MBCL-Retreat (online oder vor Ort) w\u00e4hlen.<\/li>\n<li><strong>Teilnahme an einem grundlegenden Achtsamkeitskurs:<\/strong> Sie m\u00fcssen einen MBSR- oder MBCT-Kurs (oder ein gleichwertiges, anerkanntes achtsamkeitsbasiertes Programm) abgeschlossen haben und mindestens ein Jahr lang regelm\u00e4\u00dfig Achtsamkeit praktiziert haben.<\/li>\n<li><strong>Erfahrung in der Anleitung achtsamkeitsbasierter \u00dcbungen:<\/strong> F\u00fcr die MBCL-Weiterbildung m\u00fcssen Sie Erfahrung in der Anleitung von achtsamkeitsbasierten \u00dcbungen haben. Diese k\u00f6nnen Sie durch den Abschluss einer Lehrerausbildung in MBSR, MBCT oder einem gleichwertigen achtsamkeitsbasierten Programm oder durch die Arbeit mit ACT oder DBT erwerben.<\/li>\n<\/ul>\n<p>[\/et_pb_accordion_item][et_pb_accordion_item title=&#8220; Welche Materialien erhalte ich im Rahmen der MBCL-Weiterbildung?&#8220; open=&#8220;on&#8220; _builder_version=&#8220;4.27.4&#8243; _module_preset=&#8220;default&#8220; hover_enabled=&#8220;0&#8243; global_colors_info=&#8220;{}&#8220; sticky_enabled=&#8220;0&#8243;]<\/p>\n<p>Wenn Sie an der MBCL-Weiterbildung teilnehmen, erhalten Sie die folgenden Materialien:<\/p>\n<p>1) <strong>Umfassenden Weiterbildungsunterlagen<\/strong>\u00a0mit den folgenden Themen:<\/p>\n<ul>\n<li>Wichtige Themen und Inhalte f\u00fcr den ersten Kontakt (Vorgespr\u00e4ch oder Info-Vortrag) mit Menschen, die sich f\u00fcr die Teilnahme am MBCL-Kurs interessieren.<\/li>\n<li>Indikationen und Kontraindikationen f\u00fcr die Teilnahme an einem MBCL-Kurs.<\/li>\n<li>Einen kurzen \u00dcberblick \u00fcber die Inhalte der einzelnen MBCL-Sitzungen.<\/li>\n<li>M\u00f6glichkeiten, wie Sie Ihre Teilnehmenden nach dem Kurs weiter unterst\u00fctzen k\u00f6nnen.<\/li>\n<li>Materialien f\u00fcr die Kleingruppenarbeit im Rahmen der MBCL-Weiterbildung, z. B.<\/li>\n<li>Anleitungen f\u00fcr achtsames Feedback und Richtlinien f\u00fcr die interpersonelle Achtsamkeitspraxis.<\/li>\n<li>Ein \u00dcberblick \u00fcber die wichtigsten didaktischen Themen des MBCL-Kurses.<\/li>\n<li>Einen \u00dcberblick \u00fcber alle MBCL-Kurs\u00fcbungen, die ihnen zugrunde liegenden Absichten und Strukturen sowie Beispieltranskripte.<\/li>\n<\/ul>\n<p>2) Eine <strong>umfassende PowerPoint-Pr\u00e4sentation<\/strong> mit allen theoretischen Inhalten zum Ausdrucken und als PDF.<\/p>\n<p>[\/et_pb_accordion_item][et_pb_accordion_item title=&#8220;Kann ich das, was ich in der MBCL-Weiterbildung gelernt habe, in meinen Arbeitsalltag integrieren?&#8220; open=&#8220;on&#8220; _builder_version=&#8220;4.27.4&#8243; _module_preset=&#8220;default&#8220; hover_enabled=&#8220;0&#8243; global_colors_info=&#8220;{}&#8220; sticky_enabled=&#8220;0&#8243;]<\/p>\n<p>Ja, bitte. Die MBCL-Weiterbildung unterst\u00fctzt Sie bei der Anwendung von mitgef\u00fchlsbasierten Interventionen in der Einzel- oder Gruppenarbeit, egal, ob Sie Kursleiter:in sind oder in einem anderen Umfeld arbeiten, wie z.B. im Gesundheitswesen, in der Therapie, in der Beratung, im Coaching oder im Unterricht.<\/p>\n<p>[\/et_pb_accordion_item][et_pb_accordion_item title=&#8220;Kann ich eine MBCL-Weiterbildung nur f\u00fcr mich selbst machen und nicht mit dem Wunsch, MBCL-Gruppenkurse zu unterrichten?&#8220; open=&#8220;on&#8220; _builder_version=&#8220;4.27.4&#8243; _module_preset=&#8220;default&#8220; hover_enabled=&#8220;0&#8243; global_colors_info=&#8220;{}&#8220; sticky_enabled=&#8220;0&#8243;]<\/p>\n<p>Ja, das ist v\u00f6llig in Ordnung.<\/p>\n<p>Nachdem Sie einen MBCL-Einf\u00fchrungskurs absolviert haben, k\u00f6nnen Sie gerne an der MBCL-Weiterbildung teilnehmen, um Ihre pers\u00f6nliche Achtsamkeits- und Mitgef\u00fchlspraxis weiter zu vertiefen.<\/p>\n<p>[\/et_pb_accordion_item][et_pb_accordion_item title=&#8220; Ich bin im Ruhestand. W\u00e4re es f\u00fcr mich immer noch wertvoll, an einer MBCL-Weiterbildung teilzunehmen?&#8220; open=&#8220;on&#8220; _builder_version=&#8220;4.27.4&#8243; _module_preset=&#8220;default&#8220; hover_enabled=&#8220;0&#8243; global_colors_info=&#8220;{}&#8220; sticky_enabled=&#8220;0&#8243;]<\/p>\n<p>Ja, pers\u00f6nliche Entwicklung h\u00f6rt nie auf, auch nicht nach der Pensionierung. Die MBCL-Weiterbildung kann auch in nicht-professionellen Bereichen wertvoll sein, beispielsweise in der ehrenamtlichen Arbeit oder im privaten Umfeld mit Familie und Freunden.<\/p>\n<p>[\/et_pb_accordion_item][et_pb_accordion_item title=&#8220;  Ich arbeite zwar beruflich mit anderen Menschen, aber nicht als zertifizierter MBSR-\/MBCT-Lehrer\/-in. Ist die Teilnahme an einer MBCL-Weiterbildung trotzdem von Nutzen f\u00fcr mich?&#8220; open=&#8220;on&#8220; _builder_version=&#8220;4.27.4&#8243; _module_preset=&#8220;default&#8220; hover_enabled=&#8220;0&#8243; global_colors_info=&#8220;{}&#8220; sticky_enabled=&#8220;0&#8243;]<\/p>\n<p>Wenn Sie im Gesundheitswesen, als Therapeut:in, Coach:in oder in einem anderen Beruf t\u00e4tig sind und keine zertifizierte Achtsamkeitslehrperson sind, k\u00f6nnen Sie von der Teilnahme an der MBCL-Weiterbildung profitieren.<\/p>\n<p>Sie erm\u00f6glicht es Ihnen, Ihre F\u00e4higkeiten in achtsamkeitsbasierten und mitgef\u00fchlsorientierten Interventionen zu vertiefen und Ihre therapeutischen Kompetenzen in der Einzel- oder Gruppenarbeit zu verbessern \u2013 innerhalb des ethischen Kodex Ihres Berufs.<\/p>\n<p>Nach Abschluss der Weiterbildung k\u00f6nnen Sie diese F\u00e4higkeiten in Ihr berufliches Arbeitsumfeld integrieren, sei es in der Einzel- oder Gruppenarbeit.<\/p>\n<p>Wenn Sie m\u00f6chten, k\u00f6nnen wir Sie auf <a href=\"https:\/\/www.mbcl-international.net\/de\/mbcl-lehrer\/\">https:\/\/www.mbcl-international.net\/mbcl-teachers\/ <\/a>als \u201eProfessional working with MBCL\u201c registrieren.<\/p>\n<p>[\/et_pb_accordion_item][et_pb_accordion_item title=&#8220;Gibt es formale Richtlinien die ich beachten muss, wenn ich MBCL-Gruppenkurse unterrichte?&#8220; open=&#8220;on&#8220; _builder_version=&#8220;4.27.4&#8243; _module_preset=&#8220;default&#8220; hover_enabled=&#8220;0&#8243; global_colors_info=&#8220;{}&#8220; sticky_enabled=&#8220;0&#8243;]<\/p>\n<p>Solange es keine international formulierten formalen Richtlinien gibt, k\u00f6nnen die Good Practice Guidelines for Teaching Mindfulness-Based Courses, wie sie von der BAMBA (British Association for Mindfulness-Based Approaches) aufgestellt wurden, als Orientierung dienen.<\/p>\n<p><a href=\"https:\/\/bamba.org.uk\/teachers\/good-practice-guidelines\/\" target=\"_blank\" rel=\"noopener\">Hier<\/a> finden Sie die BAMBA-Good-Practice-Leitlinien.<\/p>\n<p>[\/et_pb_accordion_item][\/et_pb_accordion][et_pb_text _builder_version=&#8220;4.27.4&#8243; _module_preset=&#8220;default&#8220; custom_margin=&#8220;||20px||false|false&#8220; hover_enabled=&#8220;0&#8243; global_colors_info=&#8220;{}&#8220; module_id=&#8220;haeufigefragenzurmbclsupervisionundzertifizierung&#8220; sticky_enabled=&#8220;0&#8243;]<\/p>\n<h2>H\u00e4ufige Fragen zur MBCL-Supervision und Zertifizierung<\/h2>\n<p>[\/et_pb_text][et_pb_accordion toggle_icon=&#8220;&#x50;||divi||400&#8243; _builder_version=&#8220;4.27.4&#8243; _module_preset=&#8220;default&#8220; hover_enabled=&#8220;0&#8243; global_colors_info=&#8220;{}&#8220; sticky_enabled=&#8220;0&#8243;][et_pb_accordion_item title=&#8220;Wie werde ich zertifizierte*r MBCL-Lehrer*in?&#8220; open=&#8220;on&#8220; _builder_version=&#8220;4.27.4&#8243; _module_preset=&#8220;default&#8220; hover_enabled=&#8220;0&#8243; global_colors_info=&#8220;{}&#8220; sticky_enabled=&#8220;0&#8243;]<\/p>\n<p>Um zertifizierte MBCL-Lehrerperson zu werden und in das internationale Register f\u00fcr zertifizierte MBCL-Lehrende auf dieser Website aufgenommen zu werden, m\u00fcssen Sie zun\u00e4chst die MBCL-Weiterbildung erfolgreich abschlie\u00dfen.\u00a0<\/p>\n<p>Danach haben Sie drei Jahre Zeit, um Ihren MBCL-Zertifizierungskurs an eine Gruppe von mindestens vier Teilnehmenden zu geben, mit mindestens drei Stunden begleitender Supervision durch einen zertifizierten MBCL-Supervisor oder -Supervisorin.<\/p>\n<p>Ziel dieser Supervision ist es, Sie beim Unterrichten von MBCL zu unterst\u00fctzen, so dass Sie den Kurs anschlie\u00dfend selbst\u00e4ndig anbieten k\u00f6nnen.<\/p>\n<p>[\/et_pb_accordion_item][et_pb_accordion_item title=&#8220;Gibt es formale Richtlinien an denen sich die MBCL-Supervisor*innen orientieren, wenn sie Supervision anbieten?&#8220; _builder_version=&#8220;4.27.4&#8243; _module_preset=&#8220;default&#8220; hover_enabled=&#8220;0&#8243; global_colors_info=&#8220;{}&#8220; open=&#8220;off&#8220; sticky_enabled=&#8220;0&#8243;]<\/p>\n<p>Solange es auf internationaler Ebene noch keine formellen Richtlinien gibt, dienen die \u00b4Good Practice Guidelines for Supervisors of Mindfulness-Based Teachers\u00b4, die von der BAMBA (British Association of Mindfulness-Based Approaches) formuliert wurden, als Richtlinien f\u00fcr MBCL-Supervisor*innen.<\/p>\n<p><a href=\"https:\/\/bamba.org.uk\/teachers\/good-practice-guidelines\/\" target=\"_blank\" rel=\"noopener\">Klicken Sie hier<\/a> f\u00fcr mehr Informationen \u00fcber die BAMBA-Good Practice Guidelines.<\/p>\n<p>[\/et_pb_accordion_item][et_pb_accordion_item title=&#8220;Wie sollte ich mich als Supervisee auf die Supervisionssitzungen vorbereiten?&#8220; _builder_version=&#8220;4.27.4&#8243; _module_preset=&#8220;default&#8220; hover_enabled=&#8220;0&#8243; global_colors_info=&#8220;{}&#8220; open=&#8220;off&#8220; sticky_enabled=&#8220;0&#8243;]<\/p>\n<p>Der Supervisor\/die Supervisorin kann Sie bitten, ihm\/ihr sp\u00e4testens zwei bis drei Tage vor einer geplanten Supervisionssitzung eine E-Mail mit spezifischen Fragen und\/oder Themen f\u00fcr die Reflexion zu schicken. Ab der zweiten Sitzung k\u00f6nnen Sie au\u00dferdem gebeten werden, einen kurzen Reflexionsbericht \u00fcber das vorangegangene Supervisionsgespr\u00e4ch und die Umsetzung der gewonnenen Erkenntnisse w\u00e4hrend des Kurses zu schicken.<\/p>\n<p>[\/et_pb_accordion_item][et_pb_accordion_item title=&#8220;\u00dcber welche Themen kann in der MBCL-Supervision reflektieren?&#8220; _builder_version=&#8220;4.27.4&#8243; _module_preset=&#8220;default&#8220; hover_enabled=&#8220;0&#8243; global_colors_info=&#8220;{}&#8220; open=&#8220;off&#8220; sticky_enabled=&#8220;0&#8243;]<\/p>\n<p>Je nach Ihrem Lernbedarf k\u00f6nnen Sie selbst Themen in die Supervision einbringen.<\/p>\n<p>Die sechs Kompetenzbereiche, wie sie im MBI-TAC von Crane et al. (2012) beschrieben sind, spiegeln die Entwicklungsbereiche wider, sind vollst\u00e4ndig auf MBCL anwendbar und stellen eine wertvolle Ressource dar.<\/p>\n<ul>\n<li>Planung und Organisation des MBCL-Programms in einem f\u00fcr die Zielgruppe angemessenen Tempo.<\/li>\n<li>Beziehungsf\u00e4higkeiten.<\/li>\n<li>Verk\u00f6rperung von Achtsamkeit und Mitgef\u00fchl (Embodiment).<\/li>\n<li>Anleitung von MBCL-\u00dcbungen.<\/li>\n<li>Vermittlung von MBCL-Themen durch interaktive Inquiry (achtsamer Dialog) und didaktisches Unterrichten.<\/li>\n<li>F\u00f6rderung einer sicheren Lernatmosph\u00e4re und eines konstruktiven Lernumfelds (Holding).<\/li>\n<\/ul>\n<p>Die vollst\u00e4ndige Version des MBI-TAC und die letzten Updates finden Sie <a href=\"https:\/\/mbitac.bangor.ac.uk\/mbitac-tool.php.en\" target=\"_blank\" rel=\"noopener\">hier.<\/a><\/p>\n<p>[\/et_pb_accordion_item][et_pb_accordion_item title=&#8220;Gibt es am Ende des MBCL-Supervisionsprozesses eine formale Bewertung?&#8220; _builder_version=&#8220;4.27.4&#8243; _module_preset=&#8220;default&#8220; hover_enabled=&#8220;0&#8243; global_colors_info=&#8220;{}&#8220; open=&#8220;off&#8220; sticky_enabled=&#8220;0&#8243;]<\/p>\n<p>Nein, da Sie bereits eine Zertifizierung als Achtsamkeitslehr*in erhalten haben, findet am Ende des MBCL-Supervisionsprozesses keine formale Bewertung statt.<\/p>\n<p>Zertifizierte Achtsamkeitslehrende werden als f\u00e4hig angesehen, selbst zu entscheiden, wann sie zus\u00e4tzliche achtsamkeitsbasierte Interventionen in ihr Repertoire aufnehmen. Die Supervisor*innen k\u00f6nnen jedoch auf der Grundlage ihres Eindrucks von den Supervisees w\u00e4hrend des MBCL-Supervisionsprozesses Empfehlungen aussprechen.<\/p>\n<p>Wenn der Supervisor\/die Supervisorin Bedenken hinsichtlich der Kompetenz eines Supervisees hat, wird er\/sie dies rechtzeitig mit ihm\/ihr besprechen. Der Supervisor\/die Supervisorin kann dann zus\u00e4tzliche Weiterbildung, Praxis und\/oder Supervision empfehlen.<\/p>\n<p>In Absprache mit dem Supervisee kann der Supervisor\/die Supervisorin auch Frits Koster, Erik van den Brink oder andere erfahrene MBCL-Dozent:innen um Rat fragen.<\/p>\n<p>[\/et_pb_accordion_item][et_pb_accordion_item title=&#8220;Was kostet die Supervision?&#8220; _builder_version=&#8220;4.27.4&#8243; _module_preset=&#8220;default&#8220; hover_enabled=&#8220;0&#8243; global_colors_info=&#8220;{}&#8220; open=&#8220;off&#8220; sticky_enabled=&#8220;0&#8243;]<\/p>\n<p>Da es in den verschiedenen L\u00e4ndern erhebliche Unterschiede hinsichtlich dessen gibt, was \u00fcblich und angemessen ist, gibt es keinen festen Satz. Die Supervisor*innen werden sich an den von ihren nationalen Achtsamkeitsverb\u00e4nden empfohlenen S\u00e4tzen orientieren.<\/p>\n<p>Vertragliche Vereinbarungen und Rahmenbedingungen f\u00fcr die Rechnungsstellung m\u00fcssen individuell mit dem Supervisor*innen besprochen werden.<\/p>\n<p>[\/et_pb_accordion_item][et_pb_accordion_item title=&#8220; Wie kann ich in das internationale Register f\u00fcr zertifizierte MBCL-Lehrende aufgenommen werden?&#8220; _builder_version=&#8220;4.27.4&#8243; _module_preset=&#8220;default&#8220; hover_enabled=&#8220;0&#8243; global_colors_info=&#8220;{}&#8220; open=&#8220;off&#8220; sticky_enabled=&#8220;0&#8243;]<\/p>\n<p>Nach erfolgreichem Abschluss des MBCL-Zertifizierungskurses und mindestens drei einst\u00fcndigen Supervisionssitzungen sendet <strong>Ihr Supervisor\/Ihre Supervisorin<\/strong> eine E-Mail an die zust\u00e4ndige Koordinatorin Jana Willms (info@mbcl-international.net). In dieser teilt er\/sie mit, dass Sie f\u00fcr die Aufnahme in das internationale Register f\u00fcr zertifizierte MBCL-Lehrende infrage kommen. Sie erhalten eine Kopie dieser E-Mail.<\/p>\n<p>Anschlie\u00dfend senden <strong>Sie<\/strong> eine E-Mail an Jana Willms (info@mbcl-international.net), in der Sie um die Aufnahme in das Register bitten und eine Kontaktm\u00f6glichkeit (Website, E-Mail-Adresse oder PDF-Datei) angeben, die ver\u00f6ffentlicht werden soll. F\u00fcgen Sie auch eine Kopie eines Dokuments oder einen Link zu einem anerkannten Achtsamkeitsinstitut bei, aus dem hervorgeht, dass Sie zertifiziert sind, MBSR, MBCT oder ein anderes anerkanntes achtsamkeitsbasiertes Programm zu unterrichten. F\u00fcgen Sie au\u00dferdem eine Kopie Ihrer Teilnahmebescheinigung an der MBCL-Weiterbildung bei.<\/p>\n<p>[\/et_pb_accordion_item][\/et_pb_accordion][et_pb_accordion toggle_icon=&#8220;&#x50;||divi||400&#8243; _builder_version=&#8220;4.25.0&#8243; _module_preset=&#8220;default&#8220; hover_enabled=&#8220;0&#8243; global_colors_info=&#8220;{}&#8220; sticky_enabled=&#8220;0&#8243;][et_pb_accordion_item title=&#8220;Wie werde ich ein zertifizierter MBCL-Lehrer, bzw. eine zertifizierte MBCL-Lehrerin?&#8220; open=&#8220;on&#8220; _builder_version=&#8220;4.25.0&#8243; _module_preset=&#8220;default&#8220; global_colors_info=&#8220;{}&#8220;]<\/p>\n<p>Um zertifizierte*r MBCL-Lehrer*in zu werden und in das internationale Register f\u00fcr zertifizierte MBCL-Lehrende auf dieser Website aufgenommen zu werden, m\u00fcssen Sie zun\u00e4chst erfolgreich an einer MBCL-Weiterbildung teilgenommen haben. Daran anschlie\u00dfend unterrichten Sie einen MBCL-Zertifizierungskurs mit einer Gruppe von mindestens vier Teilnehmenden und einem Minimum von drei Stunden begleitender Supervision. Ziel der Supervision ist es, die Supervisand*innen so beim Unterrichten von MBCL zu unterst\u00fctzen, dass sie den Kurs im Anschluss eigenverantwortlich anbieten k\u00f6nnen.<\/p>\n<p>[\/et_pb_accordion_item][et_pb_accordion_item title=&#8220;Gibt es formale Leitlinien an denen sich die MBCL-Supervisor*innen orientieren, wenn sie Supervision anbieten?&#8220; _builder_version=&#8220;4.25.0&#8243; _module_preset=&#8220;default&#8220; global_colors_info=&#8220;{}&#8220; open=&#8220;off&#8220;]<\/p>\n<p>Solange es auf internationaler Ebene noch keine formellen Richtlinien gibt, dienen die \u00b4Good Practice Guidelines for Supervisors of Mindfulness-Based Teachers\u00b4, die von der BAMBA (British Association of Mindfulness-Based Approaches) formuliert wurden, als Richtlinien f\u00fcr MBCL-Supervisor*innen.<\/p>\n<p><a href=\"https:\/\/bamba.org.uk\/teachers\/good-practice-guidelines\/\" target=\"_blank\" rel=\"noopener\">Klicken Sie hier<\/a> f\u00fcr mehr Informationen \u00fcber die BAMBA-Good Practice Guidelines.<\/p>\n<p>[\/et_pb_accordion_item][et_pb_accordion_item title=&#8220;Wie m\u00fcssen sich die Supervisand*innen auf die Supervisionssitzungen vorbereiten?&#8220; _builder_version=&#8220;4.25.0&#8243; _module_preset=&#8220;default&#8220; global_colors_info=&#8220;{}&#8220; open=&#8220;off&#8220;]<\/p>\n<p>Der Supervisor oder die Supervisorin kann den\/die Supervisand*in bitten, sp\u00e4testens 2-3 Tage vor einer geplanten Supervisionssitzung spezifische Fragen und\/oder Themen f\u00fcr die Reflexion per E-Mail zu senden. Bei der zweiten und dritten Sitzung k\u00f6nnen die Supervisand*innen auch gebeten werden, eine kurze schriftliche Reflexion zu den Erkenntnissen aus dem vorangegangenen Sitzungen und ihrer Anwendung in den Kurssitzungen zu verfassen.<\/p>\n<p>[\/et_pb_accordion_item][et_pb_accordion_item title=&#8220;\u00dcber welche Themen kann in der MBCL-Supervision reflektieren?&#8220; _builder_version=&#8220;4.25.0&#8243; _module_preset=&#8220;default&#8220; global_colors_info=&#8220;{}&#8220; open=&#8220;off&#8220;]<\/p>\n<p>Supervisees k\u00f6nnen selbst Themen in die Supervision einbringen und sich dabei an ihren Lernbed\u00fcrfnissen orientieren. Crane et al. (2012) haben im <strong>MBI-TAC insgesamt sechs Kompetenzbereiche<\/strong> beschrieben. Diese sind vollst\u00e4ndig auf das MBCL-Programm \u00fcbertragbar und k\u00f6nnen in der Supervision eine wertvolle Ressource sein.<\/p>\n<ul>\n<li>Planung und Organisation des MBCL-Programms in einem f\u00fcr die Zielgruppe angemessenen Tempo.<\/li>\n<li>Beziehungsf\u00e4higkeiten.<\/li>\n<li>Verk\u00f6rperung von Achtsamkeit und Mitgef\u00fchl (Embodiment).<\/li>\n<li>Anleitung von MBCL-\u00dcbungen.<\/li>\n<li>Vermittlung von MBCL-Themen durch interaktive Inquiry (achtsamer Dialog) und didaktisches Unterrichten.<\/li>\n<li>F\u00f6rderung einer sicheren Lernatmosph\u00e4re und eines konstruktiven Lernumfelds (Holding).<\/li>\n<\/ul>\n<p>Die vollst\u00e4ndige Version des MBI-TAC und die letzten Updates finden Sie <a href=\"https:\/\/mbitac.bangor.ac.uk\/mbitac-tool.php.en\" target=\"_blank\" rel=\"noopener\">hier.<\/a><\/p>\n<p>[\/et_pb_accordion_item][et_pb_accordion_item title=&#8220;Gibt es am Ende des MBCL-Supervisionsprozesses eine formale Beurteilung?&#8220; _builder_version=&#8220;4.25.0&#8243; _module_preset=&#8220;default&#8220; global_colors_info=&#8220;{}&#8220; open=&#8220;off&#8220;]<\/p>\n<p>Da die Supervisand*innen bereits einen Zertifizierungsprozess f\u00fcr achtsamkeitsbasiertes Unterrichten durchlaufen haben, findet am Ende des MBCL-Supervisionsprozesses keine formale Bewertung statt.<\/p>\n<p>Zertifizierte Achtsamkeitslehrende werden als kompetent betrachtet, selbst zu beurteilen, wann sie neue achtsamkeitsbasierte Interventionen in ihr Repertoire aufnehmen k\u00f6nnen. Aufgrund des Eindrucks, den die Supervisoren im Rahmen der MBCL-Supervision von einem Supervisanden, bzw. einer Supervisandin gewonnen haben, k\u00f6nnen sie jedoch Empfehlungen aussprechen.<\/p>\n<p>Bei Zweifeln an der Kompetenz eines Supervisees wird der Supervisor\/die Supervisorin diese rechtzeitig mit ihm\/ ihr besprechen. Der Supervisor\/die Supervisorin kann dann zus\u00e4tzliche Weiterbildung, \u00dcbungspraxis und\/oder Supervision empfehlen. In Absprache mit dem Supervisee kann der\/die Supervisor*in auch Frits Koster oder Erik van den Brink oder andere erfahrene MBCL-Dozent*innen um Rat fragen.<\/p>\n<p>[\/et_pb_accordion_item][et_pb_accordion_item title=&#8220;Was wird die Supervisorin\/der Supervisor mir in Rechnung stellen?&#8220; _builder_version=&#8220;4.20.4&#8243; _module_preset=&#8220;default&#8220; global_colors_info=&#8220;{}&#8220; open=&#8220;off&#8220;]<\/p>\n<p>Es ist kein festes Honorar vorgeschrieben, da es in den verschiedenen L\u00e4ndern erhebliche Unterschiede hinsichtlich dessen gibt, was als \u00fcblich und angemessen betrachtet wird. Die Supervisor*innen orientieren sich an den von ihren nationalen Achtsamkeitslehrerverb\u00e4nden empfohlenen Honorars\u00e4tzen. Vertragliche Vereinbarungen und Rahmenbedingungen f\u00fcr die Rechnungsstellung m\u00fcssen individuell mit dem Supervisor*innen besprochen werden.<\/p>\n<p>[\/et_pb_accordion_item][et_pb_accordion_item title=&#8220;Wie kann ich in das internationale Register f\u00fcr zertifizierte MBCL-Lehrende aufgenommen werden?&#8220; _builder_version=&#8220;4.24.2&#8243; _module_preset=&#8220;default&#8220; global_colors_info=&#8220;{}&#8220; open=&#8220;off&#8220;]<\/p>\n<p>Nach erfolgreichem Abschluss des MBCL-Zertifizierungskurses, und mindestens drei einst\u00fcndigen begleitenden Supervisionssitzungen, wird der <strong>Supervisor\/die Supervisorin<\/strong> eine E-Mail an die zust\u00e4ndige Koordinatorin Jana Willms (info@achtsamkeit-willms.de) und in CC an den Supervisanden\/die Supervisandin schicken. In dieser spricht er oder sie die Empfehlung aus, den\/die Supervisand*in in das Internationale Register f\u00fcr zertifizierte MBCL-Lehrende aufzunehmen.<\/p>\n<p>Der\/Die <strong>Supervisand*in<\/strong> sendet dann eine entsprechende E-Mail an die zust\u00e4ndige Koordinatorin Jana Willms (info@achtsamkeit-willms.de), in der er\/sie um die Aufnahme in das internationale Register bittet und eine Kontaktm\u00f6glichkeit (Website, E-Mail oder pdf-Datei) angibt, um im Register ver\u00f6ffentlicht zu werden. Der E-Mail muss die Kopie eines Dokuments oder der Link zu einem anerkannten Achtsamkeitsinstitut beigef\u00fcgt sein aus dem hervorgeht, dass der\/die Supervisand*in zertifiziert ist, MBSR, MBCT oder ein anderes anerkanntes achtsamkeitsbasiertes Programm zu unterrichten. Zus\u00e4tzlich muss eine Kopie der Teilnahmebescheinigung an der MBCL-Weiterbildung beigef\u00fcgt werden.<\/p>\n<p>[\/et_pb_accordion_item][\/et_pb_accordion][\/et_pb_column][et_pb_column type=&#8220;1_3&#8243; _builder_version=&#8220;4.17.6&#8243; _module_preset=&#8220;default&#8220; background_color=&#8220;rgba(0,0,0,0.04)&#8220; custom_padding=&#8220;15px|20px||20px|false|false&#8220; border_radii=&#8220;on|3px|3px|3px|3px&#8220; border_width_all=&#8220;1px&#8220; border_color_all=&#8220;rgba(0,0,0,0.1)&#8220; box_shadow_style=&#8220;preset1&#8243; box_shadow_vertical=&#8220;0px&#8220; box_shadow_blur=&#8220;10px&#8220; box_shadow_color=&#8220;rgba(0,0,0,0.2)&#8220; global_colors_info=&#8220;{}&#8220;][et_pb_text _builder_version=&#8220;4.19.4&#8243; _module_preset=&#8220;default&#8220; text_text_color=&#8220;#555555&#8243; header_2_text_color=&#8220;#666666&#8243; custom_margin=&#8220;||||false|false&#8220; custom_padding=&#8220;||5px||false|false&#8220; border_width_bottom=&#8220;1px&#8220; border_color_bottom=&#8220;#999999&#8243; global_colors_info=&#8220;{}&#8220;]<\/p>\n<h2 style=\"text-align: center;\">MBCL Blog<\/h2>\n<p>[\/et_pb_text][et_pb_blog posts_number=&#8220;3&#8243; include_categories=&#8220;107&#8243; show_more=&#8220;on&#8220; show_categories=&#8220;off&#8220; _builder_version=&#8220;4.19.4&#8243; _module_preset=&#8220;default&#8220; body_text_color=&#8220;#666666&#8243; read_more_font=&#8220;||||||||&#8220; read_more_text_color=&#8220;#eb611b&#8220; read_more_line_height=&#8220;2em&#8220; custom_margin=&#8220;||||false|false&#8220; custom_padding=&#8220;||||false|false&#8220; global_colors_info=&#8220;{}&#8220;][\/et_pb_blog][\/et_pb_column][\/et_pb_row][\/et_pb_section]<\/p>\n","protected":false},"excerpt":{"rendered":"<p>FAQ \u2013 H\u00e4ufig gestellte FragenHier finden Sie Antworten auf h\u00e4ufig gestellte Fragen zu Mindfulness-Based Compassionate Living (MBCL) im Allgemeinen, zur MBCL-Weiterbildung und Fragen zur MBCL-Supervision und Zertifizierung.H\u00e4ufige allgemeine Fragen zu MBCLIm MBCL ist die Entwicklung von Selbstmitgef\u00fchl zwar ein wichtiger Ausgangspunkt. Darauf aufbauend werden die Teilnehmenden jedoch auch in \u00dcbungen eingef\u00fchrt, die es ihnen erm\u00f6glichen, [&hellip;]<\/p>\n","protected":false},"author":1,"featured_media":0,"parent":0,"menu_order":0,"comment_status":"closed","ping_status":"closed","template":"","meta":{"_et_pb_use_builder":"on","_et_pb_old_content":"","_et_gb_content_width":"","footnotes":""},"difl_page_category":[],"class_list":["post-2238","page","type-page","status-publish","hentry"],"yoast_head":"<!-- This site is optimized with the Yoast SEO plugin v27.3 - https:\/\/yoast.com\/product\/yoast-seo-wordpress\/ -->\n<title>FAQ - MBCL International<\/title>\n<meta name=\"description\" content=\"Hier finden Sie Antworten auf h\u00e4ufig gestellte Fragen zu MBCL im Allgemeinen und zur MBCL-Supervision und -Zertifizierung.\" \/>\n<meta name=\"robots\" content=\"index, follow, max-snippet:-1, max-image-preview:large, max-video-preview:-1\" \/>\n<link rel=\"canonical\" href=\"https:\/\/www.mbcl-international.net\/de\/faq\/\" \/>\n<meta property=\"og:locale\" content=\"de_DE\" \/>\n<meta property=\"og:type\" content=\"article\" \/>\n<meta property=\"og:title\" content=\"FAQ - MBCL International\" \/>\n<meta property=\"og:description\" content=\"Hier finden Sie Antworten auf h\u00e4ufig gestellte Fragen zu MBCL im Allgemeinen und zur MBCL-Supervision und -Zertifizierung.\" \/>\n<meta property=\"og:url\" content=\"https:\/\/www.mbcl-international.net\/de\/faq\/\" \/>\n<meta property=\"og:site_name\" content=\"MBCL International\" \/>\n<meta property=\"article:modified_time\" content=\"2025-07-04T12:30:56+00:00\" \/>\n<meta name=\"twitter:card\" content=\"summary_large_image\" \/>\n<meta name=\"twitter:label1\" content=\"Gesch\u00e4tzte Lesezeit\" \/>\n\t<meta name=\"twitter:data1\" content=\"7\u00a0Minuten\" \/>\n<script type=\"application\/ld+json\" class=\"yoast-schema-graph\">{\"@context\":\"https:\\\/\\\/schema.org\",\"@graph\":[{\"@type\":\"WebPage\",\"@id\":\"https:\\\/\\\/www.mbcl-international.net\\\/de\\\/faq\\\/\",\"url\":\"https:\\\/\\\/www.mbcl-international.net\\\/de\\\/faq\\\/\",\"name\":\"FAQ - MBCL International\",\"isPartOf\":{\"@id\":\"https:\\\/\\\/www.mbcl-international.net\\\/de\\\/#website\"},\"datePublished\":\"2024-05-05T14:00:19+00:00\",\"dateModified\":\"2025-07-04T12:30:56+00:00\",\"description\":\"Hier finden Sie Antworten auf h\u00e4ufig gestellte Fragen zu MBCL im Allgemeinen und zur MBCL-Supervision und -Zertifizierung.\",\"breadcrumb\":{\"@id\":\"https:\\\/\\\/www.mbcl-international.net\\\/de\\\/faq\\\/#breadcrumb\"},\"inLanguage\":\"de\",\"potentialAction\":[{\"@type\":\"ReadAction\",\"target\":[\"https:\\\/\\\/www.mbcl-international.net\\\/de\\\/faq\\\/\"]}]},{\"@type\":\"BreadcrumbList\",\"@id\":\"https:\\\/\\\/www.mbcl-international.net\\\/de\\\/faq\\\/#breadcrumb\",\"itemListElement\":[{\"@type\":\"ListItem\",\"position\":1,\"name\":\"Startseite\",\"item\":\"https:\\\/\\\/www.mbcl-international.net\\\/de\\\/\"},{\"@type\":\"ListItem\",\"position\":2,\"name\":\"FAQ\"}]},{\"@type\":\"WebSite\",\"@id\":\"https:\\\/\\\/www.mbcl-international.net\\\/de\\\/#website\",\"url\":\"https:\\\/\\\/www.mbcl-international.net\\\/de\\\/\",\"name\":\"MBCL International\",\"description\":\"Mindfulness-Based Compassionate Living\",\"publisher\":{\"@id\":\"https:\\\/\\\/www.mbcl-international.net\\\/de\\\/#organization\"},\"potentialAction\":[{\"@type\":\"SearchAction\",\"target\":{\"@type\":\"EntryPoint\",\"urlTemplate\":\"https:\\\/\\\/www.mbcl-international.net\\\/de\\\/?s={search_term_string}\"},\"query-input\":{\"@type\":\"PropertyValueSpecification\",\"valueRequired\":true,\"valueName\":\"search_term_string\"}}],\"inLanguage\":\"de\"},{\"@type\":\"Organization\",\"@id\":\"https:\\\/\\\/www.mbcl-international.net\\\/de\\\/#organization\",\"name\":\"MBCL\",\"url\":\"https:\\\/\\\/www.mbcl-international.net\\\/de\\\/\",\"logo\":{\"@type\":\"ImageObject\",\"inLanguage\":\"de\",\"@id\":\"https:\\\/\\\/www.mbcl-international.net\\\/de\\\/#\\\/schema\\\/logo\\\/image\\\/\",\"url\":\"https:\\\/\\\/www.mbcl-international.net\\\/wp-content\\\/uploads\\\/2022\\\/08\\\/MBCL-Logo.jpg\",\"contentUrl\":\"https:\\\/\\\/www.mbcl-international.net\\\/wp-content\\\/uploads\\\/2022\\\/08\\\/MBCL-Logo.jpg\",\"width\":600,\"height\":340,\"caption\":\"MBCL\"},\"image\":{\"@id\":\"https:\\\/\\\/www.mbcl-international.net\\\/de\\\/#\\\/schema\\\/logo\\\/image\\\/\"}}]}<\/script>\n<!-- \/ Yoast SEO plugin. -->","yoast_head_json":{"title":"FAQ - MBCL International","description":"Hier finden Sie Antworten auf h\u00e4ufig gestellte Fragen zu MBCL im Allgemeinen und zur MBCL-Supervision und -Zertifizierung.","robots":{"index":"index","follow":"follow","max-snippet":"max-snippet:-1","max-image-preview":"max-image-preview:large","max-video-preview":"max-video-preview:-1"},"canonical":"https:\/\/www.mbcl-international.net\/de\/faq\/","og_locale":"de_DE","og_type":"article","og_title":"FAQ - MBCL International","og_description":"Hier finden Sie Antworten auf h\u00e4ufig gestellte Fragen zu MBCL im Allgemeinen und zur MBCL-Supervision und -Zertifizierung.","og_url":"https:\/\/www.mbcl-international.net\/de\/faq\/","og_site_name":"MBCL International","article_modified_time":"2025-07-04T12:30:56+00:00","twitter_card":"summary_large_image","twitter_misc":{"Gesch\u00e4tzte Lesezeit":"7\u00a0Minuten"},"schema":{"@context":"https:\/\/schema.org","@graph":[{"@type":"WebPage","@id":"https:\/\/www.mbcl-international.net\/de\/faq\/","url":"https:\/\/www.mbcl-international.net\/de\/faq\/","name":"FAQ - MBCL International","isPartOf":{"@id":"https:\/\/www.mbcl-international.net\/de\/#website"},"datePublished":"2024-05-05T14:00:19+00:00","dateModified":"2025-07-04T12:30:56+00:00","description":"Hier finden Sie Antworten auf h\u00e4ufig gestellte Fragen zu MBCL im Allgemeinen und zur MBCL-Supervision und -Zertifizierung.","breadcrumb":{"@id":"https:\/\/www.mbcl-international.net\/de\/faq\/#breadcrumb"},"inLanguage":"de","potentialAction":[{"@type":"ReadAction","target":["https:\/\/www.mbcl-international.net\/de\/faq\/"]}]},{"@type":"BreadcrumbList","@id":"https:\/\/www.mbcl-international.net\/de\/faq\/#breadcrumb","itemListElement":[{"@type":"ListItem","position":1,"name":"Startseite","item":"https:\/\/www.mbcl-international.net\/de\/"},{"@type":"ListItem","position":2,"name":"FAQ"}]},{"@type":"WebSite","@id":"https:\/\/www.mbcl-international.net\/de\/#website","url":"https:\/\/www.mbcl-international.net\/de\/","name":"MBCL International","description":"Mindfulness-Based Compassionate Living","publisher":{"@id":"https:\/\/www.mbcl-international.net\/de\/#organization"},"potentialAction":[{"@type":"SearchAction","target":{"@type":"EntryPoint","urlTemplate":"https:\/\/www.mbcl-international.net\/de\/?s={search_term_string}"},"query-input":{"@type":"PropertyValueSpecification","valueRequired":true,"valueName":"search_term_string"}}],"inLanguage":"de"},{"@type":"Organization","@id":"https:\/\/www.mbcl-international.net\/de\/#organization","name":"MBCL","url":"https:\/\/www.mbcl-international.net\/de\/","logo":{"@type":"ImageObject","inLanguage":"de","@id":"https:\/\/www.mbcl-international.net\/de\/#\/schema\/logo\/image\/","url":"https:\/\/www.mbcl-international.net\/wp-content\/uploads\/2022\/08\/MBCL-Logo.jpg","contentUrl":"https:\/\/www.mbcl-international.net\/wp-content\/uploads\/2022\/08\/MBCL-Logo.jpg","width":600,"height":340,"caption":"MBCL"},"image":{"@id":"https:\/\/www.mbcl-international.net\/de\/#\/schema\/logo\/image\/"}}]}},"_links":{"self":[{"href":"https:\/\/www.mbcl-international.net\/de\/wp-json\/wp\/v2\/pages\/2238","targetHints":{"allow":["GET"]}}],"collection":[{"href":"https:\/\/www.mbcl-international.net\/de\/wp-json\/wp\/v2\/pages"}],"about":[{"href":"https:\/\/www.mbcl-international.net\/de\/wp-json\/wp\/v2\/types\/page"}],"author":[{"embeddable":true,"href":"https:\/\/www.mbcl-international.net\/de\/wp-json\/wp\/v2\/users\/1"}],"replies":[{"embeddable":true,"href":"https:\/\/www.mbcl-international.net\/de\/wp-json\/wp\/v2\/comments?post=2238"}],"version-history":[{"count":33,"href":"https:\/\/www.mbcl-international.net\/de\/wp-json\/wp\/v2\/pages\/2238\/revisions"}],"predecessor-version":[{"id":3249,"href":"https:\/\/www.mbcl-international.net\/de\/wp-json\/wp\/v2\/pages\/2238\/revisions\/3249"}],"wp:attachment":[{"href":"https:\/\/www.mbcl-international.net\/de\/wp-json\/wp\/v2\/media?parent=2238"}],"wp:term":[{"taxonomy":"difl_page_category","embeddable":true,"href":"https:\/\/www.mbcl-international.net\/de\/wp-json\/wp\/v2\/difl_page_category?post=2238"}],"curies":[{"name":"wp","href":"https:\/\/api.w.org\/{rel}","templated":true}]}}