{"id":2207,"date":"2022-10-28T18:30:54","date_gmt":"2022-10-28T18:30:54","guid":{"rendered":"https:\/\/www.mbcl-international.net\/mbcl-in-den-medien\/"},"modified":"2025-03-27T08:17:04","modified_gmt":"2025-03-27T08:17:04","slug":"mbcl-in-den-medien","status":"publish","type":"page","link":"https:\/\/www.mbcl-international.net\/de\/mbcl-in-den-medien\/","title":{"rendered":"MBCL in den Medien"},"content":{"rendered":"<p>[et_pb_section fb_built=&#8220;1&#8243; _builder_version=&#8220;4.17.6&#8243; _module_preset=&#8220;default&#8220; custom_padding=&#8220;0px||||false|false&#8220; global_colors_info=&#8220;{}&#8220;][et_pb_row _builder_version=&#8220;4.17.6&#8243; _module_preset=&#8220;default&#8220; width=&#8220;100%&#8220; max_width=&#8220;100%&#8220; custom_padding=&#8220;0px||||false|false&#8220; global_colors_info=&#8220;{}&#8220;][et_pb_column type=&#8220;4_4&#8243; _builder_version=&#8220;4.17.6&#8243; _module_preset=&#8220;default&#8220; global_colors_info=&#8220;{}&#8220;][et_pb_image src=&#8220;https:\/\/www.mbcl-international.net\/wp-content\/uploads\/2023\/04\/BooksResources2023.jpg&#8220; title_text=&#8220;Nahaufnahme eines Buches auf dem Tisch bei Sonnenuntergang&#8220; _builder_version=&#8220;4.21.0&#8243; _module_preset=&#8220;default&#8220; global_colors_info=&#8220;{}&#8220;][\/et_pb_image][\/et_pb_column][\/et_pb_row][et_pb_row column_structure=&#8220;2_3,1_3&#8243; _builder_version=&#8220;4.19.4&#8243; _module_preset=&#8220;default&#8220; global_colors_info=&#8220;{}&#8220;][et_pb_column type=&#8220;2_3&#8243; _builder_version=&#8220;4.17.6&#8243; _module_preset=&#8220;default&#8220; global_colors_info=&#8220;{}&#8220;][et_pb_text _builder_version=&#8220;4.27.0&#8243; _module_preset=&#8220;default&#8220; custom_margin=&#8220;||18px||false|false&#8220; global_colors_info=&#8220;{}&#8220;]<\/p>\n<h1>MBCL in den Medien<\/h1>\n<p>[\/et_pb_text][et_pb_text _builder_version=&#8220;4.27.0&#8243; _module_preset=&#8220;default&#8220; custom_margin=&#8220;||45px||false|false&#8220; global_colors_info=&#8220;{}&#8220;]<\/p>\n<p><strong>Entdecken Sie kostenlose Ressourcen wie Podcasts, Webinare, Vortr\u00e4ge und \u00dcbungs-Aufnahmen von MBCL-Ausbilder*innen.<\/strong><\/p>\n<p>[\/et_pb_text][et_pb_testimonial portrait_url=&#8220;https:\/\/www.mbcl-international.net\/wp-content\/uploads\/2025\/03\/logo_mbcl_poland.png&#8220; quote_icon_color=&#8220;RGBA(255,255,255,0)&#8220; quote_icon_background_color=&#8220;RGBA(255,255,255,0)&#8220; font_icon=&#8220;&#xe0e3;||divi||400&#8243; portrait_width=&#8220;90px&#8220; _builder_version=&#8220;4.27.4&#8243; _module_preset=&#8220;default&#8220; background_enable_color=&#8220;off&#8220; custom_margin=&#8220;||-1px||false|false&#8220; link_option_url=&#8220;https:\/\/www.youtube.com\/shorts\/wlOCVhv5upA&#8220; link_option_url_new_window=&#8220;on&#8220; hover_enabled=&#8220;0&#8243; border_color_all=&#8220;#666666&#8243; border_width_top=&#8220;1px&#8220; border_width_bottom=&#8220;1px&#8220; border_color_all_portrait=&#8220;#eb6164&#8243; global_colors_info=&#8220;{}&#8220; sticky_enabled=&#8220;0&#8243;]<\/p>\n<p><strong>Video: Impressions from the MBCL Teacher Training in Poland in 2025<\/strong><strong> <\/strong><\/p>\n<p>Enjoy these vivid impressions from the MBCL Teacher Training in Poland in 2025. Catch a glimpse of MBCL founders Erik van den Brink and Frits Koster guiding a group of MBSR Teachers and Professionals (therapists, counsellors or coaches) as they learn to embody compassion for themselves and others. Video presented by <em><a href=\"https:\/\/mbcl-polska.pl\/\" target=\"_blank\" rel=\"noopener\">Marta Markocka-Pepol<\/a> <\/em>in March 2025. English spoken.<\/p>\n<p><strong>Approx. 1 Minute<\/strong><\/p>\n<p>[\/et_pb_testimonial][et_pb_testimonial portrait_url=&#8220;https:\/\/www.mbcl-international.net\/wp-content\/uploads\/2025\/03\/logo-compassionate-inquiry-approach.png&#8220; quote_icon_color=&#8220;RGBA(255,255,255,0)&#8220; quote_icon_background_color=&#8220;RGBA(255,255,255,0)&#8220; font_icon=&#8220;&#xe0e3;||divi||400&#8243; portrait_width=&#8220;90px&#8220; _builder_version=&#8220;4.27.4&#8243; _module_preset=&#8220;default&#8220; background_enable_color=&#8220;off&#8220; custom_margin=&#8220;||-1px||false|false&#8220; link_option_url=&#8220;https:\/\/compassionateinquiry.com\/podcast\/lifting-depression-through-compassion\/&#8220; link_option_url_new_window=&#8220;on&#8220; hover_enabled=&#8220;0&#8243; border_color_all=&#8220;#666666&#8243; border_width_top=&#8220;1px&#8220; border_width_bottom=&#8220;1px&#8220; border_color_all_portrait=&#8220;#eb6164&#8243; global_colors_info=&#8220;{}&#8220; sticky_enabled=&#8220;0&#8243;]<\/p>\n<p><strong>Podcast: Lifting Depression Through Compassion\u00a0<\/strong><\/p>\n<p>MBCL teacher trainer and senior researcher Rhoda Schuling in conversation with Kevin Young from Gabor Mat\u00e9\u2019s Compassionate Inquiry group. Rhoda shares her personal story of trauma healing and highlights research on compassion and MBCL. The Gifts of Trauma Podcast presented by <em>Compassionate Inquiry Approach<\/em> in March 2025. English spoken.<\/p>\n<p><strong>Approx. 1 hour<\/strong><\/p>\n<p>[\/et_pb_testimonial][et_pb_testimonial portrait_url=&#8220;https:\/\/www.mbcl-international.net\/wp-content\/uploads\/2024\/06\/realise-mindfulness-well-being-coaching-podcast-mbcl.png&#8220; quote_icon_color=&#8220;RGBA(255,255,255,0)&#8220; quote_icon_background_color=&#8220;RGBA(255,255,255,0)&#8220; font_icon=&#8220;&#xe0e3;||divi||400&#8243; portrait_width=&#8220;90px&#8220; _builder_version=&#8220;4.25.1&#8243; _module_preset=&#8220;default&#8220; background_enable_color=&#8220;off&#8220; custom_margin=&#8220;||-1px||false|false&#8220; link_option_url=&#8220;https:\/\/www.realisemindfulness.com\/podcast\/episode\/3502f4c7\/deepening-compassion-with-equanimity-episode-8-season-2&#8243; link_option_url_new_window=&#8220;on&#8220; border_color_all=&#8220;#666666&#8243; border_width_top=&#8220;1px&#8220; border_width_bottom=&#8220;1px&#8220; border_color_all_portrait=&#8220;#eb6164&#8243; global_colors_info=&#8220;{}&#8220;]<\/p>\n<p><strong>Podcast: Deepening Mindfulness with Equanimity<\/strong><\/p>\n<p>Frits Koster (co-founder of MBCL) in conversation with MBCL teacher Kate Ensor. Frits shares his fascinating journey to mindful compassion and explores the Four Friends for Life as a group of kindly attitudes to help us find balance in the changing weather of life. The episode ends with a beautiful Horse Whisperer practice, guided by Frits. Podcast presented by <em>Realise Mindfulness<\/em> in May 2024, English spoken.<\/p>\n<p><strong>Approx. 1 hour 15 minutes<\/strong><\/p>\n<p>[\/et_pb_testimonial][et_pb_testimonial portrait_url=&#8220;https:\/\/www.mbcl-international.net\/wp-content\/uploads\/2024\/06\/realise-mindfulness-well-being-coaching-podcast-mbcl.png&#8220; quote_icon_color=&#8220;RGBA(255,255,255,0)&#8220; quote_icon_background_color=&#8220;RGBA(255,255,255,0)&#8220; font_icon=&#8220;&#xe0e3;||divi||400&#8243; portrait_width=&#8220;90px&#8220; _builder_version=&#8220;4.25.1&#8243; _module_preset=&#8220;default&#8220; background_enable_color=&#8220;off&#8220; custom_margin=&#8220;||-1px||false|false&#8220; link_option_url=&#8220;https:\/\/www.realisemindfulness.com\/podcast\/episode\/4343dc1f\/what-is-mindful-compassion-episode-1-season-2&#8243; link_option_url_new_window=&#8220;on&#8220; border_color_all=&#8220;#666666&#8243; border_width_top=&#8220;1px&#8220; border_width_bottom=&#8220;1px&#8220; border_color_all_portrait=&#8220;#eb6164&#8243; global_colors_info=&#8220;{}&#8220;]<\/p>\n<p><strong>Podcast: What is Mindful Compassion?<\/strong><\/p>\n<p>Erik van den Brink (co-founder of MBCL), shares how mindful compassion can help us recognise and respond to suffering and how self-compassion supports us to relate more kindly to our inner critic. We discuss how the lotus reminds us that the muddy parts of our lives can offer opportunities for transformation and growth if we approach them with compassion and kindness. Erik also guides some meditation practices. Podcast presented by <em>Realise Mindfulness <\/em>in February 2024, English spoken<\/p>\n<p><strong>Approx. 60 minutes<\/strong><\/p>\n<p>[\/et_pb_testimonial][et_pb_testimonial portrait_url=&#8220;https:\/\/www.mbcl-international.net\/wp-content\/uploads\/2024\/05\/Compassionate-Breathing-Meditation-MBCL-Meditation-Frits-Koster-Poland.jpg&#8220; quote_icon_color=&#8220;RGBA(255,255,255,0)&#8220; quote_icon_background_color=&#8220;RGBA(255,255,255,0)&#8220; font_icon=&#8220;&#xe0e3;||divi||400&#8243; _builder_version=&#8220;4.27.4&#8243; _module_preset=&#8220;default&#8220; background_enable_color=&#8220;off&#8220; custom_margin=&#8220;||-1px||false|false&#8220; link_option_url=&#8220;https:\/\/www.youtube.com\/watch?v=vgVSz5mNKes&#8220; link_option_url_new_window=&#8220;on&#8220; hover_enabled=&#8220;0&#8243; border_color_all=&#8220;#666666&#8243; border_width_top=&#8220;1px&#8220; border_width_bottom=&#8220;1px&#8220; border_color_all_portrait=&#8220;#eb6164&#8243; global_colors_info=&#8220;{}&#8220; sticky_enabled=&#8220;0&#8243;]<\/p>\n<p><strong>Guided Meditation: Compassionate breathing<br \/><\/strong><\/p>\n<p>In this guided meditation Frits Koster (co-founder of MBCL) introduces you to the practice of compassionate breathing.<\/p>\n<p>The meditation was recorded dring a silent retreat offered in Poland in March 2024. English spoken with polisch translation by <em>Marta Markocka-Popol<\/em>.<\/p>\n<p><strong>Approx. 40 minutes<\/strong><\/p>\n<p>[\/et_pb_testimonial][et_pb_testimonial portrait_url=&#8220;https:\/\/www.mbcl-international.net\/wp-content\/uploads\/2024\/03\/Watch-now-Free-Resources-Frits-Koster-Equanimity.png&#8220; quote_icon_color=&#8220;RGBA(255,255,255,0)&#8220; quote_icon_background_color=&#8220;RGBA(255,255,255,0)&#8220; font_icon=&#8220;&#xe0e3;||divi||400&#8243; _builder_version=&#8220;4.25.0&#8243; _module_preset=&#8220;default&#8220; background_enable_color=&#8220;off&#8220; custom_margin=&#8220;||-1px||false|false&#8220; link_option_url=&#8220;https:\/\/community.mindfulness-network.org\/course\/view.php?id=271&#8243; link_option_url_new_window=&#8220;on&#8220; border_color_all=&#8220;#666666&#8243; border_width_top=&#8220;1px&#8220; border_width_bottom=&#8220;1px&#8220; border_color_all_portrait=&#8220;#eb6164&#8243; global_colors_info=&#8220;{}&#8220;]<\/p>\n<p><strong>Webinar: In the cool Shade of Equanimity<\/strong><\/p>\n<p>In this webinar Frits Koster (co-founder of MBCL) introduces you to the quality of Equanimity in theory and practice. The event was offered by <em>The Mindfulness Network<\/em> (UK) in March 2024. English spoken.<\/p>\n<p><strong>Video approx. 1 hour and 30 minutes<\/strong><\/p>\n<p>[\/et_pb_testimonial][et_pb_testimonial portrait_url=&#8220;https:\/\/www.mbcl-international.net\/wp-content\/uploads\/2022\/10\/mindfulness-network@2x.png&#8220; quote_icon_color=&#8220;RGBA(255,255,255,0)&#8220; quote_icon_background_color=&#8220;RGBA(255,255,255,0)&#8220; font_icon=&#8220;&#xe0e3;||divi||400&#8243; _builder_version=&#8220;4.25.0&#8243; _module_preset=&#8220;default&#8220; background_enable_color=&#8220;off&#8220; custom_margin=&#8220;||-1px||false|false&#8220; link_option_url=&#8220;https:\/\/community.mindfulness-network.org\/course\/view.php?id=121&#8243; link_option_url_new_window=&#8220;on&#8220; border_color_all=&#8220;#666666&#8243; border_width_top=&#8220;1px&#8220; border_width_bottom=&#8220;1px&#8220; border_color_all_portrait=&#8220;#eb6164&#8243; global_colors_info=&#8220;{}&#8220;]<\/p>\n<p><strong>Webinar: Four Friends for Life<\/strong><\/p>\n<p>In this webinar Frits Koster (co-founder of MBCL) introduces you to the Four Friends for Life \u2013 kindness, compassion, joy and equanimity. The event was offered by <em>The Mindfulness Network<\/em> (UK) in March 2022. English spoken.<\/p>\n<p><strong>Video approx. 1 hour and 20 minutes<\/strong><\/p>\n<p>[\/et_pb_testimonial][et_pb_testimonial portrait_url=&#8220;https:\/\/www.mbcl-international.net\/wp-content\/uploads\/2022\/10\/mindfulness-network@2x.png&#8220; quote_icon_color=&#8220;RGBA(255,255,255,0)&#8220; quote_icon_background_color=&#8220;RGBA(255,255,255,0)&#8220; font_icon=&#8220;&#xe0e3;||divi||400&#8243; _builder_version=&#8220;4.20.4&#8243; _module_preset=&#8220;default&#8220; background_enable_color=&#8220;off&#8220; custom_margin=&#8220;||-1px||false|false&#8220; link_option_url=&#8220;https:\/\/community.mindfulness-network.org\/course\/view.php?id=39&#8243; link_option_url_new_window=&#8220;on&#8220; border_width_top=&#8220;1px&#8220; border_color_top=&#8220;#666666&#8243; border_width_bottom=&#8220;1px&#8220; border_color_bottom=&#8220;#666666&#8243; border_color_all_portrait=&#8220;#eb6164&#8243; global_colors_info=&#8220;{}&#8220;]<\/p>\n<p><strong>Webinar: Compassionate Breath<\/strong><\/p>\n<p>In this Webinar Frits Koster (co-founder of MBCL) introduces you to the practice of Compassionate Breathing (originating from the old Tibetan meditation practice Tonglen) in practice and in theory. The event was offered by <em>The Mindfulness Network<\/em> (UK) in February 2021. English spoken.<\/p>\n<p><strong>Video approx. 1 hour and 20 minutes<\/strong><\/p>\n<p>[\/et_pb_testimonial][et_pb_testimonial portrait_url=&#8220;https:\/\/www.mbcl-international.net\/wp-content\/uploads\/2022\/11\/InternationalMindfulnessCenterJapan_Logo.jpg&#8220; quote_icon_color=&#8220;RGBA(255,255,255,0)&#8220; quote_icon_background_color=&#8220;RGBA(255,255,255,0)&#8220; font_icon=&#8220;&#xe0e3;||divi||400&#8243; _builder_version=&#8220;4.20.4&#8243; _module_preset=&#8220;default&#8220; background_enable_color=&#8220;off&#8220; custom_margin=&#8220;||-1px||false|false&#8220; link_option_url=&#8220;https:\/\/www.youtube.com\/watch?v=tYkv38Sd858&#8243; link_option_url_new_window=&#8220;on&#8220; border_width_top=&#8220;1px&#8220; border_color_top=&#8220;#666666&#8243; border_width_bottom=&#8220;1px&#8220; border_color_bottom=&#8220;#666666&#8243; border_color_all_portrait=&#8220;#eb6164&#8243; global_colors_info=&#8220;{}&#8220;]<\/p>\n<p><strong>Talk: Mindfulness-Based Compassionate Living (1\/2)<\/strong><\/p>\n<p>This is part one of a talk with Erik van den Brink (co-founder of MBCL) on MBCL. Here Erik shares why MBCL was developed and explains how compassion can have a healing effect on our tendency to be harsh and critical on ourselves. The talk was offered by <em>Japan International Mindfulness center<\/em> in 2020. English spoken with Japanese translation.<\/p>\n<p><strong>Video part 1 approx. 20 minutes<\/strong><strong><\/strong><\/p>\n<p>[\/et_pb_testimonial][et_pb_testimonial portrait_url=&#8220;https:\/\/www.mbcl-international.net\/wp-content\/uploads\/2022\/11\/InternationalMindfulnessCenterJapan_Logo.jpg&#8220; quote_icon_color=&#8220;RGBA(255,255,255,0)&#8220; quote_icon_background_color=&#8220;RGBA(255,255,255,0)&#8220; font_icon=&#8220;&#xe0e3;||divi||400&#8243; _builder_version=&#8220;4.20.4&#8243; _module_preset=&#8220;default&#8220; background_enable_color=&#8220;off&#8220; custom_margin=&#8220;||-1px||false|false&#8220; link_option_url=&#8220;https:\/\/www.youtube.com\/watch?v=36z_Ul6Gij4&#8243; link_option_url_new_window=&#8220;on&#8220; border_width_top=&#8220;1px&#8220; border_color_top=&#8220;#666666&#8243; border_width_bottom=&#8220;1px&#8220; border_color_bottom=&#8220;#666666&#8243; border_color_all_portrait=&#8220;#eb6164&#8243; global_colors_info=&#8220;{}&#8220;]<\/p>\n<p><strong>Talk: Mindfulness-Based Compassionate Living (2\/2)<\/strong><\/p>\n<p>This is part two of a talk with Erik van den Brink (co-founder of MBCL) on MBCL. Here Erik points to the evolved design of our brains, which is already setting up for suffering, our responsibility to learn deal with this in a wholesome and compassionate way and that suffering caused by the Covid-19 pandemic, provides an opportunity for new insights and the awakening of compassion in a more profound way. The talk was offered by <em>Japan International Mindfulness Center<\/em> in 2020. English spoken with Japanese translation.<strong><\/strong><\/p>\n<p><strong>Video part 2 approx. 15 minutes<\/strong><\/p>\n<p>[\/et_pb_testimonial][et_pb_testimonial portrait_url=&#8220;https:\/\/www.mbcl-international.net\/wp-content\/uploads\/2022\/11\/Logo-Present-Moment-1.png&#8220; quote_icon=&#8220;off&#8220; quote_icon_color=&#8220;RGBA(255,255,255,0)&#8220; quote_icon_background_color=&#8220;RGBA(255,255,255,0)&#8220; font_icon=&#8220;&#xe0e3;||divi||400&#8243; _builder_version=&#8220;4.20.4&#8243; _module_preset=&#8220;default&#8220; background_enable_color=&#8220;off&#8220; custom_margin=&#8220;||-1px||false|false&#8220; link_option_url=&#8220;https:\/\/presentmomentmindfulness.com\/2020\/06\/28\/episode-163-frits-koster-mindfulness-based-compassionate-living\/&#8220; link_option_url_new_window=&#8220;on&#8220; border_width_top=&#8220;1px&#8220; border_color_top=&#8220;#666666&#8243; border_width_bottom=&#8220;1px&#8220; border_color_bottom=&#8220;#666666&#8243; border_color_all_portrait=&#8220;#eb6164&#8243; global_colors_info=&#8220;{}&#8220;]<\/p>\n<p><strong>Podcast: Mindfulness-Based Compassionate Living<\/strong><\/p>\n<p>In this podcast Frits Koster (co-founder of MBCL) talks about the value of mindfulness and compassion and about the MBCL compassion training. Podcast presented by <em>Persent Moment Mindfulness<\/em> in June 2020. English spoken.<\/p>\n<p><strong>Audio approx. 30 minutes<\/strong><\/p>\n<p>[\/et_pb_testimonial][et_pb_testimonial portrait_url=&#8220;https:\/\/www.mbcl-international.net\/wp-content\/uploads\/2022\/11\/Logo-Insight-Timer_weis.jpg&#8220; quote_icon=&#8220;off&#8220; quote_icon_color=&#8220;RGBA(255,255,255,0)&#8220; quote_icon_background_color=&#8220;RGBA(255,255,255,0)&#8220; font_icon=&#8220;&#xe0e3;||divi||400&#8243; _builder_version=&#8220;4.20.4&#8243; _module_preset=&#8220;default&#8220; background_enable_color=&#8220;off&#8220; custom_margin=&#8220;||-1px||false|false&#8220; link_option_url=&#8220;https:\/\/insighttimer.com\/fritskoster\/guided-meditations\/the-horsewhisperer&#8220; link_option_url_new_window=&#8220;on&#8220; border_width_top=&#8220;1px&#8220; border_color_top=&#8220;#666666&#8243; border_width_bottom=&#8220;1px&#8220; border_color_bottom=&#8220;#666666&#8243; border_color_all_portrait=&#8220;#eb6164&#8243; global_colors_info=&#8220;{}&#8220;]<\/p>\n<p><strong>Insight Timer Audio<\/strong><\/p>\n<p><em>The Horsewhisperer<\/em> is an exercise taken from the MBCL Programme and spoken by Frits Koster (co-founder of MBCL). It may allow you to unerstand, how the attitude of compassion can shift towards equanimity and offer a way how to deal with hurt parts within &#8211; the parts that have difficulty receiving kindness and react with backdraft. Practicing with the patience of a horse whisperer may eventually lead to healing your relationship with them. Recording accessible at Insight Timer. English spoken.<\/p>\n<p><strong>Audio approx. 20 minutes<\/strong><\/p>\n<p>[\/et_pb_testimonial][et_pb_testimonial portrait_url=&#8220;https:\/\/www.mbcl-international.net\/wp-content\/uploads\/2022\/11\/Logo-Insight-Timer_weis.jpg&#8220; quote_icon=&#8220;off&#8220; quote_icon_color=&#8220;RGBA(255,255,255,0)&#8220; quote_icon_background_color=&#8220;RGBA(255,255,255,0)&#8220; font_icon=&#8220;&#xe0e3;||divi||400&#8243; _builder_version=&#8220;4.20.4&#8243; _module_preset=&#8220;default&#8220; background_enable_color=&#8220;off&#8220; custom_margin=&#8220;||-1px||false|false&#8220; link_option_url=&#8220;https:\/\/insighttimer.com\/erikvdbrink\/guided-meditations\/breathing-space-with-kindness&#8220; link_option_url_new_window=&#8220;on&#8220; border_width_top=&#8220;1px&#8220; border_color_top=&#8220;#666666&#8243; border_width_bottom=&#8220;1px&#8220; border_color_bottom=&#8220;#666666&#8243; border_color_all_portrait=&#8220;#eb6164&#8243; global_colors_info=&#8220;{}&#8220;]<\/p>\n<p><strong>Insight Timer Audio<\/strong><\/p>\n<p><em>Breathing Space With Kindness<\/em> is a short informal practice taken from the MBCL Programme, spoken by Erik van den Brink (co-founder of MBCL). It is suitable to do at any moment in your everyday life when you are in need of a pause. Recording accessible at Insight Timer. English spoken.<\/p>\n<p><strong>Audio approx. 6 minutes<\/strong><\/p>\n<p>[\/et_pb_testimonial][et_pb_testimonial portrait_url=&#8220;https:\/\/www.mbcl-international.net\/wp-content\/uploads\/2022\/11\/Logo-Insight-Timer_weis.jpg&#8220; quote_icon=&#8220;off&#8220; quote_icon_color=&#8220;RGBA(255,255,255,0)&#8220; quote_icon_background_color=&#8220;RGBA(255,255,255,0)&#8220; font_icon=&#8220;&#xe0e3;||divi||400&#8243; _builder_version=&#8220;4.20.4&#8243; _module_preset=&#8220;default&#8220; background_enable_color=&#8220;off&#8220; custom_margin=&#8220;||-1px||false|false&#8220; link_option_url=&#8220;https:\/\/insighttimer.com\/erikvdbrink\/guided-meditations\/breathing-space-with-compassion&#8220; link_option_url_new_window=&#8220;on&#8220; border_width_top=&#8220;1px&#8220; border_color_top=&#8220;#666666&#8243; border_width_bottom=&#8220;1px&#8220; border_color_bottom=&#8220;#666666&#8243; border_color_all_portrait=&#8220;#eb6164&#8243; global_colors_info=&#8220;{}&#8220;]<\/p>\n<p><strong>Insight Timer Audio<\/strong><\/p>\n<p><em>Breathing Space With Compassion<\/em> is a short informal practice taken from the MBCL Programme, spoken by Erik van den Brink (co-founder of MBCL). It is ment for moments, when you encounter suffering and require a mindful pause. Recording accessible at Insight Timer. English spoken.<\/p>\n<p><strong>Audio approx. 6 minutes<\/strong><\/p>\n<p>[\/et_pb_testimonial][et_pb_testimonial portrait_url=&#8220;https:\/\/www.mbcl-international.net\/wp-content\/uploads\/2022\/11\/Logo-Insight-Timer_weis.jpg&#8220; quote_icon=&#8220;off&#8220; quote_icon_color=&#8220;RGBA(255,255,255,0)&#8220; quote_icon_background_color=&#8220;RGBA(255,255,255,0)&#8220; font_icon=&#8220;&#xe0e3;||divi||400&#8243; _builder_version=&#8220;4.20.4&#8243; _module_preset=&#8220;default&#8220; background_enable_color=&#8220;off&#8220; custom_margin=&#8220;||-1px||false|false&#8220; link_option_url=&#8220;https:\/\/insighttimer.com\/erikvdbrink\/guided-meditations\/a-safe-place&#8220; link_option_url_new_window=&#8220;on&#8220; border_width_top=&#8220;1px&#8220; border_color_top=&#8220;#666666&#8243; border_width_bottom=&#8220;1px&#8220; border_color_bottom=&#8220;#666666&#8243; border_color_all_portrait=&#8220;#eb6164&#8243; global_colors_info=&#8220;{}&#8220;]<\/p>\n<p><strong>Insight Timer Audio<\/strong><\/p>\n<p><em>A Safe Place<\/em> is a mindfulness-based imagery practice to cultivate greater compassion and self awareness taken from the MBCL Programme. It is spoken by Erik van den Brink (co-founder of MBCL). It is recommended you become familiar with the practice <em>Breathing Space with Kindness<\/em> before you do this one. Recording accessible at Insight Timer. English spoken.<\/p>\n<p><strong>Audio approx. 15 minutes<\/strong><\/p>\n<p>[\/et_pb_testimonial][et_pb_testimonial portrait_url=&#8220;https:\/\/www.mbcl-international.net\/wp-content\/uploads\/2022\/11\/Logo-Insight-Timer_weis.jpg&#8220; quote_icon=&#8220;off&#8220; quote_icon_color=&#8220;RGBA(255,255,255,0)&#8220; quote_icon_background_color=&#8220;RGBA(255,255,255,0)&#8220; font_icon=&#8220;&#xe0e3;||divi||400&#8243; _builder_version=&#8220;4.20.4&#8243; _module_preset=&#8220;default&#8220; background_enable_color=&#8220;off&#8220; custom_margin=&#8220;||-1px||false|false&#8220; link_option_url=&#8220;https:\/\/insighttimer.com\/erikvdbrink\/guided-meditations\/a-compassionate-companion&#8220; link_option_url_new_window=&#8220;on&#8220; border_width_top=&#8220;1px&#8220; border_color_top=&#8220;#666666&#8243; border_width_bottom=&#8220;1px&#8220; border_color_bottom=&#8220;#666666&#8243; border_color_all_portrait=&#8220;#eb6164&#8243; global_colors_info=&#8220;{}&#8220;]<\/p>\n<p><strong>Insight Timer Audio<\/strong><\/p>\n<p><em>A Compassionate Companion<\/em> is a soothing, mindfulness-based imagery practice from the MBCL Programme, spoken by Erik van den Brink.It is recommended you become familiar with the practice <em>Breathingspace With Kindness<\/em> and <em>A safe Place<\/em> before you do this one. Recording accessible at Insight Timer. English spoken.<\/p>\n<p><strong>Audio approx. 16 minutes<\/strong><\/p>\n<p>[\/et_pb_testimonial][et_pb_testimonial portrait_url=&#8220;https:\/\/www.mbcl-international.net\/wp-content\/uploads\/2022\/11\/Logo.Jana-final-278&#215;300.jpg&#8220; quote_icon=&#8220;off&#8220; quote_icon_color=&#8220;RGBA(255,255,255,0)&#8220; quote_icon_background_color=&#8220;RGBA(255,255,255,0)&#8220; font_icon=&#8220;&#xe0e3;||divi||400&#8243; _builder_version=&#8220;4.20.4&#8243; _module_preset=&#8220;default&#8220; background_enable_color=&#8220;off&#8220; custom_margin=&#8220;||-1px||false|false&#8220; link_option_url=&#8220;https:\/\/www.youtube.com\/watch?v=whHGZUijBdU&#038;list=PLxOvKReo6Cwb_l3CuvluHBhy4jouxHIJ8&#8243; link_option_url_new_window=&#8220;on&#8220; border_width_top=&#8220;1px&#8220; border_color_top=&#8220;#666666&#8243; border_width_bottom=&#8220;1px&#8220; border_color_bottom=&#8220;#666666&#8243; border_color_all_portrait=&#8220;#eb6164&#8243; global_colors_info=&#8220;{}&#8220;]<\/p>\n<p><strong>Vortrag: Achtsam und mitf\u00fchlend leben!<\/strong><\/p>\n<p>In ihrem Vortrag <em>Achtsam und mitf\u00fchlend leben!<\/em> hat Jana Willms das MBCL Mitgef\u00fchlstraining im Rahmen des Sommersymposiums 2020 <em>Achtsamkeit, Mitgef\u00fchlt &amp; Liebe: Patentl\u00f6sung f\u00fcr unsere Zeit?<\/em> am Benediktushof Holzkirchen vorgestellt. Deutsche Sprache.<\/p>\n<p><strong>Video ungef\u00e4hr. 60 Minuten<\/strong><\/p>\n<p>[\/et_pb_testimonial][\/et_pb_column][et_pb_column type=&#8220;1_3&#8243; _builder_version=&#8220;4.17.6&#8243; _module_preset=&#8220;default&#8220; background_color=&#8220;rgba(0,0,0,0.04)&#8220; custom_padding=&#8220;15px|20px||20px|false|false&#8220; border_radii=&#8220;on|3px|3px|3px|3px&#8220; border_width_all=&#8220;1px&#8220; border_color_all=&#8220;rgba(0,0,0,0.1)&#8220; box_shadow_style=&#8220;preset1&#8243; box_shadow_vertical=&#8220;0px&#8220; box_shadow_blur=&#8220;10px&#8220; box_shadow_color=&#8220;rgba(0,0,0,0.2)&#8220; global_colors_info=&#8220;{}&#8220;][et_pb_text _builder_version=&#8220;4.19.4&#8243; _module_preset=&#8220;default&#8220; text_text_color=&#8220;#555555&#8243; header_2_text_color=&#8220;#666666&#8243; custom_margin=&#8220;||||false|false&#8220; custom_padding=&#8220;||5px||false|false&#8220; border_width_bottom=&#8220;1px&#8220; border_color_bottom=&#8220;#999999&#8243; global_colors_info=&#8220;{}&#8220;]<\/p>\n<h2 style=\"text-align: center;\">MBCL Blog<\/h2>\n<p>[\/et_pb_text][et_pb_blog posts_number=&#8220;3&#8243; include_categories=&#8220;107&#8243; show_more=&#8220;on&#8220; show_categories=&#8220;off&#8220; _builder_version=&#8220;4.19.4&#8243; _module_preset=&#8220;default&#8220; body_text_color=&#8220;#666666&#8243; read_more_font=&#8220;||||||||&#8220; read_more_text_color=&#8220;#eb611b&#8220; read_more_line_height=&#8220;2em&#8220; custom_margin=&#8220;||||false|false&#8220; custom_padding=&#8220;||||false|false&#8220; global_colors_info=&#8220;{}&#8220;][\/et_pb_blog][\/et_pb_column][\/et_pb_row][\/et_pb_section]<\/p>\n","protected":false},"excerpt":{"rendered":"<p>MBCL in den MedienEntdecken Sie kostenlose Ressourcen wie Podcasts, Webinare, Vortr\u00e4ge und \u00dcbungs-Aufnahmen von MBCL-Ausbilder*innen.Video: Impressions from the MBCL Teacher Training in Poland in 2025 Enjoy these vivid impressions from the MBCL Teacher Training in Poland in 2025. Catch a glimpse of MBCL founders Erik van den Brink and Frits Koster guiding a group of [&hellip;]<\/p>\n","protected":false},"author":1,"featured_media":0,"parent":0,"menu_order":0,"comment_status":"closed","ping_status":"closed","template":"","meta":{"_et_pb_use_builder":"on","_et_pb_old_content":"","_et_gb_content_width":"","footnotes":""},"difl_page_category":[],"class_list":["post-2207","page","type-page","status-publish","hentry"],"yoast_head":"<!-- This site is optimized with the Yoast SEO plugin v27.3 - https:\/\/yoast.com\/product\/yoast-seo-wordpress\/ -->\n<title>MBCL in den Medien - MBCL International<\/title>\n<meta name=\"robots\" content=\"index, follow, max-snippet:-1, max-image-preview:large, max-video-preview:-1\" \/>\n<link rel=\"canonical\" href=\"https:\/\/www.mbcl-international.net\/de\/mbcl-in-den-medien\/\" \/>\n<meta property=\"og:locale\" content=\"de_DE\" \/>\n<meta property=\"og:type\" content=\"article\" \/>\n<meta property=\"og:title\" content=\"MBCL in den Medien - MBCL International\" \/>\n<meta property=\"og:description\" content=\"MBCL in den MedienEntdecken Sie kostenlose Ressourcen wie Podcasts, Webinare, Vortr\u00e4ge und \u00dcbungs-Aufnahmen von MBCL-Ausbilder*innen.Video: Impressions from the MBCL Teacher Training in Poland in 2025 Enjoy these vivid impressions from the MBCL Teacher Training in Poland in 2025. Catch a glimpse of MBCL founders Erik van den Brink and Frits Koster guiding a group of [&hellip;]\" \/>\n<meta property=\"og:url\" content=\"https:\/\/www.mbcl-international.net\/de\/mbcl-in-den-medien\/\" \/>\n<meta property=\"og:site_name\" content=\"MBCL International\" \/>\n<meta property=\"article:modified_time\" content=\"2025-03-27T08:17:04+00:00\" \/>\n<meta name=\"twitter:card\" content=\"summary_large_image\" \/>\n<meta name=\"twitter:label1\" content=\"Gesch\u00e4tzte Lesezeit\" \/>\n\t<meta name=\"twitter:data1\" content=\"14\u00a0Minuten\" \/>\n<script type=\"application\/ld+json\" class=\"yoast-schema-graph\">{\"@context\":\"https:\\\/\\\/schema.org\",\"@graph\":[{\"@type\":\"WebPage\",\"@id\":\"https:\\\/\\\/www.mbcl-international.net\\\/de\\\/mbcl-in-den-medien\\\/\",\"url\":\"https:\\\/\\\/www.mbcl-international.net\\\/de\\\/mbcl-in-den-medien\\\/\",\"name\":\"MBCL in den Medien - MBCL International\",\"isPartOf\":{\"@id\":\"https:\\\/\\\/www.mbcl-international.net\\\/de\\\/#website\"},\"datePublished\":\"2022-10-28T18:30:54+00:00\",\"dateModified\":\"2025-03-27T08:17:04+00:00\",\"breadcrumb\":{\"@id\":\"https:\\\/\\\/www.mbcl-international.net\\\/de\\\/mbcl-in-den-medien\\\/#breadcrumb\"},\"inLanguage\":\"de\",\"potentialAction\":[{\"@type\":\"ReadAction\",\"target\":[\"https:\\\/\\\/www.mbcl-international.net\\\/de\\\/mbcl-in-den-medien\\\/\"]}]},{\"@type\":\"BreadcrumbList\",\"@id\":\"https:\\\/\\\/www.mbcl-international.net\\\/de\\\/mbcl-in-den-medien\\\/#breadcrumb\",\"itemListElement\":[{\"@type\":\"ListItem\",\"position\":1,\"name\":\"Startseite\",\"item\":\"https:\\\/\\\/www.mbcl-international.net\\\/de\\\/\"},{\"@type\":\"ListItem\",\"position\":2,\"name\":\"MBCL in den Medien\"}]},{\"@type\":\"WebSite\",\"@id\":\"https:\\\/\\\/www.mbcl-international.net\\\/de\\\/#website\",\"url\":\"https:\\\/\\\/www.mbcl-international.net\\\/de\\\/\",\"name\":\"MBCL International\",\"description\":\"Mindfulness-Based Compassionate Living\",\"publisher\":{\"@id\":\"https:\\\/\\\/www.mbcl-international.net\\\/de\\\/#organization\"},\"potentialAction\":[{\"@type\":\"SearchAction\",\"target\":{\"@type\":\"EntryPoint\",\"urlTemplate\":\"https:\\\/\\\/www.mbcl-international.net\\\/de\\\/?s={search_term_string}\"},\"query-input\":{\"@type\":\"PropertyValueSpecification\",\"valueRequired\":true,\"valueName\":\"search_term_string\"}}],\"inLanguage\":\"de\"},{\"@type\":\"Organization\",\"@id\":\"https:\\\/\\\/www.mbcl-international.net\\\/de\\\/#organization\",\"name\":\"MBCL\",\"url\":\"https:\\\/\\\/www.mbcl-international.net\\\/de\\\/\",\"logo\":{\"@type\":\"ImageObject\",\"inLanguage\":\"de\",\"@id\":\"https:\\\/\\\/www.mbcl-international.net\\\/de\\\/#\\\/schema\\\/logo\\\/image\\\/\",\"url\":\"https:\\\/\\\/www.mbcl-international.net\\\/wp-content\\\/uploads\\\/2022\\\/08\\\/MBCL-Logo.jpg\",\"contentUrl\":\"https:\\\/\\\/www.mbcl-international.net\\\/wp-content\\\/uploads\\\/2022\\\/08\\\/MBCL-Logo.jpg\",\"width\":600,\"height\":340,\"caption\":\"MBCL\"},\"image\":{\"@id\":\"https:\\\/\\\/www.mbcl-international.net\\\/de\\\/#\\\/schema\\\/logo\\\/image\\\/\"}}]}<\/script>\n<!-- \/ Yoast SEO plugin. -->","yoast_head_json":{"title":"MBCL in den Medien - MBCL International","robots":{"index":"index","follow":"follow","max-snippet":"max-snippet:-1","max-image-preview":"max-image-preview:large","max-video-preview":"max-video-preview:-1"},"canonical":"https:\/\/www.mbcl-international.net\/de\/mbcl-in-den-medien\/","og_locale":"de_DE","og_type":"article","og_title":"MBCL in den Medien - MBCL International","og_description":"MBCL in den MedienEntdecken Sie kostenlose Ressourcen wie Podcasts, Webinare, Vortr\u00e4ge und \u00dcbungs-Aufnahmen von MBCL-Ausbilder*innen.Video: Impressions from the MBCL Teacher Training in Poland in 2025 Enjoy these vivid impressions from the MBCL Teacher Training in Poland in 2025. Catch a glimpse of MBCL founders Erik van den Brink and Frits Koster guiding a group of [&hellip;]","og_url":"https:\/\/www.mbcl-international.net\/de\/mbcl-in-den-medien\/","og_site_name":"MBCL International","article_modified_time":"2025-03-27T08:17:04+00:00","twitter_card":"summary_large_image","twitter_misc":{"Gesch\u00e4tzte Lesezeit":"14\u00a0Minuten"},"schema":{"@context":"https:\/\/schema.org","@graph":[{"@type":"WebPage","@id":"https:\/\/www.mbcl-international.net\/de\/mbcl-in-den-medien\/","url":"https:\/\/www.mbcl-international.net\/de\/mbcl-in-den-medien\/","name":"MBCL in den Medien - MBCL International","isPartOf":{"@id":"https:\/\/www.mbcl-international.net\/de\/#website"},"datePublished":"2022-10-28T18:30:54+00:00","dateModified":"2025-03-27T08:17:04+00:00","breadcrumb":{"@id":"https:\/\/www.mbcl-international.net\/de\/mbcl-in-den-medien\/#breadcrumb"},"inLanguage":"de","potentialAction":[{"@type":"ReadAction","target":["https:\/\/www.mbcl-international.net\/de\/mbcl-in-den-medien\/"]}]},{"@type":"BreadcrumbList","@id":"https:\/\/www.mbcl-international.net\/de\/mbcl-in-den-medien\/#breadcrumb","itemListElement":[{"@type":"ListItem","position":1,"name":"Startseite","item":"https:\/\/www.mbcl-international.net\/de\/"},{"@type":"ListItem","position":2,"name":"MBCL in den Medien"}]},{"@type":"WebSite","@id":"https:\/\/www.mbcl-international.net\/de\/#website","url":"https:\/\/www.mbcl-international.net\/de\/","name":"MBCL International","description":"Mindfulness-Based Compassionate Living","publisher":{"@id":"https:\/\/www.mbcl-international.net\/de\/#organization"},"potentialAction":[{"@type":"SearchAction","target":{"@type":"EntryPoint","urlTemplate":"https:\/\/www.mbcl-international.net\/de\/?s={search_term_string}"},"query-input":{"@type":"PropertyValueSpecification","valueRequired":true,"valueName":"search_term_string"}}],"inLanguage":"de"},{"@type":"Organization","@id":"https:\/\/www.mbcl-international.net\/de\/#organization","name":"MBCL","url":"https:\/\/www.mbcl-international.net\/de\/","logo":{"@type":"ImageObject","inLanguage":"de","@id":"https:\/\/www.mbcl-international.net\/de\/#\/schema\/logo\/image\/","url":"https:\/\/www.mbcl-international.net\/wp-content\/uploads\/2022\/08\/MBCL-Logo.jpg","contentUrl":"https:\/\/www.mbcl-international.net\/wp-content\/uploads\/2022\/08\/MBCL-Logo.jpg","width":600,"height":340,"caption":"MBCL"},"image":{"@id":"https:\/\/www.mbcl-international.net\/de\/#\/schema\/logo\/image\/"}}]}},"_links":{"self":[{"href":"https:\/\/www.mbcl-international.net\/de\/wp-json\/wp\/v2\/pages\/2207","targetHints":{"allow":["GET"]}}],"collection":[{"href":"https:\/\/www.mbcl-international.net\/de\/wp-json\/wp\/v2\/pages"}],"about":[{"href":"https:\/\/www.mbcl-international.net\/de\/wp-json\/wp\/v2\/types\/page"}],"author":[{"embeddable":true,"href":"https:\/\/www.mbcl-international.net\/de\/wp-json\/wp\/v2\/users\/1"}],"replies":[{"embeddable":true,"href":"https:\/\/www.mbcl-international.net\/de\/wp-json\/wp\/v2\/comments?post=2207"}],"version-history":[{"count":11,"href":"https:\/\/www.mbcl-international.net\/de\/wp-json\/wp\/v2\/pages\/2207\/revisions"}],"predecessor-version":[{"id":3159,"href":"https:\/\/www.mbcl-international.net\/de\/wp-json\/wp\/v2\/pages\/2207\/revisions\/3159"}],"wp:attachment":[{"href":"https:\/\/www.mbcl-international.net\/de\/wp-json\/wp\/v2\/media?parent=2207"}],"wp:term":[{"taxonomy":"difl_page_category","embeddable":true,"href":"https:\/\/www.mbcl-international.net\/de\/wp-json\/wp\/v2\/difl_page_category?post=2207"}],"curies":[{"name":"wp","href":"https:\/\/api.w.org\/{rel}","templated":true}]}}