{"id":2176,"date":"2022-08-13T12:32:42","date_gmt":"2022-08-13T12:32:42","guid":{"rendered":"https:\/\/www.mbcl-international.net\/mbcl-ueberwachung\/"},"modified":"2025-04-06T09:01:28","modified_gmt":"2025-04-06T09:01:28","slug":"mbcl-supervision","status":"publish","type":"page","link":"https:\/\/www.mbcl-international.net\/de\/mbcl-supervision\/","title":{"rendered":"MBCL-Supervision"},"content":{"rendered":"<p>[et_pb_section fb_built=&#8220;1&#8243; _builder_version=&#8220;4.17.6&#8243; _module_preset=&#8220;default&#8220; custom_padding=&#8220;0px||||false|false&#8220; global_colors_info=&#8220;{}&#8220;][et_pb_row _builder_version=&#8220;4.17.6&#8243; _module_preset=&#8220;default&#8220; width=&#8220;100%&#8220; max_width=&#8220;100%&#8220; custom_padding=&#8220;0px||||false|false&#8220; global_colors_info=&#8220;{}&#8220;][et_pb_column type=&#8220;4_4&#8243; _builder_version=&#8220;4.17.6&#8243; _module_preset=&#8220;default&#8220; global_colors_info=&#8220;{}&#8220;][et_pb_image src=&#8220;https:\/\/www.mbcl-international.net\/wp-content\/uploads\/2022\/08\/AboutMBCL.jpg&#8220; title_text=&#8220;\u00dcber MBCL&#8220; _builder_version=&#8220;4.20.4&#8243; _module_preset=&#8220;default&#8220; global_colors_info=&#8220;{}&#8220;][\/et_pb_image][\/et_pb_column][\/et_pb_row][et_pb_row column_structure=&#8220;2_3,1_3&#8243; _builder_version=&#8220;4.19.4&#8243; _module_preset=&#8220;default&#8220; global_colors_info=&#8220;{}&#8220;][et_pb_column type=&#8220;2_3&#8243; _builder_version=&#8220;4.17.6&#8243; _module_preset=&#8220;default&#8220; global_colors_info=&#8220;{}&#8220;][et_pb_text _builder_version=&#8220;4.27.4&#8243; _module_preset=&#8220;default&#8220; custom_margin=&#8220;||20px|||&#8220; hover_enabled=&#8220;0&#8243; global_colors_info=&#8220;{}&#8220; sticky_enabled=&#8220;0&#8243;]<\/p>\n<h1>MBCL Supervision und qualifizierte MBCL Supervisoren<\/h1>\n<p>[\/et_pb_text][et_pb_text _builder_version=&#8220;4.27.4&#8243; _module_preset=&#8220;default&#8220; header_text_color=&#8220;#eb611b&#8220; custom_margin=&#8220;||45px||false|false&#8220; hover_enabled=&#8220;0&#8243; global_colors_info=&#8220;{}&#8220; sticky_enabled=&#8220;0&#8243;]<\/p>\n<p><strong>Supervision ist f\u00fcr das MBCL-Zertifikat obligatorisch und f\u00fcr Ihre Entwicklung als MBI-Lehrer unerl\u00e4sslich. Unten finden Sie das Verzeichnis der qualifizierten MBCL-Supervisoren, die Sie begleiten. <\/strong><\/p>\n<p>[\/et_pb_text][et_pb_text _builder_version=&#8220;4.27.0&#8243; _module_preset=&#8220;default&#8220; header_text_color=&#8220;#eb611b&#8220; custom_margin=&#8220;||24px||false|false&#8220; global_colors_info=&#8220;{}&#8220;]<\/p>\n<h2>Die Bedeutung von Supervision und st\u00e4ndiger Weiterbildung bei der Vermittlung achtsamkeitsbasierter Interventionen  <\/h2>\n<p>[\/et_pb_text][et_pb_text _builder_version=&#8220;4.27.4&#8243; _module_preset=&#8220;default&#8220; header_text_color=&#8220;#eb611b&#8220; global_colors_info=&#8220;{}&#8220;]<\/p>\n<p>In den letzten Jahren wird international immer mehr Wert auf qualitativ hochwertige Durchf\u00fchrung (Good Practice) und Verk\u00f6rperung (Embodiment) beim Unterrichten von achtsamkeitsbasierten Interventionen (Mindfulness-Based Interventions, MBI) gelegt. In diesem Zusammenhang haben die Kompetenzbereiche von MBI-Lehrenden, die in den <a href=\"https:\/\/link.springer.com\/article\/10.1007\/s12671-011-0073-2\" target=\"_blank\" rel=\"noopener\">MBI Teacher Assessment Criteria (MBI-TAC, Crane et al. 2012)<\/a> beschrieben worden sind, an Bedeutung gewonnen.<\/p>\n<p>Um eine gute internationale Anbindung zu gew\u00e4hrleisten und aufgrund der fortschreitenden Erkenntnis, dass f\u00fcr viele Lehrende Supervision w\u00e4hrend des ersten MBCL-Kureses kein Luxus, sondern eine Notwendigkeit ist, haben wir eine entsprechende MBCL-Zertifizierungsrichtlinien entwickelt. Sie ber\u00fccksichtigen die Bedeutung der achtsamkeitsbasierten Supervision (Mindfulness-Based Supervision, MBS) beim Unterrichten von Achtsamkeit und Mitgef\u00fchl und machen daher mindestens drei einst\u00fcndige Supervisionssitzungen (pers\u00f6nlich oder per Online-Videokonferenz) mit einem\/einer registrierten MBCL-Supervisor*in verpflichtend, um das MBCL-Zertifikat zu erhalten.<\/p>\n<p><strong>Bitte beachten Sie:<\/strong> F\u00fcr Fachkr\u00e4fte im Gesundheitswesen, Therapeut*innen oder Coaches oder Berater*innen, die an der MBCL-Weiterbildung teilgenommen haben und mit MBCL-\u00dcbungen und Themen im Rahmen ihrer Berufsethik und der Richtlinien ihres Berufs arbeiten m\u00f6chten, ist die Supervision nicht verpflichtend. Dennoch kann es sinnvoll sein, Supervision in Anspruch zu nehmen.<span style=\"color: #0000ff;\"><strong><\/strong><\/span><strong><span style=\"color: #ff0000;\"><\/span><\/strong><\/p>\n<p>Unabh\u00e4ngig davon betrachten wir fortlaufende Supervision als eine wesentliche Grundlage f\u00fcr die pers\u00f6nliche und berufliche Entwicklung bei der Vermittlung von Achtsamkeit und Mitgef\u00fchl.<strong><span style=\"color: #0000ff;\"><\/span><span style=\"color: #0000ff;\"><\/span><\/strong><\/p>\n<p>[\/et_pb_text][et_pb_text _builder_version=&#8220;4.27.4&#8243; _module_preset=&#8220;default&#8220; header_text_color=&#8220;#eb611b&#8220; background_color=&#8220;rgba(0,0,0,0.04)&#8220; custom_padding=&#8220;5px|10px|5px|10px|true|true&#8220; hover_enabled=&#8220;0&#8243; border_radii=&#8220;on|3px|3px|3px|3px&#8220; border_width_all=&#8220;1px&#8220; border_color_all=&#8220;rgba(0,0,0,0.01)&#8220; box_shadow_style=&#8220;preset1&#8243; box_shadow_vertical=&#8220;0px&#8220; box_shadow_blur=&#8220;10px&#8220; box_shadow_color=&#8220;rgba(0,0,0,0.2)&#8220; global_colors_info=&#8220;{}&#8220; sticky_enabled=&#8220;0&#8243;]<\/p>\n<p>In unserer Datenbank finden Sie <strong>eine registrierte MBCL-Supervisorin oder einen entsprechenden Supervisor, <\/strong>der\/die Ihre Sprache spricht.<\/p>\n<div class=\"content\"><\/div>\n<p>[\/et_pb_text][et_pb_text _builder_version=&#8220;4.20.4&#8243; _module_preset=&#8220;default&#8220; header_text_color=&#8220;#eb611b&#8220; background_color=&#8220;rgba(0,0,0,0.04)&#8220; custom_padding=&#8220;5px|10px|5px|10px|true|true&#8220; border_radii=&#8220;on|3px|3px|3px|3px&#8220; border_width_all=&#8220;1px&#8220; border_color_all=&#8220;rgba(0,0,0,0.01)&#8220; box_shadow_style=&#8220;preset1&#8243; box_shadow_vertical=&#8220;0px&#8220; box_shadow_blur=&#8220;10px&#8220; box_shadow_color=&#8220;rgba(0,0,0,0.2)&#8220; global_colors_info=&#8220;{}&#8220;]<\/p>\n<div class=\"content\">\n<p>Wenn Sie weitere <strong>Informationen zur Supervision f\u00fcr das Unterrichten von MBCL und zur Zertifizierung <\/strong> suchen, finden Sie diese in den FAQs unten auf dieser Seite.<\/p>\n<\/div>\n<p>[\/et_pb_text][et_pb_text _builder_version=&#8220;4.27.4&#8243; _module_preset=&#8220;default&#8220; header_text_color=&#8220;#eb611b&#8220; custom_margin=&#8220;||0px||false|false&#8220; custom_padding=&#8220;36px||5px||false|false&#8220; hover_enabled=&#8220;0&#8243; global_colors_info=&#8220;{}&#8220; sticky_enabled=&#8220;0&#8243;]<\/p>\n<h2>Finden Sie einen MBCL Supervisor<\/h2>\n<p>Bitte verwenden Sie die Filterfunktion, um einen qualifizierten MBCL Supervisor in unserer Datenbank zu finden.<\/p>\n<p>[\/et_pb_text][et_pb_code _builder_version=&#8220;4.20.4&#8243; _module_preset=&#8220;default&#8220; custom_margin=&#8220;||25px||false|false&#8220; custom_padding=&#8220;8px||||false|false&#8220; global_colors_info=&#8220;{}&#8220;]\n<div class=\"wpdt-c wdt-skin-light\">\n    \n\n    <div class=\"wpDataTables wpDataTablesFilter wpDataTablesWrapper wdt-skin-light data-t\"\n         data-wpdatatable_id=\"7\">\n        <div id=\"filterBox_table_1\" class=\"wpDataTableFilterBox\">\n                                                <div class=\"wpDataTableFilterSection\"\n                         id=\"table_1_0_filter_sections\">\n                        <label>Language                            :<\/label>\n                        <div id=\"table_1_0_filter\"><\/div>\n                    <\/div>\n                                                                <div class=\"wpDataTableFilterSection\"\n                         id=\"table_1_1_filter_sections\">\n                        <label>Name                            :<\/label>\n                        <div id=\"table_1_1_filter\"><\/div>\n                    <\/div>\n                                                                                                                                <div class=\"wpDataTableFilterSection\" id=\"wdt-clear-filters-button-block\">\n                    <button class=\"button btn wdt-clear-filters-button\"\n                            aria-label=\"Clear filters\" role=\"button\"\n                            data-table_id= table_1>Filter l\u00f6schen<\/button>\n                <\/div>\n                                <\/div>\n    <\/div>\n    <input type=\"hidden\" id=\"table_1_desc\"\n           value='{\"tableId\":\"table_1\",\"tableType\":\"gravity\",\"selector\":\"#table_1\",\"responsive\":true,\"responsiveAction\":\"icon\",\"editable\":false,\"inlineEditing\":false,\"infoBlock\":true,\"pagination_top\":0,\"pagination\":1,\"paginationAlign\":\"right\",\"paginationLayout\":\"full_numbers\",\"paginationLayoutMobile\":\"simple\",\"file_location\":\"wp_media_lib\",\"tableSkin\":\"light\",\"table_wcag\":0,\"simple_template_id\":0,\"scrollable\":false,\"fixedLayout\":true,\"globalSearch\":true,\"showRowsPerPage\":false,\"popoverTools\":false,\"loader\":1,\"showCartInformation\":0,\"hideBeforeLoad\":true,\"number_format\":1,\"decimalPlaces\":2,\"spinnerSrc\":\"https:\\\/\\\/www.mbcl-international.net\\\/wp-content\\\/plugins\\\/wpdatatables\\\/assets\\\/\\\/img\\\/spinner.gif\",\"index_column\":0,\"groupingEnabled\":false,\"tableWpId\":7,\"dataTableParams\":{\"sDom\":\"BT\\u003C\\u0027clear\\u0027\\u003Eftip\",\"bSortCellsTop\":false,\"bFilter\":true,\"bPaginate\":true,\"sPaginationType\":\"full_numbers\",\"aLengthMenu\":[[1,5,10,25,50,100,-1],[1,5,10,25,50,100,\"Alle\"]],\"iDisplayLength\":10,\"columnDefs\":[{\"sType\":\"string\",\"wdtType\":\"string\",\"bVisible\":true,\"orderable\":true,\"searchable\":true,\"InputType\":\"text\",\"name\":\"language\",\"origHeader\":\"language\",\"notNull\":false,\"conditionalFormattingRules\":[],\"transformValueRules\":\"\",\"className\":\" column-language\",\"sWidth\":\"50%\",\"aTargets\":[0]},{\"sType\":\"string\",\"wdtType\":\"string\",\"bVisible\":true,\"orderable\":true,\"searchable\":true,\"InputType\":\"text\",\"name\":\"name\",\"origHeader\":\"name\",\"notNull\":false,\"conditionalFormattingRules\":[],\"transformValueRules\":\"\",\"className\":\" column-name\",\"sWidth\":\"50%\",\"aTargets\":[1]},{\"sType\":\"string\",\"wdtType\":\"link\",\"bVisible\":true,\"orderable\":false,\"searchable\":true,\"InputType\":\"none\",\"name\":\"contact\",\"origHeader\":\"contact\",\"notNull\":false,\"conditionalFormattingRules\":[],\"transformValueRules\":\"\",\"className\":\" column-contact\",\"sWidth\":\"100%\",\"aTargets\":[2]},{\"sType\":\"string\",\"wdtType\":\"string\",\"bVisible\":true,\"orderable\":false,\"searchable\":false,\"InputType\":\"text\",\"name\":\"personaldescription\",\"origHeader\":\"personaldescription\",\"notNull\":false,\"conditionalFormattingRules\":[],\"transformValueRules\":\"\",\"className\":\" column-personaldescription\",\"sWidth\":\"100%\",\"aTargets\":[3]},{\"sType\":\"string\",\"wdtType\":\"string\",\"bVisible\":false,\"orderable\":false,\"searchable\":false,\"InputType\":\"none\",\"name\":\"id\",\"origHeader\":\"id\",\"notNull\":false,\"conditionalFormattingRules\":[],\"transformValueRules\":\"\",\"className\":\" column-id\",\"aTargets\":[4]}],\"bAutoWidth\":false,\"order\":[[0,\"asc\"]],\"ordering\":true,\"fixedHeader\":{\"header\":false,\"headerOffset\":0},\"fixedColumns\":false,\"oLanguage\":{\"sSearchPlaceholder\":\"\"},\"buttons\":[],\"bProcessing\":false,\"oSearch\":{\"bSmart\":false,\"bRegex\":false,\"sSearch\":\"\"}},\"customRowDisplay\":\"\",\"tabletWidth\":\"1024\",\"mobileWidth\":\"1920\",\"renderFilter\":\"footer\",\"advancedFilterEnabled\":true,\"advancedFilterOptions\":{\"aoColumns\":[{\"type\":\"select\",\"columnType\":\"string\",\"numberOfDecimalPlaces\":\"2\",\"possibleValuesType\":\"read\",\"globalSearchColumn\":1,\"values\":null,\"origHeader\":\"language\",\"displayHeader\":\"Language\",\"possibleValuesAddEmpty\":false,\"possibleValuesAjax\":-1,\"column_align_fields\":\"\",\"defaultValue\":\"\",\"column_align_header\":\"\",\"column_rotate_header_name\":\"\",\"exactFiltering\":false,\"filterLabel\":\"\",\"searchInSelectBox\":false,\"searchInSelectBoxEditing\":1,\"checkboxesInModal\":0,\"andLogic\":0,\"linkButtonLabel\":\"\",\"rangeSlider\":false,\"rangeMaxValueDisplay\":\"0\",\"customMaxRangeValue\":\"0\",\"sSelector\":\"#table_1_0_filter\"},{\"type\":\"text\",\"columnType\":\"string\",\"numberOfDecimalPlaces\":\"2\",\"possibleValuesType\":\"read\",\"globalSearchColumn\":1,\"values\":null,\"origHeader\":\"name\",\"displayHeader\":\"Name\",\"possibleValuesAddEmpty\":false,\"possibleValuesAjax\":-1,\"column_align_fields\":\"\",\"defaultValue\":\"\",\"column_align_header\":\"\",\"column_rotate_header_name\":\"\",\"exactFiltering\":false,\"filterLabel\":\"\",\"searchInSelectBox\":1,\"searchInSelectBoxEditing\":1,\"checkboxesInModal\":0,\"andLogic\":0,\"linkButtonLabel\":\"\",\"rangeSlider\":false,\"rangeMaxValueDisplay\":\"0\",\"customMaxRangeValue\":\"0\",\"sSelector\":\"#table_1_1_filter\"},{\"type\":\"null\",\"columnType\":\"link\",\"numberOfDecimalPlaces\":\"2\",\"possibleValuesType\":\"read\",\"globalSearchColumn\":1,\"values\":null,\"origHeader\":\"contact\",\"displayHeader\":\"Contact\",\"possibleValuesAddEmpty\":false,\"possibleValuesAjax\":-1,\"column_align_fields\":\"\",\"defaultValue\":\"\",\"column_align_header\":\"\",\"column_rotate_header_name\":\"\",\"exactFiltering\":false,\"filterLabel\":\"\",\"searchInSelectBox\":1,\"searchInSelectBoxEditing\":false,\"checkboxesInModal\":0,\"andLogic\":0,\"linkButtonLabel\":\"\",\"rangeSlider\":false,\"rangeMaxValueDisplay\":\"default\",\"customMaxRangeValue\":\"0\",\"sSelector\":\"#table_1_2_filter\"},{\"type\":\"null\",\"columnType\":\"string\",\"numberOfDecimalPlaces\":\"2\",\"possibleValuesType\":\"read\",\"globalSearchColumn\":0,\"values\":null,\"origHeader\":\"personaldescription\",\"displayHeader\":\"Personal description\",\"possibleValuesAddEmpty\":false,\"possibleValuesAjax\":-1,\"column_align_fields\":\"\",\"defaultValue\":\"\",\"column_align_header\":\"\",\"column_rotate_header_name\":\"\",\"exactFiltering\":false,\"filterLabel\":\"\",\"searchInSelectBox\":1,\"searchInSelectBoxEditing\":1,\"checkboxesInModal\":0,\"andLogic\":0,\"linkButtonLabel\":\"Personal description\",\"rangeSlider\":false,\"rangeMaxValueDisplay\":\"0\",\"customMaxRangeValue\":\"0\",\"sSelector\":\"#table_1_3_filter\"},{\"type\":\"null\",\"columnType\":\"string\",\"numberOfDecimalPlaces\":\"2\",\"possibleValuesType\":\"read\",\"globalSearchColumn\":0,\"values\":null,\"origHeader\":\"id\",\"displayHeader\":\"id\",\"possibleValuesAddEmpty\":false,\"possibleValuesAjax\":-1,\"column_align_fields\":\"\",\"defaultValue\":\"\",\"column_align_header\":\"\",\"column_rotate_header_name\":\"\",\"exactFiltering\":false,\"filterLabel\":\"\",\"searchInSelectBox\":false,\"searchInSelectBoxEditing\":false,\"checkboxesInModal\":0,\"andLogic\":0,\"linkButtonLabel\":\"\",\"rangeSlider\":false,\"rangeMaxValueDisplay\":\"0\",\"customMaxRangeValue\":\"0\",\"sSelector\":\"#table_1_4_filter\"}],\"bUseColVis\":true},\"filterInForm\":true,\"serverSide\":false,\"columnsFixed\":0,\"sumFunctionsLabel\":\"\",\"avgFunctionsLabel\":\"\",\"minFunctionsLabel\":\"\",\"maxFunctionsLabel\":\"\",\"columnsDecimalPlaces\":{\"language\":-1,\"name\":-1,\"contact\":-1,\"personaldescription\":-1,\"id\":2},\"columnsThousandsSeparator\":[],\"sumColumns\":[],\"avgColumns\":[],\"sumAvgColumns\":[],\"timeFormat\":\"h:i A\",\"datepickFormat\":\"dd M yy\"}'\/>\n\n    <table id=\"table_1\"\n           class=\"  responsive display nowrap wdt-no-display data-t data-t wpDataTable wpDataTableID-7 \"\n           style=\"display: none; \"\n           data-described-by='table_1_desc'\n           data-wpdatatable_id=\"7\">\n        \n        <!-- Table header -->\n        \n<thead>\n<tr>\n                    <th\n        data-class=\"expand\"                class=\" wdtheader sort \"\n        style=\"\">        Language<\/th>        <th\n                        class=\" wdtheader sort \"\n        style=\"\">        Name<\/th>        <th\n                data-hide=\"phone,tablet\"        class=\"phone,tablet wdtheader \"\n        style=\"\">        Contact<\/th>        <th\n                data-hide=\"phone,tablet\"        class=\"phone,tablet wdtheader \"\n        style=\"\">        Personal description<\/th>        <th\n                data-hide=\"phone,tablet\"        class=\"phone,tablet wdtheader \"\n        style=\"\">        id<\/th>    <\/tr>\n<\/thead>\n        <!-- \/Table header -->\n\n        <!-- Table body -->\n        \n<tbody>\n<!-- Table body -->\n<div data-id=\"7\"\n     class=\"wdt-timeline-item wdt-timeline-table_1\"\n     style=\"\">\n    <div class=\"wdt-table-loader\">\n        <div class=\"wdt-table-loader-row wdt-table-loader-header\">\n            <div class=\"wdt-table-loader-header-cell wdt-animated-background\"><\/div>\n            <div class=\"wdt-table-loader-header-cell wdt-animated-background\"><\/div>\n            <div class=\"wdt-table-loader-header-cell wdt-animated-background\"><\/div>\n        <\/div>\n                    <div class=\"wdt-table-loader-row\">\n                <div class=\"wdt-table-loader-cell wdt-animated-background\"><\/div>\n                <div class=\"wdt-table-loader-cell wdt-animated-background\"><\/div>\n                <div class=\"wdt-table-loader-cell wdt-animated-background\"><\/div>\n            <\/div>\n                    <div class=\"wdt-table-loader-row\">\n                <div class=\"wdt-table-loader-cell wdt-animated-background\"><\/div>\n                <div class=\"wdt-table-loader-cell wdt-animated-background\"><\/div>\n                <div class=\"wdt-table-loader-cell wdt-animated-background\"><\/div>\n            <\/div>\n                    <div class=\"wdt-table-loader-row\">\n                <div class=\"wdt-table-loader-cell wdt-animated-background\"><\/div>\n                <div class=\"wdt-table-loader-cell wdt-animated-background\"><\/div>\n                <div class=\"wdt-table-loader-cell wdt-animated-background\"><\/div>\n            <\/div>\n                    <div class=\"wdt-table-loader-row\">\n                <div class=\"wdt-table-loader-cell wdt-animated-background\"><\/div>\n                <div class=\"wdt-table-loader-cell wdt-animated-background\"><\/div>\n                <div class=\"wdt-table-loader-cell wdt-animated-background\"><\/div>\n            <\/div>\n                    <div class=\"wdt-table-loader-row\">\n                <div class=\"wdt-table-loader-cell wdt-animated-background\"><\/div>\n                <div class=\"wdt-table-loader-cell wdt-animated-background\"><\/div>\n                <div class=\"wdt-table-loader-cell wdt-animated-background\"><\/div>\n            <\/div>\n                    <div class=\"wdt-table-loader-row\">\n                <div class=\"wdt-table-loader-cell wdt-animated-background\"><\/div>\n                <div class=\"wdt-table-loader-cell wdt-animated-background\"><\/div>\n                <div class=\"wdt-table-loader-cell wdt-animated-background\"><\/div>\n            <\/div>\n                    <div class=\"wdt-table-loader-row\">\n                <div class=\"wdt-table-loader-cell wdt-animated-background\"><\/div>\n                <div class=\"wdt-table-loader-cell wdt-animated-background\"><\/div>\n                <div class=\"wdt-table-loader-cell wdt-animated-background\"><\/div>\n            <\/div>\n                    <div class=\"wdt-table-loader-row\">\n                <div class=\"wdt-table-loader-cell wdt-animated-background\"><\/div>\n                <div class=\"wdt-table-loader-cell wdt-animated-background\"><\/div>\n                <div class=\"wdt-table-loader-cell wdt-animated-background\"><\/div>\n            <\/div>\n                    <div class=\"wdt-table-loader-row\">\n                <div class=\"wdt-table-loader-cell wdt-animated-background\"><\/div>\n                <div class=\"wdt-table-loader-cell wdt-animated-background\"><\/div>\n                <div class=\"wdt-table-loader-cell wdt-animated-background\"><\/div>\n            <\/div>\n                    <div class=\"wdt-table-loader-row\">\n                <div class=\"wdt-table-loader-cell wdt-animated-background\"><\/div>\n                <div class=\"wdt-table-loader-cell wdt-animated-background\"><\/div>\n                <div class=\"wdt-table-loader-cell wdt-animated-background\"><\/div>\n            <\/div>\n                    <div class=\"wdt-table-loader-row\">\n                <div class=\"wdt-table-loader-cell wdt-animated-background\"><\/div>\n                <div class=\"wdt-table-loader-cell wdt-animated-background\"><\/div>\n                <div class=\"wdt-table-loader-cell wdt-animated-background\"><\/div>\n            <\/div>\n            <\/div>\n<\/div><!-- \/Table body -->\n                    <tr id=\"table_7_row_0\"\n            data-row-index=\"0\">\n                            <td style=\"\">English, German<\/td>\n                            <td style=\"\">Jana Willms<\/td>\n                            <td style=\"\"><a href='https:\/\/www.achtsamkeit-willms.de' rel='' target='_blank'>https:\/\/www.achtsamkeit-willms.de<\/a><\/td>\n                            <td style=\"\">Ich bin Diplom-Psychologin, zertifizierte MBSR-, MBCT- und MBCL-Seniorlehrerin und achtsamkeitsbasierte Supervisorin. Die Praxis von Achtsamkeit und Mitgef\u00fchl begleitet mich seit mehr als 20 Jahren durch mein Leben und bildet die Grundlage und Inspiration meiner Arbeit. Ich unterrichte MBSR und MBCL im Online-Format und in Pr\u00e4senz an verschiedenen Orten in Deutschland, bin Dozentin in der Weiterbildung zum\/zur MBCL-Lehrer*in am Institut f\u00fcr Achtsamkeit (IAS) und Mitautorin des deutschen MBCL-Handbuchs \"Mitgef\u00fchl \u00fcben. Das gro\u00dfe MBCL-Praxisbuch.\u201d Ich habe in den USA gelebt und spreche flie\u00dfend Englisch. Vor dem Studium habe ich eine Ausbildung zur Physiotherapeutin gemacht und praktiziere seit vielen Jahren Yoga.<\/td>\n                            <td style=\"\">407<\/td>\n                    <\/tr>\n                            <tr id=\"table_7_row_1\"\n            data-row-index=\"1\">\n                            <td style=\"\">German<\/td>\n                            <td style=\"\">Heike Alsleben<\/td>\n                            <td style=\"\"><a href='https:\/\/www.heike-alsleben.de' rel='' target='_blank'>https:\/\/www.heike-alsleben.de<\/a><\/td>\n                            <td style=\"\">Dozentin, Supervisorin und Fachleiterin f\u00fcr MBCT im Institut f\u00fcr Achtsamkeit (IAS), Diplom-Psychologin, Psychologische Psychotherapeutin (VT), MBSR-\/MBCT-\/MBCL-Lehrerin (Senior-Teacher-Level)  Mitarbeiterin der Klinik f\u00fcr Psychiatrie und Psychotherapie am Uniklinikum Hamburg-Eppendorf, Co-Leitung der Spezialambulanz f\u00fcr Angst- und Zwangsst\u00f6rungen. Regelm\u00e4\u00dfige Kursangebote bezogen auf MBCT, MBSR und MBCL. Dozentin in der Weiterbildung von Psychologischen Psychotherapeuten und anderen Gesundheitsberufen sowie in der betrieblichen Gesundheitsf\u00f6rderung. Supervisorin in der MBCT-, MBSR- und MBCL-Ausbildung und f\u00fcr MBI-Lehrende. MBI-Fortbildungen bei: Saki Santorelli, Florence Meleo-Meyer, Rebecca Crane, Rick Hanson und Ron Siegel. Einj\u00e4hrige Fortbildung \u00fcber Metta-Meditation bei Marie Mannschatz. Eigene langj\u00e4hrige Metta-Meditations- und Retreatpraxis. Autorin, aktueller Buchtitel: \u201cAchtsame Wege aus der Depression\u201d, erschienen in der Reihe \u201cAchtsam leben\u201d des Scorpio Verlags.<\/td>\n                            <td style=\"\">408<\/td>\n                    <\/tr>\n                            <tr id=\"table_7_row_2\"\n            data-row-index=\"2\">\n                            <td style=\"\">English, French, German<\/td>\n                            <td style=\"\">Gabriela C. von Arx<\/td>\n                            <td style=\"\"><a href='https:\/\/www.gabrielavonarx.ch' rel='' target='_blank'>https:\/\/www.gabrielavonarx.ch<\/a><\/td>\n                            <td style=\"\">Dozentin f\u00fcr MBSR im Institut f\u00fcr Achtsamkeit (IAS), MBSR-\/MBCL-Lehrerin, Ausbildung in Coaching, Organisationsberatung und Supervision BSO, Institut f\u00fcr Identit\u00e4t und Selbsterkenntnis Basel. Diplomierte Physiotherapeutin HF. Gesch\u00e4ftsf\u00fchrerin Institut f\u00fcr Identit\u00e4t und Selbsterkenntnis. Langj\u00e4hrige F\u00fchrungserfahrung sowie T\u00e4tigkeit als Organisationsberaterin, Supervisorin, Coach und Ausbildnerin. \u00dcbungspraxis und Meditationserfahrung in verschiedenen Traditionen seit 1995. Weiterbildung zur MBSR-\/MBCL Lehrerin am IAS. Fortbildungen bei Jon Kabat-Zinn und Saki Santorelli. Von 2011 bis 2015 Pr\u00e4sidium bzw. Vorstandsmitglied im MBSR-Verband Schweiz. Durchf\u00fchrung von MBSR\/MBCL-Kursen, Dozentin am IAS in MBSR-Lehrer-Weiterbildung, Einf\u00fchrungen und Schulungen in Achtsamkeit in verschiedenen Institutionen sowie achtsamkeitsbasiertes Einzel-Coaching.<\/td>\n                            <td style=\"\">409<\/td>\n                    <\/tr>\n                            <tr id=\"table_7_row_3\"\n            data-row-index=\"3\">\n                            <td style=\"\">Dutch, English, German<\/td>\n                            <td style=\"\">Erik van den Brink<\/td>\n                            <td style=\"\"><a href='https:\/\/www.mbcl.org' rel='' target='_blank'>https:\/\/www.mbcl.org<\/a><\/td>\n                            <td style=\"\">Co-founder of MBCL, MBSR\/MBCT\/MBCL teacher Erik van den Brink is a psychiatrist, psychotherapist and trainer in mindfulness and compassion practice. He has a long meditation practice in Zen and Vipassana and is trained by leading teachers in MBSR, MBCT, Interpersonal Mindfulness, Mindfulness-Based Supervision, Acceptance &amp; Commitment Therapy and Compassion Focused Therapy. He has more than 30 years of experience in outpatient psychiatry, was co-founder of the Centre for Integrative Psychiatry in Groningen (NL), now works in his own practice and in psychooncology. With Frits Koster he developed Mindfulness-Based Compassionate Living (MBCL). He lectures in several European countries.<\/td>\n                            <td style=\"\">410<\/td>\n                    <\/tr>\n                            <tr id=\"table_7_row_4\"\n            data-row-index=\"4\">\n                            <td style=\"\">German<\/td>\n                            <td style=\"\">Karin Krudup<\/td>\n                            <td style=\"\"><a href='https:\/\/www.karin-krudup.de' rel='' target='_blank'>https:\/\/www.karin-krudup.de<\/a><\/td>\n                            <td style=\"\">Dozentin f\u00fcr MBSR und MBCL im Institut f\u00fcr Achtsamkeit (IAS), MBSR-\/MBCT-\/MBCL-Lehrerin.<\/td>\n                            <td style=\"\">412<\/td>\n                    <\/tr>\n                            <tr id=\"table_7_row_5\"\n            data-row-index=\"5\">\n                            <td style=\"\">German<\/td>\n                            <td style=\"\">Christian Stocker<\/td>\n                            <td style=\"\"><a href='https:\/\/hausamfluss.org\/' rel='' target='_blank'>https:\/\/hausamfluss.org\/<\/a><\/td>\n                            <td style=\"\">Dipl. Kommunikationsdesigner, MBSR-\/MBCL-Lehrer, Coach, Berater, Autor  Christian Stocker kam 2005 mit Achtsamkeit und Meditation in Ber\u00fchrung, dies ver\u00e4nderte sein Leben tiefgreifend. Umfassende Weiterbildungen in Hypno-systemischem Coaching, Klinischer Hypnose, GfK (Gewaltfreier Kommunikation) sowie MBSR (seit 2010) und MBCL (seit 2014) bereicherten seinen Erfahrungsschatz weiter. Heute arbeitet er als freiberuflicher Berater, Trainer und Coach. Zusammen mit Jana Willms, Frits Koster und Erik van den Brink hat er das neue MBCL-Praxisbuch \u201eMitgef\u00fchl \u00fcben\u201c geschrieben, dass 2020 im Springer Verlag erschienen ist.<\/td>\n                            <td style=\"\">413<\/td>\n                    <\/tr>\n                            <tr id=\"table_7_row_6\"\n            data-row-index=\"6\">\n                            <td style=\"\">English, French, German<\/td>\n                            <td style=\"\">Jean-Daniel R\u00fcedi<\/td>\n                            <td style=\"\"><a href='https:\/\/www.ocentre.ch' rel='' target='_blank'>https:\/\/www.ocentre.ch<\/a><\/td>\n                            <td style=\"\">Formateur, coach et th\u00e9rapeute. Jean-Daniel s\u2019est form\u00e9 en tant qu\u2019instructeur MBSR aupr\u00e8s de l\u2019IMA et comme instructeur MBCL aupr\u00e8s de Frits Koster et Erik Van den Brink. Il transmet les pratiques de pleine conscience de compassion dans ces activit\u00e9s avec des groupes et en individuel. Form\u00e9 \u00e0 la supervision aupr\u00e8s du Mindfulness Network il accompagne des instructeurs MBCL et MBSR dans le d\u00e9veloppement de leur activ\u00e9. Il est actif en Suisse et \u00e0 l\u2019international ainsi qu\u2019en ligne en fran\u00e7ais et en anglais.<\/td>\n                            <td style=\"\">414<\/td>\n                    <\/tr>\n                            <tr id=\"table_7_row_7\"\n            data-row-index=\"7\">\n                            <td style=\"\">French<\/td>\n                            <td style=\"\">Laurence Thomas<\/td>\n                            <td style=\"\"><a href='https:\/\/www.consonanceandco.com' rel='' target='_blank'>https:\/\/www.consonanceandco.com<\/a><\/td>\n                            <td style=\"\">Coach professionnelle MCC et superviseuse de coachs, Laurence enseigne la pleine conscience au travers des programmes MBSR et MBCL ainsi que sous la forme d\u2019ateliers en entreprise. Certifi\u00e9e \u00e0 l\u2019Approche Neurocognitive et Comportementale, elle appr\u00e9cie de combiner plusieurs lectures qui s\u2019\u00e9clairent et s\u2019enrichissent mutuellement. Auteur pour les Editions Dunod, elle apporte \u00e9galement sa contribution \u00e0 l\u2019application Petit BamBou. Elle propose les chroniques \u00ab Choisissez d\u2019\u00eatre heureux\u2026 \u00bb, invitation \u00e0 cultiver pleine conscience et compassion au quotidien<\/td>\n                            <td style=\"\">415<\/td>\n                    <\/tr>\n                            <tr id=\"table_7_row_8\"\n            data-row-index=\"8\">\n                            <td style=\"\">English, French<\/td>\n                            <td style=\"\">Fairouz Vergnes<\/td>\n                            <td style=\"\"><a href='mailto:faverel@gmail.com' rel='' target='_blank'>mailto:faverel@gmail.com<\/a><\/td>\n                            <td style=\"\">M\u00e9decin au CHU de Bordeaux. Devenue instructeur MBSR form\u00e9e par l\u2019IMA, puis instructeur MBCL form\u00e9e aupr\u00e8s des auteurs du programme, Frits Koster et Erik van den Brink, elle met actuellement ses comp\u00e9tences au service des patients et des soignants. Elle contribue \u00e0 diffuser le programme MBCL en France, ayant traduit et co-\u00e9crit leur livre \u2018Le d\u00e9fi de la compassion : vivre avec c\u0153ur\u2019 (De Boeck Sup\u00e9rieur, 2021).<\/td>\n                            <td style=\"\">416<\/td>\n                    <\/tr>\n                            <tr id=\"table_7_row_9\"\n            data-row-index=\"9\">\n                            <td style=\"\">Polish<\/td>\n                            <td style=\"\">Bogna G\u0105siorowska<\/td>\n                            <td style=\"\"><a href='https:\/\/www.polski-instytut-mindfulness.pl' rel='' target='_blank'>https:\/\/www.polski-instytut-mindfulness.pl<\/a><\/td>\n                            <td style=\"\">Absolwentka Psychologii Pozytywnej UW, Wiceprezes Polskiego Instytutu Mindfulness, certyfikowany trener biznesu i FRIS\u00ae (style my\u015blenia i dzia\u0142ania), prelegent na konferencjach o tematyce happiness at work, wsp\u00f3\u0142autorka artyku\u0142u Transforming 21st-century Leader Competencies by Developing Mindfulness. Jej zainteresowania koncentruj\u0105 si\u0119 na rozwijaniu uwa\u017cnego przyw\u00f3dztwa w edukacji i biznesie oraz  budowaniu dobrostanu psychicznego pracownik\u00f3w poprzez wdra\u017canie (MBIs). Wsp\u00f3\u0142autorka wraz z Ma\u0142gorzat\u0105 Jakubczak programu MBTT (Mindfulness-Based Teacher Training) i og\u00f3lnopolskiego projektu UWA\u017bNA SZKO\u0141A.  PL-Warszawa \u2013 Certyfikowany nauczyciel MBSR i MBCL.<\/td>\n                            <td style=\"\">417<\/td>\n                    <\/tr>\n                            <tr id=\"table_7_row_10\"\n            data-row-index=\"10\">\n                            <td style=\"\">Polish<\/td>\n                            <td style=\"\">Anna Gubernat<\/td>\n                            <td style=\"\"><a href='https:\/\/www.mindfulnesskursy.pl' rel='' target='_blank'>https:\/\/www.mindfulnesskursy.pl<\/a><\/td>\n                            <td style=\"\">towarzysz\u0119 jako trener uczestnikom 8-tyg. Kurs\u00f3w MBSR (od 2015) i 8-tyg. Kurs\u00f3w MBCL (od 2019). W 2013 roku za\u0142o\u017cy\u0142am Ko\u0142o Naukowe Mindfulness na Uniwersytecie SWPS w Warszawie, gdzie by\u0142am przewodnicz\u0105c\u0105 do 2018 r. Od roku 2014 by\u0142am prezesem Polskiego Towarzystwa Mindfulness, do rezygnacji w 2019 r. Praktyka w\u0142asna \u2013 buddyzm tybeta\u0144ski w linii Karma Kagyu od 1995 roku. Przeprowadzi\u0142am najwi\u0119cej w Polsce 8-tyg. kurs\u00f3w MBSR i MBCL. Wi\u0119cej informacji o mnie znajdziesz na stronie.<\/td>\n                            <td style=\"\">418<\/td>\n                    <\/tr>\n                            <tr id=\"table_7_row_11\"\n            data-row-index=\"11\">\n                            <td style=\"\">Polish<\/td>\n                            <td style=\"\">Agnieszka Paw\u0142owska<\/td>\n                            <td style=\"\"><a href='https:\/\/www.agnieszka-pawlowska.com' rel='' target='_blank'>https:\/\/www.agnieszka-pawlowska.com<\/a><\/td>\n                            <td style=\"\">Jestem psycholo\u017ck\u0105, a tak\u017ce jedn\u0105 z pierwszych w Polsce certyfikowanych nauczycielek mindfulness (MBSR) oraz compassion (MBCL). Posiadam certyfikat trenera MBB (Mind-Body Bridging), Coacha ICC oraz Mindfulness Life Coacha. Uko\u0144czy\u0142am tak\u017ce szkolenia Trauma-Sensitive Mindfulness oraz Finding Peace in the Frantic World. Na co dzie\u0144 pracuj\u0119 z klientami indywidualnymi i biznesowymi. Prowadz\u0119 tak\u017ce zaj\u0119cia dla student\u00f3w oraz pomagam wdra\u017ca\u0107 uwa\u017cno\u015b\u0107 do polskich szk\u00f3\u0142. Jestem autork\u0105 9 ksi\u0105\u017cek dla dzieci z serii Kraina Uwa\u017cno\u015bci.<\/td>\n                            <td style=\"\">419<\/td>\n                    <\/tr>\n                            <tr id=\"table_7_row_12\"\n            data-row-index=\"12\">\n                            <td style=\"\">English, Spanish<\/td>\n                            <td style=\"\">Sylvia Comas<\/td>\n                            <td style=\"\"><a href='https:\/\/www.mindfulnessconcorazon.com' rel='' target='_blank'>https:\/\/www.mindfulnessconcorazon.com<\/a><\/td>\n                            <td style=\"\">Licenciada de ADE y MBA, trabaj\u00e9 como directiva en diversos pa\u00edses durante 20 a\u00f1os, durante los cuales pude experimentar en primera persona el estr\u00e9s y sus efectos en la mente y en el cuerpo. Practicante de yoga desde 1992 y de meditaci\u00f3n desde 1998. Profesora certificada de reducci\u00f3n de estr\u00e9s con el programa MBSR por el CfM de la Univ. de Massachusetts desde 2012 e Instructora acreditada de MBCL desde 2018. Mi foco est\u00e1 en difundir una pr\u00e1ctica de Mindfulness amable y compasiva en la sociedad.<\/td>\n                            <td style=\"\">420<\/td>\n                    <\/tr>\n                            <tr id=\"table_7_row_13\"\n            data-row-index=\"13\">\n                            <td style=\"\">English<\/td>\n                            <td style=\"\">Ronnie Gower<\/td>\n                            <td style=\"\"><a href='https:\/\/supervision.mindfulness-network.org\/choose-a-supervisor\/ronnie-gower\/' rel='' target='_blank'>https:\/\/supervision.mindfulness-network.org\/choose-a-supervisor\/ronnie-gower\/<\/a><\/td>\n                            <td style=\"\">I work as a Mindfulness Teacher and Cognitive Behavioural Psychotherapist for the NHS and Macmillan cancer charity, where I deliver MBCT (Ca) and MBCL courses. I also teach MBCT and MBCL courses to the general public.  Prior to this I worked as a Dental Surgeon in the NHS with a particular interest in treating patients with additional clinical and psychological needs. Particularly those patients with mouth cancer.<\/td>\n                            <td style=\"\">421<\/td>\n                    <\/tr>\n                            <tr id=\"table_7_row_14\"\n            data-row-index=\"14\">\n                            <td style=\"\">English<\/td>\n                            <td style=\"\">Kate Gooch<\/td>\n                            <td style=\"\"><a href='https:\/\/www.mindfulness4life.co.uk' rel='' target='_blank'>https:\/\/www.mindfulness4life.co.uk<\/a><\/td>\n                            <td style=\"\">I\u2019ve taught mindfulness since 2008, mainly to general population groups and in clinical contexts, as well in schools and the workplace. I teach MBCT for Depression, MBCT for Anxiety, MBCT for General Well-being, MBSR, MBCT for Life, MBCL, and MBIs in schools. In addition, I run courses through Sussex Mindfulness Centre (SMC) and I\u2019m an Associate Teacher for Mindful Health, an organisation that works in collaboration with the SMC to provide mindfulness teacher training. I\u2019m also a qualified Speech and Language Therapist.  In addition to MiSP training and experience, I\u2019ve taught MBSR to pupils and teachers, and delivered MBCT for Life to teachers as part of the MYRIAD research trial. I\u2019ve also taught MBCT to carers.<\/td>\n                            <td style=\"\">422<\/td>\n                    <\/tr>\n                            <tr id=\"table_7_row_15\"\n            data-row-index=\"15\">\n                            <td style=\"\">English, German<\/td>\n                            <td style=\"\">Barbara Hussong<\/td>\n                            <td style=\"\"><a href='https:\/\/www.barbarahussong.co.uk' rel='' target='_blank'>https:\/\/www.barbarahussong.co.uk<\/a><\/td>\n                            <td style=\"\">I offer supervision in English and German. I trained as a mindfulness-based teacher through Bangor University in 2005\/6 and have been teaching 8-week Mindfulness-Based Stress Reduction \/ Mindfulness-Based Cognitive Therapy (MBSR\/MBCT) courses to the general public in Kent since 2006 in group settings and to individuals face-to-face and as a distance learning course. I also provide introductions to mindfulness for people with long-term mental illness. In 2017 I completed the training in Mindfulness-Based Compassionate Living (MBCL) with Erik van den Brink and in MBCT-L (for life) and offer both courses in Kent.  I have been working as a Biodynamic Psychotherapist (UKCP reg.) since 2000, with individuals presenting with a wide range of difficulties and specialise in using one-to-one mindfulness informed approaches in clinical settings.  Since 2009 I have been engaged in supervising mindfulness teachers and offering mentoring for their mindfulness practice.  I have a special interest in expanding and deepening mindfulness practice beyond the 8-week course and so offer groups, practice days and retreats as on-going support and help in facing and working with life\u2019s difficulties in greater awareness.<\/td>\n                            <td style=\"\">423<\/td>\n                    <\/tr>\n                            <tr id=\"table_7_row_16\"\n            data-row-index=\"16\">\n                            <td style=\"\">English<\/td>\n                            <td style=\"\">Alison Evans<\/td>\n                            <td style=\"\"><a href='https:\/\/www.vividmindfulness.co.uk' rel='' target='_blank'>https:\/\/www.vividmindfulness.co.uk<\/a><\/td>\n                            <td style=\"\">I am currently the Supervision Lead for the Mindfulness Network and a member of the core training team at the Centre for Mindfulness Research and Practice (CMRP) at Bangor University, with a particular focus on Mindfulness-based Supervision (MBS) training. I co-founded the Mindfulness Network in 2012 and co-directed\/directed the charity until 2021. From 2008-2017, I was a Senior Lecturer at the University of Exeter and worked as a mindfulness-based cognitive therapist and trainer. I led the postgraduate training, two specific IAPT training programs and a Supervised Pathway in Mindfulness-based Cognitive Therapies and Approaches. I also led the NHS Mindfulness-based Cognitive Therapy (MBCT) service within the AccEPT clinic. Prior to my work at the University of Exeter, I worked as an Occupational Therapist in NHS mental health settings.<\/td>\n                            <td style=\"\">424<\/td>\n                    <\/tr>\n                            <tr id=\"table_7_row_17\"\n            data-row-index=\"17\">\n                            <td style=\"\">Dutch, English, German<\/td>\n                            <td style=\"\">Frits Koster<\/td>\n                            <td style=\"\"><a href='https:\/\/www.fritskoster.com' rel='' target='_blank'>https:\/\/www.fritskoster.com<\/a><\/td>\n                            <td style=\"\">Born in 1957 in the Netherlands, I lived as a Buddhist monk for six years in South East Asia. I have written several books on Buddhist psychology; after returning to the Netherlands, I trained as a nurse in psychiatric settings. I developed as a qualified MBSR\/MBCT teacher in 2007, I am now affiliated as a tutor at various training institutes across the world. Together with my partner Jetty Heynekamp, I teach meditation retreats. With Erik van den Brink I co-founded the Mindfulness-Based Compassionate Living training. Together we wrote several books on MBCL, which are published in various countries and languages.<\/td>\n                            <td style=\"\">425<\/td>\n                    <\/tr>\n                            <tr id=\"table_7_row_18\"\n            data-row-index=\"18\">\n                            <td style=\"\">English<\/td>\n                            <td style=\"\">Nicky Mouat<\/td>\n                            <td style=\"\"><a href='https:\/\/www.simplymindfulnessbrighton.co.uk' rel='' target='_blank'>https:\/\/www.simplymindfulnessbrighton.co.uk<\/a><\/td>\n                            <td style=\"\">I am a Mindfulness Teacher, Supervisor and Dual Qualified Registered Nurse (Mental Health and Adult General) .  I have been teaching Mindfulness since 2015, when I trained as a Mindfulness based Cognitive Therapy Teacher with the Sussex Mindfulness Centre. I went on to train in Mindfulness based Relapse Prevention, and have taught 50+ eight-week courses in both MBCT and MBRP since then, in NHS, Charity and Community settings. In addition to this I have taught adapted courses, and delivered workshops in many organizations, including NHS Clinical Commissioning Departments, University of Brighton Student Wellbeing Services, and HIV Services in Brighton. I am a regular Visiting Lecturer at the University of Brighton, and currently teach the Mindfulness Module on the Adult Mental Health Nursing BA. I am also currently Co-teaching MBRP to Mindfulness teachers with Ser Integral, the Portuguese Centre for Mindfulness, Lisbon. I am an associate teacher for the Sussex Mindfulness Centre, and value my connection with this community.  As a Dual trained Registered Nurse, I have 30 years experience of working in NHS Mental Health services, Substance Misuse Services, Palliative Care and HIV Services, and have experience of teaching mindfulness in all of these settings. My work is now mostly mindfulness based, and I divide my time between teaching eight-week courses, and supervising students and mindfulness teachers.<\/td>\n                            <td style=\"\">427<\/td>\n                    <\/tr>\n                            <tr id=\"table_7_row_19\"\n            data-row-index=\"19\">\n                            <td style=\"\">English<\/td>\n                            <td style=\"\">Gwennie Fraser<\/td>\n                            <td style=\"\"><a href='https:\/\/www.mindfulnessinlife.co.uk' rel='' target='_blank'>https:\/\/www.mindfulnessinlife.co.uk<\/a><\/td>\n                            <td style=\"\">I have been teaching MBSR courses for the general public, workshops for local businesses and organisations, follow-up courses and retreats in northeast England and Northumberland since 2007. I have also been teaching one-to-one Distance Learning programmes and supervising mindfulness-based teachers and trainees through the Centre for Mindfulness Research and Practice (CMRP), Bangor University since 2010, and now as an Associate of the Mindfulness Network.  I have a background in medical anthropology and have always been interested in the vital connection between mind and body, and its implications for well-being. My PhD thesis explored the ritual healing practices of indigenous people in the Bolivian Andes.<\/td>\n                            <td style=\"\">428<\/td>\n                    <\/tr>\n                            <tr id=\"table_7_row_20\"\n            data-row-index=\"20\">\n                            <td style=\"\">English<\/td>\n                            <td style=\"\">Bridgette O\u2019Neill<\/td>\n                            <td style=\"\"><a href='mailto:b.oneill@bangor.ac.uk' rel='' target='_blank'>mailto:b.oneill@bangor.ac.uk<\/a><\/td>\n                            <td style=\"\">In addition to my role as supervisor and retreat lead with the Mindfulness Network, I am an associate of the Centre for Mindfulness Research and Practice, where I work as a tutor on the Masters programme and a trainer and mentor on the CPPD path. I am also an associate of the Sussex Mindfulness Centre, where I work as a trainer and supervisor and teach MBIs to NHS staff and clients. I am a clinical psychologist by professional training and was employed in NHS secondary care mental health services for 16 years. I began teaching mindfulness in the NHS in 2002 and was involved in developing mindfulness provision within Sussex Partnership NHS Foundation Trust. I held a strategic role in the NHS and have experience of service development and governance. As well as being an Associate for CMRP and SMC, I teach MBCT and MBSR in the 3rd sector and for the general public.<\/td>\n                            <td style=\"\">429<\/td>\n                    <\/tr>\n                            <tr id=\"table_7_row_21\"\n            data-row-index=\"21\">\n                            <td style=\"\">Dutch, English<\/td>\n                            <td style=\"\">Marleen ter Avest<\/td>\n                            <td style=\"\"><a href='https:\/\/www.note-to-mind.com' rel='' target='_blank'>https:\/\/www.note-to-mind.com<\/a><\/td>\n                            <td style=\"\">Psycholoog, compassie- en mindfulness trainer en onderzoeker.<\/td>\n                            <td style=\"\">430<\/td>\n                    <\/tr>\n                            <tr id=\"table_7_row_22\"\n            data-row-index=\"22\">\n                            <td style=\"\">Dutch<\/td>\n                            <td style=\"\">Annetje Brunner<\/td>\n                            <td style=\"\"><a href='https:\/\/www.dewerkschuur.nl' rel='' target='_blank'>https:\/\/www.dewerkschuur.nl<\/a><\/td>\n                            <td style=\"\">De Werkschuur Nieuwe Schoolweg 28, Glimmen. Tel. 06-45085157.<\/td>\n                            <td style=\"\">432<\/td>\n                    <\/tr>\n                            <tr id=\"table_7_row_23\"\n            data-row-index=\"23\">\n                            <td style=\"\">Dutch<\/td>\n                            <td style=\"\">Ronald de Caluw\u00e9<\/td>\n                            <td style=\"\"><a href='https:\/\/www.relaxmore.nl' rel='' target='_blank'>https:\/\/www.relaxmore.nl<\/a><\/td>\n                            <td style=\"\">Relax More - C. A. Weersma-van Duinstraat 42, Zutphen. Tel. 06-19136336.<\/td>\n                            <td style=\"\">433<\/td>\n                    <\/tr>\n                            <tr id=\"table_7_row_24\"\n            data-row-index=\"24\">\n                            <td style=\"\">Dutch<\/td>\n                            <td style=\"\">Tineke Coolen<\/td>\n                            <td style=\"\"><a href='https:\/\/www.zelfzorgretraite.nl' rel='' target='_blank'>https:\/\/www.zelfzorgretraite.nl<\/a><\/td>\n                            <td style=\"\">Scholtisstraat 48, Velden (Venlo). Tel. 06-22275601.<\/td>\n                            <td style=\"\">434<\/td>\n                    <\/tr>\n                            <tr id=\"table_7_row_25\"\n            data-row-index=\"25\">\n                            <td style=\"\">Dutch<\/td>\n                            <td style=\"\">Mieke Degenaar<\/td>\n                            <td style=\"\"><a href='https:\/\/www.heelimperfect.nl' rel='' target='_blank'>https:\/\/www.heelimperfect.nl<\/a><\/td>\n                            <td style=\"\">Leven en werken vanuit rust en compassie - Mindfulness- en compassietrainer, begeleider van stilte retraites. Dolderseweg 214, 3734 BP Den Dolder. Tel. 00-31-(0)6-29112511.<\/td>\n                            <td style=\"\">435<\/td>\n                    <\/tr>\n                            <tr id=\"table_7_row_26\"\n            data-row-index=\"26\">\n                            <td style=\"\">Dutch<\/td>\n                            <td style=\"\">Chris Grijns<\/td>\n                            <td style=\"\"><a href='https:\/\/www.mindfulwerken.nl' rel='' target='_blank'>https:\/\/www.mindfulwerken.nl<\/a><\/td>\n                            <td style=\"\">Mindful werken en gezondheidsmanagement - Nieuwendammerdijk 306, Amsterdam. Tel. 06-23242364.<\/td>\n                            <td style=\"\">436<\/td>\n                    <\/tr>\n                            <tr id=\"table_7_row_27\"\n            data-row-index=\"27\">\n                            <td style=\"\">Dutch<\/td>\n                            <td style=\"\">Rommy Hutting<\/td>\n                            <td style=\"\"><a href='https:\/\/sense-aandachttraining.nl\/' rel='' target='_blank'>https:\/\/sense-aandachttraining.nl\/<\/a><\/td>\n                            <td style=\"\">Sense Aandachttraining - Groningen.<\/td>\n                            <td style=\"\">437<\/td>\n                    <\/tr>\n                            <tr id=\"table_7_row_28\"\n            data-row-index=\"28\">\n                            <td style=\"\">Dutch<\/td>\n                            <td style=\"\">Ingrid Jacobs<\/td>\n                            <td style=\"\"><a href='mailto:ingrid.jacobs@uzgent.be' rel='' target='_blank'>mailto:ingrid.jacobs@uzgent.be<\/a><\/td>\n                            <td style=\"\">Universitair Ziekenhuis Gent<\/td>\n                            <td style=\"\">438<\/td>\n                    <\/tr>\n                            <tr id=\"table_7_row_29\"\n            data-row-index=\"29\">\n                            <td style=\"\">Dutch, English<\/td>\n                            <td style=\"\">Wendy Kersemaekers<\/td>\n                            <td style=\"\"><a href='https:\/\/www.kersenpit-mindfulness.nl' rel='' target='_blank'>https:\/\/www.kersenpit-mindfulness.nl<\/a><\/td>\n                            <td style=\"\">Mindfulness en compassietrainer Kersenpit-Mindfulness | Training | Onderzoek - Heilig Landstichting (bij Nijmegen). Tel. 06-25024353.<\/td>\n                            <td style=\"\">439<\/td>\n                    <\/tr>\n                            <tr id=\"table_7_row_30\"\n            data-row-index=\"30\">\n                            <td style=\"\">Dutch<\/td>\n                            <td style=\"\">Caroline van Kolmeschate<\/td>\n                            <td style=\"\"><a href='mailto:cvankolmeschate@hotmail.com' rel='' target='_blank'>mailto:cvankolmeschate@hotmail.com<\/a><\/td>\n                            <td style=\"\">Gz-psycholoog, mindfulness- en compassietrainer Psychologiepraktijk voor Mindfulness, omgeving Alkmaar en GGZ-instelling Invivo Clinics te Amstelveen.<\/td>\n                            <td style=\"\">440<\/td>\n                    <\/tr>\n                            <tr id=\"table_7_row_31\"\n            data-row-index=\"31\">\n                            <td style=\"\">Dutch<\/td>\n                            <td style=\"\">Annalies Otten Hagen<\/td>\n                            <td style=\"\"><a href='https:\/\/www.mhooj.nl' rel='' target='_blank'>https:\/\/www.mhooj.nl<\/a><\/td>\n                            <td style=\"\">Praktijk MHOOJ - Boerhaavelaan 16, Zwolle. Tel: 06-47462543.<\/td>\n                            <td style=\"\">442<\/td>\n                    <\/tr>\n                            <tr id=\"table_7_row_32\"\n            data-row-index=\"32\">\n                            <td style=\"\">Dutch<\/td>\n                            <td style=\"\">Peter Paanakker<\/td>\n                            <td style=\"\"><a href='https:\/\/peterpaanakker.nl\/' rel='' target='_blank'>https:\/\/peterpaanakker.nl\/<\/a><\/td>\n                            <td style=\"\">Mindful Leven en Werken - E 16 A Zuidlaren Tel. 06-22277428.<\/td>\n                            <td style=\"\">443<\/td>\n                    <\/tr>\n                            <tr id=\"table_7_row_33\"\n            data-row-index=\"33\">\n                            <td style=\"\">Dutch<\/td>\n                            <td style=\"\">Karin Rekvelt<\/td>\n                            <td style=\"\"><a href='https:\/\/www.keyworks.nl' rel='' target='_blank'>https:\/\/www.keyworks.nl<\/a><\/td>\n                            <td style=\"\">Registerpsycholoog Arbeid en Gezondheid NIP en CSR partner - Prinsengracht 1031-D, Amsterdam<\/td>\n                            <td style=\"\">444<\/td>\n                    <\/tr>\n                            <tr id=\"table_7_row_34\"\n            data-row-index=\"34\">\n                            <td style=\"\">Dutch, English<\/td>\n                            <td style=\"\">Roeland Schaddelee<\/td>\n                            <td style=\"\"><a href='https:\/\/www.mindfulnesspsycholoog.nl' rel='' target='_blank'>https:\/\/www.mindfulnesspsycholoog.nl<\/a><\/td>\n                            <td style=\"\">GZ-psycholoog, Cognitief gedragstherapeut. Supervisor VGCT. Psychologiepraktijk Denken en Zijn - Claudiagaarde 20, Bussum. Tel. 06-26996310. Ook online supervisie mogelijk.<\/td>\n                            <td style=\"\">445<\/td>\n                    <\/tr>\n                            <tr id=\"table_7_row_35\"\n            data-row-index=\"35\">\n                            <td style=\"\">Dutch<\/td>\n                            <td style=\"\">Titia Schram<\/td>\n                            <td style=\"\"><a href='https:\/\/www.titiaschram.nl' rel='' target='_blank'>https:\/\/www.titiaschram.nl<\/a><\/td>\n                            <td style=\"\">Klinisch psycholoog \/ psychotherapeut, mindfulness- en compassietrainer, sensomotorisch psychotherapeut - Heemsteedse Dreef 38, 2102 KL Heemstede.<\/td>\n                            <td style=\"\">446<\/td>\n                    <\/tr>\n                            <tr id=\"table_7_row_36\"\n            data-row-index=\"36\">\n                            <td style=\"\">Dutch<\/td>\n                            <td style=\"\">Fabiola Schurmans<\/td>\n                            <td style=\"\"><a href='https:\/\/www.psychotherapie-deventer.nl' rel='' target='_blank'>https:\/\/www.psychotherapie-deventer.nl<\/a><\/td>\n                            <td style=\"\">Klinisch Psycholoog; GZ-Psycholoog - Diepenveenseweg 22, Deventer. Tel. 06-10998542.<\/td>\n                            <td style=\"\">447<\/td>\n                    <\/tr>\n                            <tr id=\"table_7_row_37\"\n            data-row-index=\"37\">\n                            <td style=\"\">Dutch<\/td>\n                            <td style=\"\">Ancilla van Steekelenburg<\/td>\n                            <td style=\"\"><a href='mailto:avsteekelenburg@gmail.com' rel='' target='_blank'>mailto:avsteekelenburg@gmail.com<\/a><\/td>\n                            <td style=\"\">Hindestraat 26, Nijmegen.<\/td>\n                            <td style=\"\">448<\/td>\n                    <\/tr>\n                            <tr id=\"table_7_row_38\"\n            data-row-index=\"38\">\n                            <td style=\"\">Dutch<\/td>\n                            <td style=\"\">Matt Tijssen<\/td>\n                            <td style=\"\"><a href='https:\/\/psychotherapie-heiloo.nl\/' rel='' target='_blank'>https:\/\/psychotherapie-heiloo.nl\/<\/a><\/td>\n                            <td style=\"\">Centrum Hart&amp;Ziel - Sluijsweidt 9, 1-hoog 1851 EM Heiloo. Tel. 06-51991492<\/td>\n                            <td style=\"\">450<\/td>\n                    <\/tr>\n                            <tr id=\"table_7_row_39\"\n            data-row-index=\"39\">\n                            <td style=\"\">Dutch<\/td>\n                            <td style=\"\">Maryvonne Verkerke<\/td>\n                            <td style=\"\"><a href='https:\/\/www.gentleminds.nl' rel='' target='_blank'>https:\/\/www.gentleminds.nl<\/a><\/td>\n                            <td style=\"\">Mindfulness- en Compassietrainer, ACT Therapeut - Vlietzorgstraat 15, Haarlem. Tel. 06-30773972.<\/td>\n                            <td style=\"\">451<\/td>\n                    <\/tr>\n                            <tr id=\"table_7_row_40\"\n            data-row-index=\"40\">\n                            <td style=\"\">Dutch<\/td>\n                            <td style=\"\">Fokje Westerling<\/td>\n                            <td style=\"\"><a href='https:\/\/www.solidconcepts.nl' rel='' target='_blank'>https:\/\/www.solidconcepts.nl<\/a><\/td>\n                            <td style=\"\">SolidConcepts - Kamerlingheplein 15, Groningen. Tel. 06-24200882.<\/td>\n                            <td style=\"\">452<\/td>\n                    <\/tr>\n                            <tr id=\"table_7_row_41\"\n            data-row-index=\"41\">\n                            <td style=\"\">Lithuanian<\/td>\n                            <td style=\"\">Lina Bagdonaviciene<\/td>\n                            <td style=\"\"><a href='http:\/\/www.bagdonaviciene.psichologas.lt\/' rel='' target='_blank'>http:\/\/www.bagdonaviciene.psichologas.lt\/<\/a><\/td>\n                            <td style=\"\">Psicholog\u0117-psichoterapeut\u0117, Kognityvin\u0117s ir elgesio terapijos supervizor\u0117, MBSR, MBCT, MBCL program\u0173 mokytoja, lektor\u0117.  Mindfulness prad\u0117jau praktikuoti nuo 2011 met\u0173. Metodikas taikau tiek su individualiais klientais, tiek vesdama grupes. Asmenin\u0119 naud\u0105 pasteb\u0117jau prad\u0117jus praktikuoti, ta\u010diau tik ilg\u0173 met\u0173 praktikavimo d\u0117ka giliau perpratau \u0161ias programas. Tai vienos i\u0161 geriausi\u0173 metodik\u0173, kurios padeda integruoti kitus \u0161iuolaikin\u0117s psichoterapijos \u012fg\u016bd\u017eius.<\/td>\n                            <td style=\"\">494<\/td>\n                    <\/tr>\n                            <tr id=\"table_7_row_42\"\n            data-row-index=\"42\">\n                            <td style=\"\">Portuguese<\/td>\n                            <td style=\"\">Cristina Atanes<\/td>\n                            <td style=\"\"><a href='mailto:atanescristina@gmail.com' rel='' target='_blank'>mailto:atanescristina@gmail.com<\/a><\/td>\n                            <td style=\"\">I am an online teacher at Instituto Plenativamente in Brazil where I teach the 8-week MBCL Course and the Teacher Training of Mindfulness Based Relapse Prevention (MBRP). I started my training in Mindfulness with the British institution Breathworks and am accredited to teach Mindfulness and Compassion for Health and Mindfulness for Stress. I am an online counsellor registered by the British Association of Counselling and Psychotherapy (BACP) and my practice is also informed by mindfulness and compassion therapeutic strategies. Currently I belong to the post-doctoral program of the Federal University of S\u00e3o Paulo (UNIFESP) with the Department of Psychobiology, integrating the Mindfulness Workgroup. I hold a PhD in Health and Social Care (Bangor University) and a Master in Public Health (UNIFESP). I am part of the Awakened Heart Sangha in the UK, as a student of Lama Shenpen Hookham in the Mahamudra and Dzogchen teachings of Tibetan Buddhism.<\/td>\n                            <td style=\"\">509<\/td>\n                    <\/tr>\n                            <tr id=\"table_7_row_43\"\n            data-row-index=\"43\">\n                            <td style=\"\">Turkish<\/td>\n                            <td style=\"\">\u0130hsan Yelkencio\u011flu<\/td>\n                            <td style=\"\"><a href='https:\/\/beninsanakademi.com' rel='' target='_blank'>https:\/\/beninsanakademi.com<\/a><\/td>\n                            <td style=\"\">1976 Senesinde \u0130stanbul\u2019da do\u011fdu. Lisans e\u011fitimini siyaset bilimi ve kamu y\u00f6netimi \u00fczerine yapt\u0131ktan sonra, \u0130\u015fletme Master\u0131 (MBA) ve \u00c7a\u011fda\u015f \u0130\u015fletme y\u00f6netimini doktoras\u0131n\u0131 (Ph.D) tamamlad\u0131. Kendi hayat\u0131n\u0131 sorgulamaya ba\u015flad\u0131ktan sonra 2009 y\u0131l\u0131nda ilk olarak \u201cReiki\u201d enerji \u015fifas\u0131 e\u011fitimi ald\u0131 ve bu konuda master oldu. Daha sonra regresyon uzmanl\u0131\u011f\u0131 ve b\u00fct\u00fcnsel ko\u00e7luk e\u011fitimlerini ald\u0131. 2019 Senesi\u2019nde Mindfulness e\u011fitmeni oldu. Mindfulness Temelli Stres Azaltma (MBSR) ve Mindfulness Temelli \u015eefkatli Ya\u015fam (MBCL) e\u011fitmeni, Mindfulness S\u00fcperviz\u00f6r\u00fc ve Profesyonel B\u00fct\u00fcnc\u00fcl Ko\u00e7 (PCC) olan \u0130hsan Yelkencio\u011flu, bir \u00fcniversitede, Mindfulness, pozitif psikoloji ve end\u00fcstri psikolojisi alanlar\u0131nda dersler vermektedir. Kurucusu oldu\u011fu \u2018Ben \u0130nsan Akademi\u2019 b\u00fcnyesinde bireysel ve kurumsal alanda Mindfulness temelli ki\u015fisel ve kurumsal geli\u015fim programlar\u0131 haz\u0131rlamakta ve e\u011fitimler vermektedir. \u201cNowanda\u201d Mindfulness aplikasyonu i\u00e7in meditasyon haz\u0131rlamakta ve seslendirmektedir. \u0130hsan Yelkencio\u011flu, Minded T\u00fcrkiye (Mindfulness E\u011fitmenleri Derne\u011fi) ve ICF (Uluslararas\u0131 Ko\u00e7luk Federasyonu) \u00fcyesidir.<\/td>\n                            <td style=\"\">586<\/td>\n                    <\/tr>\n                            <tr id=\"table_7_row_44\"\n            data-row-index=\"44\">\n                            <td style=\"\">Turkish<\/td>\n                            <td style=\"\">Z\u00fcmra Atalay<\/td>\n                            <td style=\"\"><a href='https:\/\/www.mindfulnessinstitute.com.tr\/' rel='' target='_blank'>https:\/\/www.mindfulnessinstitute.com.tr\/<\/a><\/td>\n                            <td style=\"\">Prof.  Dr. Z\u00fcmra Atalay, Psikolojik Dan\u0131\u015fman ve Mindfulness E\u011fitmenidir. 2014 y\u0131l\u0131nda Mindfulness Institute T\u00fcrkiye\u2019yi kurmu\u015ftur. Temel \u00e7al\u0131\u015fma alan\u0131 bilin\u00e7li fark\u0131ndal\u0131k (mindfulness), bilin\u00e7li fark\u0131ndal\u0131k temelli terapiler, \u015fefkat (compassion) ve \u015fefkat temelli terapilerdir. Doktora tezi de bu iki konu \u00fczerinedir. \u00dcniversitede verdi\u011fi derslerin ve akademik \u00e7al\u0131\u015fmalar\u0131n yan\u0131 s\u0131ra Mindfulness Institute b\u00fcnyesinde MBSR, MBCT, MBCL ve di\u011fer mindfulness temelli grup \u00e7al\u0131\u015fmalar\u0131, yurt i\u00e7i ve yurt d\u0131\u015f\u0131ndan alan\u0131nda uzman ki\u015filer ile \u00e7e\u015fitli alanlara y\u00f6nelik mindfulness e\u011fitimleri ve e\u011fitici e\u011fitmenlikleri d\u00fczenlemektedir. MBSR, MBCT ve MBCL E\u011fitici E\u011fitmeni ve s\u00fcperviz\u00f6r\u00fcd\u00fcr. Ayr\u0131ca bireysel seanslar, konu\u015fmalar ve kurumlara y\u00f6nelik e\u011fitimler vermektedir. Ayn\u0131 zamanda Mindfulness, \u015eefkat ve Kabul ile ilgili 6 kitab\u0131n yazar\u0131d\u0131r. T\u00fcrkiye Mindfulness E\u011fitmenleri Derne\u011fi (MINDED) kurucu \u00fcyesi, ba\u015fkan\u0131 ve Mindfulness Meditasyonu telefon uygulamas\u0131 olan Mindoor App kurucu orta\u011f\u0131d\u0131r.<\/td>\n                            <td style=\"\">646<\/td>\n                    <\/tr>\n                            <tr id=\"table_7_row_45\"\n            data-row-index=\"45\">\n                            <td style=\"\">Dutch, English<\/td>\n                            <td style=\"\">Rhoda Schuling<\/td>\n                            <td style=\"\"><a href='mailto:rschuling@gmail.com' rel='' target='_blank'>mailto:rschuling@gmail.com<\/a><\/td>\n                            <td style=\"\">Rhoda Schuling has been a mindfulness teacher since 2012 and has taught MBSR for many years in the health setting (Radboudumc Centre for Mindfulness). In 2013, she started her PhD on Compassion in Recurrent Depression at the Radboudumc Centre for Mindfulness, under supervision of professor Anne Speckens (Radboudumc) and Professor Willem Kuyken (Oxford University). She has been giving presentations and workshops at conferences on mindfulness, compassion, meditation and healthy lifestyle since 2011, including the International Conference on Mindfulness in Rome and Amsterdam, the Omega institute in New York, Mind and Life Europe, and the Body, Mind, Unity Conference on Compassion in Prague.  She became a certified MBCL teacher in 2020, and continues to teach mindfulness and compassion in workshops, to individual participants and in groups. In 2022, she joined the MBCL teacher-trainer team. She also works as a Senior Researcher at the Hanze University in the Netherlands, conducting research into healthy lifestyle and the interplay between lifestyle and mental health.<\/td>\n                            <td style=\"\">682<\/td>\n                    <\/tr>\n                            <tr id=\"table_7_row_46\"\n            data-row-index=\"46\">\n                            <td style=\"\">English, French<\/td>\n                            <td style=\"\">St\u00e9phane Faure<\/td>\n                            <td style=\"\"><a href='https:\/\/www.euthymia.fr\/' rel='' target='_blank'>https:\/\/www.euthymia.fr\/<\/a><\/td>\n                            <td style=\"\">J'enseigne la pleine conscience depuis 2010 en France. Les pratiques bas\u00e9es compassion m'aident depuis 1991 et m'ont aid\u00e9 dans des moments tr\u00e8s diff\u00e9rents. En particulier, j'enseigne le programme MBCL depuis 2020.<\/td>\n                            <td style=\"\">708<\/td>\n                    <\/tr>\n                            <tr id=\"table_7_row_47\"\n            data-row-index=\"47\">\n                            <td style=\"\">English, Polish<\/td>\n                            <td style=\"\">Marta Markocka-Pepol<\/td>\n                            <td style=\"\"><a href='mailto:marta.markockapepol@gmail.com' rel='' target='_blank'>mailto:marta.markockapepol@gmail.com<\/a><\/td>\n                            <td style=\"\">Marta Markocka-Pepol trained as an MBSR teacher in 2018 in the former Polish Mindfulness Institute (Fundacja Polski Instytut Mindfulness), as an MBCL teacher in 2021 in the Institute for Mindfulness-Based Approaches, and as a DMMC teacher in ZoMindful in 2023. She has since been teaching the three programs to the general public, and also mindfulness group workshops in companies and institutions. She is a co-author of Polish MBCL Workbook \u017bycie ze wsp\u00f3\u0142czuciem oparte na uwa\u017cno\u015bci. Praktyczny przewodnik po kursie MBCL, published in 2023. She is a founder and a translator in Wasza Uwa\u017cno\u015b\u0107 \u2013 szkolenia trenerskie, an initiative started in 2023 to enable Polish mindfulness teachers and practictioners participate in MBCL teacher trainings, DMMC teacher trainings, and retreats taught by senior meditation teachers. She completed the \u201eSupervision Level 1\u201d training at the Mindfulness Network. Website: www.mbcl-polska.pl<\/td>\n                            <td style=\"\">711<\/td>\n                    <\/tr>\n                            <tr id=\"table_7_row_48\"\n            data-row-index=\"48\">\n                            <td style=\"\">Polish<\/td>\n                            <td style=\"\">Katarzyna Koryga<\/td>\n                            <td style=\"\"><a href='https:\/\/sztukaumyslu.com\/' rel='' target='_blank'>https:\/\/sztukaumyslu.com\/<\/a><\/td>\n                            <td style=\"\">Jestem certyfikowan\u0105 nauczycielk\u0105 program\u00f3w MBSR i MBCL. Od 2019 roku regularnie prowadz\u0119 stacjonarne kursy w Warszawie i online. Jestem wsp\u00f3\u0142autork\u0105 rocznego Treningu Pog\u0142\u0119biania Uwa\u017cno\u015bci dla os\u00f3b, kt\u00f3re chc\u0105 \u017cy\u0107 uwa\u017cnie i rozwija\u0107 swoj\u0105 \u015bcie\u017ck\u0119 medytacyjn\u0105. Prowadz\u0119 odosobnienia i wyjazdy rozwojowe. Jestem mentork\u0105 praktyk\u00f3w uwa\u017cno\u015bci i superwizork\u0105 nauczycieli mindfulness. Prowadz\u0119 sangh\u0119 dla absolwent\u00f3w moich kurs\u00f3w mbsr i mbcl. W latach 2020-2022 pe\u0142ni\u0142am funkcj\u0119 wiceprezeski Polskiego Instytutu Mindfulness. \u017byj\u0119 i ucz\u0119 z \u017cyczliwo\u015bci\u0105. Ka\u017cd\u0105 osob\u0119 w procesach ze mn\u0105 traktuj\u0119 indywidualnie, z szacunkiem dla jej osobistej historii. Wierz\u0119, \u017ce \u017cyczliwo\u015b\u0107 zmienia \u017cycie. Zapraszam do wys\u0142ania mi wiadomo\u015bci e-mail: kbkoryga@gmail.com.<\/td>\n                            <td style=\"\">767<\/td>\n                    <\/tr>\n            <\/tbody>        <!-- \/Table body -->\n\n        <!-- Table footer -->\n        \n    <tfoot>\n                <tr style=\"display: none\">\n                            <td\n                class=\"wdtheader sort \"\n                style=\"\">Language<\/td>                <td\n                class=\"wdtheader sort \"\n                style=\"\">Name<\/td>                <td\n                class=\"wdtheader  \"\n                style=\"\"><\/td>                <td\n                class=\"wdtheader  \"\n                style=\"\"><\/td>                <td\n                class=\"wdtheader  \"\n                style=\"\"><\/td>        <\/tr>\n                            <\/tfoot>\n        <!-- \/Table footer -->\n    <\/table>\n\n<\/div><style>\ntable.wpDataTable { table-layout: fixed !important; }\ntable.wpDataTable td, table.wpDataTable th { white-space: normal !important; }\n.wpDataTablesWrapper {\n    margin-bottom: -20px !important;\n}\n\ntable.wpDataTable ul li {\n  list-style: none !important;\n}table.wpDataTable td.numdata { text-align: right !important; }\n<\/style>\n<style>\n<\/style>\n[\/et_pb_code][et_pb_text _builder_version=&#8220;4.20.0&#8243; _module_preset=&#8220;default&#8220; custom_margin=&#8220;0px||0px||false|false&#8220; custom_padding=&#8220;18px||50px||false|false&#8220; global_colors_info=&#8220;{}&#8220;]<\/p>\n<p>F\u00fcr weitere Informationen klicken Sie bitte auf das<strong>&#8222;+<\/strong>&#8220; vor der jeweiligen Sprache.<\/p>\n<p>[\/et_pb_text][et_pb_text _builder_version=&#8220;4.27.0&#8243; _module_preset=&#8220;default&#8220; header_text_color=&#8220;#eb611b&#8220; custom_padding=&#8220;15px||||false|false&#8220; global_colors_info=&#8220;{}&#8220;]<\/p>\n<h2>FAQ: Supervision f\u00fcr das Unterrichten von MBCL und zur Zertifizierung<\/h2>\n<p>[\/et_pb_text][et_pb_accordion toggle_icon=&#8220;&#x50;||divi||400&#8243; _builder_version=&#8220;4.24.2&#8243; _module_preset=&#8220;default&#8220; global_colors_info=&#8220;{}&#8220;][et_pb_accordion_item title=&#8220;Wie werde ich zertifizierte*r MBCL-Lehrer*in?&#8220; open=&#8220;on&#8220; _builder_version=&#8220;4.24.2&#8243; _module_preset=&#8220;default&#8220; global_colors_info=&#8220;{}&#8220;]<\/p>\n<p>Um eine zertifizierte MBCL-Lehrperson zu werden (und in das internationale Register f\u00fcr zertifizierte MBCL-Lehrende auf dieser Webseite aufgenommen zu werden), m\u00fcssen Sie nach der Teilnahme an der MBCL-Weiterbildung einen MBCL-Gruppenkurs mit mindestens vier Teilnehmenden und mindestens drei Stunden begleitender Supervision unterrichten. Ziel der Supervision ist es, die Supervisand*innen beim Unterrichten von MBCL zu unterst\u00fctzen, damit sie den Kurs zuk\u00fcnftig eigenverantwortlich anbieten k\u00f6nnen.<\/p>\n<p>[\/et_pb_accordion_item][et_pb_accordion_item title=&#8220;Gibt es formale Richtlinien, an denen sich die MBCL-Supervisor*innen orientieren?&#8220; _builder_version=&#8220;4.20.4&#8243; _module_preset=&#8220;default&#8220; global_colors_info=&#8220;{}&#8220; open=&#8220;off&#8220;]<\/p>\n<p>Solange es noch keine internationalen formellen Richtlinien gibt, dienen die Good Practice Guidelines for Supervisors of Mindfulness-Based Teachers, die von der BAMBA (British Association of Mindfulness-Based Approaches) formuliert wurden, als Leitlinien f\u00fcr MBCL-Supervisor*innen.<\/p>\n<p><a href=\"https:\/\/bamba.org.uk\/teachers\/good-practice-guidelines\/\" target=\"_blank\" rel=\"noopener\">Klicken Sie hier<\/a> f\u00fcr die BAMBA Good Practice-Leitlinien.<\/p>\n<p>[\/et_pb_accordion_item][et_pb_accordion_item title=&#8220;Gibt es formale Leitlinien an die ich mich halten muss, wenn ich MBCL-Kurse unterrichte?&#8220; _builder_version=&#8220;4.20.4&#8243; _module_preset=&#8220;default&#8220; global_colors_info=&#8220;{}&#8220; open=&#8220;off&#8220;]<\/p>\n<p>Solange noch keine formalen internationalen Richtlinien gibt, k\u00f6nnen die von der BAMBA (British Association of Mindfulness-Based Approaches) formulierten Good Pracice Guidelines for Teaching Mindfulness-Based Courses als Leitfaden dienen.<\/p>\n<p><a href=\"https:\/\/bamba.org.uk\/teachers\/good-practice-guidelines\/\" target=\"_blank\" rel=\"noopener\">Klicken Sie hier<\/a> f\u00fcr die BAMBA Good Practice-Leitlinien.<\/p>\n<p>[\/et_pb_accordion_item][et_pb_accordion_item title=&#8220;\u00dcber welche Bereiche kann in der MBCL-Supervision reflektiert werden?&#8220; _builder_version=&#8220;4.20.4&#8243; _module_preset=&#8220;default&#8220; global_colors_info=&#8220;{}&#8220; open=&#8220;off&#8220;]<\/p>\n<p>Die Supervisand*innen k\u00f6nnen entsprechend ihren Lernbed\u00fcrfnissen selbst Themen in die Supervision einbringen. Die sechs Kompetenzbereiche, wie sie im MBI-TAC von Crane et al. (2012) beschrieben werden, sind vollst\u00e4ndig auf MBCL anwendbar und k\u00f6nnen eine wertvolle Ressource f\u00fcr das Erkennen von Entwicklungsbereichen sein.<\/p>\n<p>Bereitstellung und Organisation des MBCL-Programms f\u00fcr die Zielgruppe in einem angemessenen Tempo.<\/p>\n<p>Beziehungskompetenz.<\/p>\n<p>Verk\u00f6rperung von Achtsamkeit und Mitgef\u00fchl (Embodiment).<\/p>\n<p>Anleitung von MBCL-\u00dcbungen.<\/p>\n<p>Vermittlung von MBCL-Themen durch interaktive Inquiry (achtsamer Dialog) und didaktisches Unterrichten.<\/p>\n<p>Halten (Holding) einer sicheren Atmosph\u00e4re und eines konstruktiven Lernumfelds.<\/p>\n<p>Die vollst\u00e4ndige Version von MBI-TAC und die letzten Updates finden Sie <a href=\"https:\/\/mbitac.bangor.ac.uk\/mbitac-tool.php.en\" target=\"_blank\" rel=\"noopener\">hier.<\/a><\/p>\n<p>[\/et_pb_accordion_item][et_pb_accordion_item title=&#8220;Wie bringen die Supervisand*innen Themen in die Supervision ein?&#8220; _builder_version=&#8220;4.20.4&#8243; _module_preset=&#8220;default&#8220; global_colors_info=&#8220;{}&#8220; open=&#8220;off&#8220;]<\/p>\n<p>Die supervidierende Person kann den\/die Supervisand*in bitten, sp\u00e4testens 2-3 Tage vor einer geplanten Supervisionssitzung eine E-Mail mit spezifischen Fragen und\/oder Themen f\u00fcr die gemeinsame Reflexion zu schicken. Bei der zweiten und dritten Sitzung k\u00f6nnen die Supervisand*innen auch gebeten werden, einen kurzen Reflexionsbericht mit den Erkenntnissen aus der vorangegangenen Sitzung und der Art und Weise zu verfassen, wie sie die besprochenen Themen w\u00e4hrend des Unterrichtens angewendet haben.<\/p>\n<p>[\/et_pb_accordion_item][et_pb_accordion_item title=&#8220;Gibt es am Ende des MBCL-Supervisionsprozesses eine formale Bewertung?&#8220; _builder_version=&#8220;4.20.4&#8243; _module_preset=&#8220;default&#8220; global_colors_info=&#8220;{}&#8220; open=&#8220;off&#8220;]<\/p>\n<p>Es findet keine formale Bewertung statt, da die Supervisand*innen bereits einen Zertifizierungsprozess f\u00fcr das Unterrichten von Achtsamkeit durchlaufen haben. Zertifizierte Achtsamkeitslehrende werden als f\u00e4hig betrachtet selbst zu beurteilen, wann sie zus\u00e4tzliche achtsamkeitsbasierte Interventionen in ihr Repertoire aufnehmen k\u00f6nnen. Der\/Die Supervisor*in kann jedoch Empfehlungen aussprechen, die auf dem Eindruck eines Supervisanden\/einer Supervisandin w\u00e4hrend des MBCL-Supervisionsprozesses basieren.<\/p>\n<p>Bei Zweifeln \u00fcber die Kompetenzen eines\/einer Supervisand*in wird die supervidierende Person dies mit dem\/der Supervisand*in besprechen. Der\/Die Supervisor*in kann dann zus\u00e4tzliche Fortbildung, Praxis und\/oder Supervision empfehlen. In Absprache mit dem Supervisanden\/der Supervisandin kann der\/die Supervisor*in auch Frits Koster oder Erik van den Brink oder andere erfahrene MBCL-Ausbilder*innen um Rat fragen.<\/p>\n<p>[\/et_pb_accordion_item][et_pb_accordion_item title=&#8220;Was wird der\/die Supervisor*in mir in Rechnung stellen?&#8220; _builder_version=&#8220;4.20.4&#8243; _module_preset=&#8220;default&#8220; global_colors_info=&#8220;{}&#8220; open=&#8220;off&#8220;]<\/p>\n<p>Es ist kein Honorarsatz vorgeschrieben, da es in den verschiedenen L\u00e4ndern erhebliche Unterschiede hinsichtlich dessen gibt, was als \u00fcblich und angemessen betrachtet wird. Supervisor*innen orientieren sich an den von ihren nationalen Achtsamkeitsverb\u00e4nden empfohlenen Honorars\u00e4tzen orientieren. Vertragliche Vereinbarungen und Details zur Rechnungsstellung m\u00fcssen individuell mit dem\/der Supervisor*in besprochen werden.<\/p>\n<p>[\/et_pb_accordion_item][et_pb_accordion_item title=&#8220;Wie kann ich in das internationale Verzeichnis f\u00fcr zertifizierte MBCL-Lehrende aufgenommen werden?&#8220; _builder_version=&#8220;4.24.2&#8243; _module_preset=&#8220;default&#8220; global_colors_info=&#8220;{}&#8220; open=&#8220;off&#8220;]<\/p>\n<p>Nach dem erfolgreichen Abschluss des MBCL-Zertifizierungskurses, der von mindestens drei einst\u00fcndigen Supervisionssitzungen begleitet wird, sendet der <strong>Supervisor<\/strong> eine E-Mail an die zust\u00e4ndige Koordinatorin Jana Willms (info@achtsamkeit-willms.de) und in cc an den Supervisanden, in der er mitteilt, dass der Supervisand f\u00fcr die Aufnahme in das Internationale Register f\u00fcr zertifizierte MBCL-Lehrer empfohlen wird.<\/p>\n<p><strong>Der Supervisand\/die Supervisandin<\/strong> muss dann eine entsprechende E-Mail an die zust\u00e4ndige Koordinatorin Jana Willms (info@achtsamkeit-willms.de) senden, in der er\/sie um die Aufnahme in das internationale Verzeichnis bittet und eine Kontaktm\u00f6glichkeit (Website, E-Mail oder pdf-Datei) angibt, um dort ver\u00f6ffentlicht zu werden. Eine Kopie eines Dokuments oder ein Link zu einem anerkannten Achtsamkeitsinstitut, aus dem hervorgeht, dass die supervidierte Person zertifiziert ist, MBSR, MBCT oder ein anderes anerkanntes achtsamkeitsbasiertes Programm zu unterrichten, sowie eine Kopie der Bescheinigung \u00fcber die Teilnahme an der MBCL-Weiterbildung m\u00fcssen beigef\u00fcgt werden.<\/p>\n<p>[\/et_pb_accordion_item][\/et_pb_accordion][\/et_pb_column][et_pb_column type=&#8220;1_3&#8243; _builder_version=&#8220;4.17.6&#8243; _module_preset=&#8220;default&#8220; background_color=&#8220;rgba(0,0,0,0.04)&#8220; custom_padding=&#8220;15px|20px||20px|false|false&#8220; border_radii=&#8220;on|3px|3px|3px|3px&#8220; border_width_all=&#8220;1px&#8220; border_color_all=&#8220;rgba(0,0,0,0.1)&#8220; box_shadow_style=&#8220;preset1&#8243; box_shadow_vertical=&#8220;0px&#8220; box_shadow_blur=&#8220;10px&#8220; box_shadow_color=&#8220;rgba(0,0,0,0.2)&#8220; global_colors_info=&#8220;{}&#8220;][et_pb_text _builder_version=&#8220;4.19.4&#8243; _module_preset=&#8220;default&#8220; text_text_color=&#8220;#555555&#8243; header_2_text_color=&#8220;#666666&#8243; custom_margin=&#8220;||||false|false&#8220; custom_padding=&#8220;||5px||false|false&#8220; border_width_bottom=&#8220;1px&#8220; border_color_bottom=&#8220;#999999&#8243; global_colors_info=&#8220;{}&#8220;]<\/p>\n<h2 style=\"text-align: center;\">MBCL Blog<\/h2>\n<p>[\/et_pb_text][et_pb_blog posts_number=&#8220;3&#8243; include_categories=&#8220;107&#8243; show_more=&#8220;on&#8220; show_categories=&#8220;off&#8220; _builder_version=&#8220;4.19.4&#8243; _module_preset=&#8220;default&#8220; body_text_color=&#8220;#666666&#8243; read_more_font=&#8220;||||||||&#8220; read_more_text_color=&#8220;#eb611b&#8220; read_more_line_height=&#8220;2em&#8220; custom_margin=&#8220;||||false|false&#8220; custom_padding=&#8220;||||false|false&#8220; global_colors_info=&#8220;{}&#8220;][\/et_pb_blog][\/et_pb_column][\/et_pb_row][\/et_pb_section]<\/p>\n","protected":false},"excerpt":{"rendered":"<p>MBCL Supervision und qualifizierte MBCL SupervisorenSupervision ist f\u00fcr das MBCL-Zertifikat obligatorisch und f\u00fcr Ihre Entwicklung als MBI-Lehrer unerl\u00e4sslich. Unten finden Sie das Verzeichnis der qualifizierten MBCL-Supervisoren, die Sie begleiten. Die Bedeutung von Supervision und st\u00e4ndiger Weiterbildung bei der Vermittlung achtsamkeitsbasierter Interventionen In den letzten Jahren wird international immer mehr Wert auf qualitativ hochwertige Durchf\u00fchrung (Good [&hellip;]<\/p>\n","protected":false},"author":1,"featured_media":0,"parent":0,"menu_order":0,"comment_status":"closed","ping_status":"closed","template":"","meta":{"_et_pb_use_builder":"on","_et_pb_old_content":"","_et_gb_content_width":"","footnotes":""},"difl_page_category":[],"class_list":["post-2176","page","type-page","status-publish","hentry"],"yoast_head":"<!-- This site is optimized with the Yoast SEO plugin v27.3 - https:\/\/yoast.com\/product\/yoast-seo-wordpress\/ -->\n<title>MBCL-Supervision<\/title>\n<meta name=\"description\" content=\"Supervision ist obligatorisch f\u00fcr ein MBCL-Zertifikat und wesentlich f\u00fcr Ihre Entwicklung als MBI-Lehrer. Finden Sie registrierte Supervisoren, die Sie begleiten\" \/>\n<meta name=\"robots\" content=\"index, follow, max-snippet:-1, max-image-preview:large, max-video-preview:-1\" \/>\n<link rel=\"canonical\" href=\"https:\/\/www.mbcl-international.net\/de\/mbcl-supervision\/\" \/>\n<meta property=\"og:locale\" content=\"de_DE\" \/>\n<meta property=\"og:type\" content=\"article\" \/>\n<meta property=\"og:title\" content=\"MBCL-Supervision\" \/>\n<meta property=\"og:description\" content=\"Supervision ist obligatorisch f\u00fcr ein MBCL-Zertifikat und wesentlich f\u00fcr Ihre Entwicklung als MBI-Lehrer. Finden Sie registrierte Supervisoren, die Sie begleiten\" \/>\n<meta property=\"og:url\" content=\"https:\/\/www.mbcl-international.net\/de\/mbcl-supervision\/\" \/>\n<meta property=\"og:site_name\" content=\"MBCL International\" \/>\n<meta property=\"article:modified_time\" content=\"2025-04-06T09:01:28+00:00\" \/>\n<meta name=\"twitter:card\" content=\"summary_large_image\" \/>\n<meta name=\"twitter:label1\" content=\"Gesch\u00e4tzte Lesezeit\" \/>\n\t<meta name=\"twitter:data1\" content=\"19\u00a0Minuten\" \/>\n<script type=\"application\/ld+json\" class=\"yoast-schema-graph\">{\"@context\":\"https:\\\/\\\/schema.org\",\"@graph\":[{\"@type\":\"WebPage\",\"@id\":\"https:\\\/\\\/www.mbcl-international.net\\\/de\\\/mbcl-supervision\\\/\",\"url\":\"https:\\\/\\\/www.mbcl-international.net\\\/de\\\/mbcl-supervision\\\/\",\"name\":\"MBCL-Supervision\",\"isPartOf\":{\"@id\":\"https:\\\/\\\/www.mbcl-international.net\\\/de\\\/#website\"},\"datePublished\":\"2022-08-13T12:32:42+00:00\",\"dateModified\":\"2025-04-06T09:01:28+00:00\",\"description\":\"Supervision ist obligatorisch f\u00fcr ein MBCL-Zertifikat und wesentlich f\u00fcr Ihre Entwicklung als MBI-Lehrer. Finden Sie registrierte Supervisoren, die Sie begleiten\",\"breadcrumb\":{\"@id\":\"https:\\\/\\\/www.mbcl-international.net\\\/de\\\/mbcl-supervision\\\/#breadcrumb\"},\"inLanguage\":\"de\",\"potentialAction\":[{\"@type\":\"ReadAction\",\"target\":[\"https:\\\/\\\/www.mbcl-international.net\\\/de\\\/mbcl-supervision\\\/\"]}]},{\"@type\":\"BreadcrumbList\",\"@id\":\"https:\\\/\\\/www.mbcl-international.net\\\/de\\\/mbcl-supervision\\\/#breadcrumb\",\"itemListElement\":[{\"@type\":\"ListItem\",\"position\":1,\"name\":\"Startseite\",\"item\":\"https:\\\/\\\/www.mbcl-international.net\\\/de\\\/\"},{\"@type\":\"ListItem\",\"position\":2,\"name\":\"MBCL-Supervision\"}]},{\"@type\":\"WebSite\",\"@id\":\"https:\\\/\\\/www.mbcl-international.net\\\/de\\\/#website\",\"url\":\"https:\\\/\\\/www.mbcl-international.net\\\/de\\\/\",\"name\":\"MBCL International\",\"description\":\"Mindfulness-Based Compassionate Living\",\"publisher\":{\"@id\":\"https:\\\/\\\/www.mbcl-international.net\\\/de\\\/#organization\"},\"potentialAction\":[{\"@type\":\"SearchAction\",\"target\":{\"@type\":\"EntryPoint\",\"urlTemplate\":\"https:\\\/\\\/www.mbcl-international.net\\\/de\\\/?s={search_term_string}\"},\"query-input\":{\"@type\":\"PropertyValueSpecification\",\"valueRequired\":true,\"valueName\":\"search_term_string\"}}],\"inLanguage\":\"de\"},{\"@type\":\"Organization\",\"@id\":\"https:\\\/\\\/www.mbcl-international.net\\\/de\\\/#organization\",\"name\":\"MBCL\",\"url\":\"https:\\\/\\\/www.mbcl-international.net\\\/de\\\/\",\"logo\":{\"@type\":\"ImageObject\",\"inLanguage\":\"de\",\"@id\":\"https:\\\/\\\/www.mbcl-international.net\\\/de\\\/#\\\/schema\\\/logo\\\/image\\\/\",\"url\":\"https:\\\/\\\/www.mbcl-international.net\\\/wp-content\\\/uploads\\\/2022\\\/08\\\/MBCL-Logo.jpg\",\"contentUrl\":\"https:\\\/\\\/www.mbcl-international.net\\\/wp-content\\\/uploads\\\/2022\\\/08\\\/MBCL-Logo.jpg\",\"width\":600,\"height\":340,\"caption\":\"MBCL\"},\"image\":{\"@id\":\"https:\\\/\\\/www.mbcl-international.net\\\/de\\\/#\\\/schema\\\/logo\\\/image\\\/\"}}]}<\/script>\n<!-- \/ Yoast SEO plugin. -->","yoast_head_json":{"title":"MBCL-Supervision","description":"Supervision ist obligatorisch f\u00fcr ein MBCL-Zertifikat und wesentlich f\u00fcr Ihre Entwicklung als MBI-Lehrer. Finden Sie registrierte Supervisoren, die Sie begleiten","robots":{"index":"index","follow":"follow","max-snippet":"max-snippet:-1","max-image-preview":"max-image-preview:large","max-video-preview":"max-video-preview:-1"},"canonical":"https:\/\/www.mbcl-international.net\/de\/mbcl-supervision\/","og_locale":"de_DE","og_type":"article","og_title":"MBCL-Supervision","og_description":"Supervision ist obligatorisch f\u00fcr ein MBCL-Zertifikat und wesentlich f\u00fcr Ihre Entwicklung als MBI-Lehrer. Finden Sie registrierte Supervisoren, die Sie begleiten","og_url":"https:\/\/www.mbcl-international.net\/de\/mbcl-supervision\/","og_site_name":"MBCL International","article_modified_time":"2025-04-06T09:01:28+00:00","twitter_card":"summary_large_image","twitter_misc":{"Gesch\u00e4tzte Lesezeit":"19\u00a0Minuten"},"schema":{"@context":"https:\/\/schema.org","@graph":[{"@type":"WebPage","@id":"https:\/\/www.mbcl-international.net\/de\/mbcl-supervision\/","url":"https:\/\/www.mbcl-international.net\/de\/mbcl-supervision\/","name":"MBCL-Supervision","isPartOf":{"@id":"https:\/\/www.mbcl-international.net\/de\/#website"},"datePublished":"2022-08-13T12:32:42+00:00","dateModified":"2025-04-06T09:01:28+00:00","description":"Supervision ist obligatorisch f\u00fcr ein MBCL-Zertifikat und wesentlich f\u00fcr Ihre Entwicklung als MBI-Lehrer. Finden Sie registrierte Supervisoren, die Sie begleiten","breadcrumb":{"@id":"https:\/\/www.mbcl-international.net\/de\/mbcl-supervision\/#breadcrumb"},"inLanguage":"de","potentialAction":[{"@type":"ReadAction","target":["https:\/\/www.mbcl-international.net\/de\/mbcl-supervision\/"]}]},{"@type":"BreadcrumbList","@id":"https:\/\/www.mbcl-international.net\/de\/mbcl-supervision\/#breadcrumb","itemListElement":[{"@type":"ListItem","position":1,"name":"Startseite","item":"https:\/\/www.mbcl-international.net\/de\/"},{"@type":"ListItem","position":2,"name":"MBCL-Supervision"}]},{"@type":"WebSite","@id":"https:\/\/www.mbcl-international.net\/de\/#website","url":"https:\/\/www.mbcl-international.net\/de\/","name":"MBCL International","description":"Mindfulness-Based Compassionate Living","publisher":{"@id":"https:\/\/www.mbcl-international.net\/de\/#organization"},"potentialAction":[{"@type":"SearchAction","target":{"@type":"EntryPoint","urlTemplate":"https:\/\/www.mbcl-international.net\/de\/?s={search_term_string}"},"query-input":{"@type":"PropertyValueSpecification","valueRequired":true,"valueName":"search_term_string"}}],"inLanguage":"de"},{"@type":"Organization","@id":"https:\/\/www.mbcl-international.net\/de\/#organization","name":"MBCL","url":"https:\/\/www.mbcl-international.net\/de\/","logo":{"@type":"ImageObject","inLanguage":"de","@id":"https:\/\/www.mbcl-international.net\/de\/#\/schema\/logo\/image\/","url":"https:\/\/www.mbcl-international.net\/wp-content\/uploads\/2022\/08\/MBCL-Logo.jpg","contentUrl":"https:\/\/www.mbcl-international.net\/wp-content\/uploads\/2022\/08\/MBCL-Logo.jpg","width":600,"height":340,"caption":"MBCL"},"image":{"@id":"https:\/\/www.mbcl-international.net\/de\/#\/schema\/logo\/image\/"}}]}},"_links":{"self":[{"href":"https:\/\/www.mbcl-international.net\/de\/wp-json\/wp\/v2\/pages\/2176","targetHints":{"allow":["GET"]}}],"collection":[{"href":"https:\/\/www.mbcl-international.net\/de\/wp-json\/wp\/v2\/pages"}],"about":[{"href":"https:\/\/www.mbcl-international.net\/de\/wp-json\/wp\/v2\/types\/page"}],"author":[{"embeddable":true,"href":"https:\/\/www.mbcl-international.net\/de\/wp-json\/wp\/v2\/users\/1"}],"replies":[{"embeddable":true,"href":"https:\/\/www.mbcl-international.net\/de\/wp-json\/wp\/v2\/comments?post=2176"}],"version-history":[{"count":18,"href":"https:\/\/www.mbcl-international.net\/de\/wp-json\/wp\/v2\/pages\/2176\/revisions"}],"predecessor-version":[{"id":3166,"href":"https:\/\/www.mbcl-international.net\/de\/wp-json\/wp\/v2\/pages\/2176\/revisions\/3166"}],"wp:attachment":[{"href":"https:\/\/www.mbcl-international.net\/de\/wp-json\/wp\/v2\/media?parent=2176"}],"wp:term":[{"taxonomy":"difl_page_category","embeddable":true,"href":"https:\/\/www.mbcl-international.net\/de\/wp-json\/wp\/v2\/difl_page_category?post=2176"}],"curies":[{"name":"wp","href":"https:\/\/api.w.org\/{rel}","templated":true}]}}