{"id":2175,"date":"2022-10-28T18:30:00","date_gmt":"2022-10-28T18:30:00","guid":{"rendered":"https:\/\/www.mbcl-international.net\/andere-texte-ueber-mbcl\/"},"modified":"2024-08-15T19:03:11","modified_gmt":"2024-08-15T19:03:11","slug":"andere-texte-ueber-mbcl","status":"publish","type":"page","link":"https:\/\/www.mbcl-international.net\/de\/andere-texte-ueber-mbcl\/","title":{"rendered":"Andere Texte \u00fcber MBCL"},"content":{"rendered":"<p>[et_pb_section fb_built=&#8220;1&#8243; _builder_version=&#8220;4.17.6&#8243; _module_preset=&#8220;default&#8220; custom_padding=&#8220;0px||||false|false&#8220; global_colors_info=&#8220;{}&#8220;][et_pb_row _builder_version=&#8220;4.17.6&#8243; _module_preset=&#8220;default&#8220; width=&#8220;100%&#8220; max_width=&#8220;100%&#8220; custom_padding=&#8220;0px||||false|false&#8220; global_colors_info=&#8220;{}&#8220;][et_pb_column type=&#8220;4_4&#8243; _builder_version=&#8220;4.17.6&#8243; _module_preset=&#8220;default&#8220; global_colors_info=&#8220;{}&#8220;][et_pb_image src=&#8220;https:\/\/www.mbcl-international.net\/wp-content\/uploads\/2023\/04\/BooksResources2023.jpg&#8220; title_text=&#8220;Nahaufnahme Buch auf dem Tisch bei Sonnenuntergang&#8220; _builder_version=&#8220;4.21.0&#8243; _module_preset=&#8220;default&#8220; global_colors_info=&#8220;{}&#8220;][\/et_pb_image][\/et_pb_column][\/et_pb_row][et_pb_row column_structure=&#8220;2_3,1_3&#8243; _builder_version=&#8220;4.19.4&#8243; _module_preset=&#8220;default&#8220; global_colors_info=&#8220;{}&#8220;][et_pb_column type=&#8220;2_3&#8243; _builder_version=&#8220;4.17.6&#8243; _module_preset=&#8220;default&#8220; global_colors_info=&#8220;{}&#8220;][et_pb_text _builder_version=&#8220;4.21.0&#8243; _module_preset=&#8220;default&#8220; custom_margin=&#8220;||17px||false|false&#8220; global_colors_info=&#8220;{}&#8220;]<\/p>\n<h1>Andere Texte \u00fcber MBCL<strong><\/strong><\/h1>\n<p>[\/et_pb_text][et_pb_text _builder_version=&#8220;4.27.0&#8243; _module_preset=&#8220;default&#8220; header_text_color=&#8220;#eb611b&#8220; custom_margin=&#8220;||48px||false|false&#8220; hover_enabled=&#8220;0&#8243; global_colors_info=&#8220;{}&#8220; sticky_enabled=&#8220;0&#8243;]<\/p>\n<p><strong>In B\u00fcchern aus verschiedenen Bereichen finden Sie interessante Kapitel \u00fcber MBCL.<\/strong><\/p>\n<p>[\/et_pb_text][et_pb_text _builder_version=&#8220;4.20.4&#8243; _module_preset=&#8220;default&#8220; header_text_color=&#8220;#eb611b&#8220; custom_margin=&#8220;||48px||false|false&#8220; custom_padding=&#8220;4px||||false|false&#8220; link_option_url=&#8220;https:\/\/link.springer.com\/book\/10.1007\/978-3-030-57733-9&#8243; link_option_url_new_window=&#8220;on&#8220; global_colors_info=&#8220;{}&#8220;]<\/p>\n<h2><img loading=\"lazy\" decoding=\"async\" src=\"https:\/\/www.mbcl-international.net\/wp-content\/uploads\/2022\/10\/Book_Relational-Mindfulness-Fundamentals-and-Applications-192x300.png\" alt=\"\" class=\"wp-image-649 alignleft size-medium\" width=\"192\" height=\"300\"><\/h2>\n<h3>Relational Mindfulness &#8211; Fundamentals and Applications<\/h3>\n<h4>Edited by Roberto Aristegui, Javier Garcia Campaya and Patricio Barriga (Springer, Switzerland, 2021).<\/h4>\n<p><strong><\/strong><\/p>\n<p><strong>English language<\/strong><\/p>\n<p>This book proposes a new approach to mindfulness-based interventions, presenting them not as individual, but as relational practices. In the last decades, mindfulness has exerted a growing influence on many fields of research and activity, but always as an individual practice. The authors in this volume believe that the strong development of mindfulness today implies considering a dialogue between this individualistic approach and the perspective of relational mindfulness based on social constructionism.<\/p>\n<p>The volume is organized in two parts. The first part focuses on the theoretical foundations of relational mindfulness. The second part presents possibilities of applications of relational mindfulness in clinical and organizational settings to promote mental health and personal development. Relational Mindfulness: Fundamentals and Applications will be of interest to a wide range of professionals interested in applying mindfulness-based interventions in mental health care and productive organizations, such as clinical and health psychologists, public health professionals and human resources analysts and consultants, among others.<\/p>\n<p>Erik van den Brink and Frits Koster have contributed in writing Chapter 7 titled <em>Mindfulness-Based Compassionate Living: Cultivating Relationality with &#8222;Heartful Mind&#8220; and &#8222;Mindful Heart&#8220;.<\/em><\/p>\n<p> <a href=\"https:\/\/link.springer.com\/book\/10.1007\/978-3-030-57733-9\" target=\"_blank\" rel=\"noopener\">&gt;&gt; Click here<\/a> for more information and\/or to order the book.<\/p>\n<p>[\/et_pb_text][et_pb_text _builder_version=&#8220;4.20.4&#8243; _module_preset=&#8220;default&#8220; custom_padding=&#8220;30px||||false|false&#8220; link_option_url=&#8220;https:\/\/www.routledge.com\/Handbook-of-Mindfulness-Based-Programmes-Mindfulness-Interventions-from\/Ivtzan\/p\/book\/9781138240940&#8243; link_option_url_new_window=&#8220;on&#8220; global_colors_info=&#8220;{}&#8220;]<\/p>\n<h3><img loading=\"lazy\" decoding=\"async\" src=\"https:\/\/www.mbcl-international.net\/wp-content\/uploads\/2022\/10\/Book_Handbook-of-MBP-212x300.jpg\" alt=\"\" class=\"wp-image-652 alignleft size-medium\" width=\"212\" height=\"300\" srcset=\"https:\/\/www.mbcl-international.net\/wp-content\/uploads\/2022\/10\/Book_Handbook-of-MBP-212x300.jpg 212w, https:\/\/www.mbcl-international.net\/wp-content\/uploads\/2022\/10\/Book_Handbook-of-MBP.jpg 301w\" sizes=\"(max-width: 212px) 100vw, 212px\" \/>Handbook of Mindfulness-Based Programmes<br \/>Mindfulness Interventions from Education to Health and Therapy<\/h3>\n<h4>Edited by Itai Ivtzan (Routledge, 2019)<\/h4>\n<p><strong>English language<\/strong><\/p>\n<p>Handbook of Mindfulness-Based Programmes offers the first comprehensive guide to all prominent, evidence-based mindfulness programmes available in the West. The rapid growth of mindfulness in the Western world has given rise to an unprecedented wave of creative mindfulness programmes, offering tailor-made mindfulness practices for school teachers, students, parents, nurses, yoga teachers, athletes, pregnant women, therapists, care-takers, coaches, organisational leaders and lawyers. This book offers an in-depth engagement with these different programmes, emphasising not only the theory and research but also the practice. Exercises and activities are provided to enable the reader to first understand the programme and then experience its unique approach and benefits. Handbook of Mindfulness-Based Programmes will enrich your knowledge and experience of mindfulness practice, whether you are a practitioner, researcher or simply interested in the application of mindfulness.<\/p>\n<p>Erik van den Brink and Frits Koster have contributed in writing Chapter 29: <em>Mindfulness-Based Compassionate Living: a deepening programme for those with basic mindfulness skills.<\/em><\/p>\n<p> <a href=\"https:\/\/www.routledge.com\/Handbook-of-Mindfulness-Based-Programmes-Mindfulness-Interventions-from\/Ivtzan\/p\/book\/9781138240940\" target=\"_blank\" rel=\"noopener\">&gt;&gt; Click here<\/a> for more information and\/or to order the book.<\/p>\n<p>[\/et_pb_text][et_pb_text _builder_version=&#8220;4.20.4&#8243; _module_preset=&#8220;default&#8220; custom_padding=&#8220;30px||||false|false&#8220; link_option_url=&#8220;https:\/\/link.springer.com\/book\/10.1007\/978-3-662-48199-8&#8243; link_option_url_new_window=&#8220;on&#8220; global_colors_info=&#8220;{}&#8220;]<\/p>\n<h3><img loading=\"lazy\" decoding=\"async\" src=\"https:\/\/www.mbcl-international.net\/wp-content\/uploads\/2022\/10\/Book_trainings-und-interventionsprogramm-zur-foerderung-von-empathie-200x300.jpg\" alt=\"\" class=\"wp-image-653 alignleft size-medium\" width=\"200\" height=\"300\" srcset=\"https:\/\/www.mbcl-international.net\/wp-content\/uploads\/2022\/10\/Book_trainings-und-interventionsprogramm-zur-foerderung-von-empathie-200x300.jpg 200w, https:\/\/www.mbcl-international.net\/wp-content\/uploads\/2022\/10\/Book_trainings-und-interventionsprogramm-zur-foerderung-von-empathie.jpg 333w\" sizes=\"(max-width: 200px) 100vw, 200px\" \/>Trainings- und Interventionsprogramme zur F\u00f6rderung von Empathie. Ein praxisorientiertes Kompendium<\/h3>\n<h4>Herausgegeben von Marcus Roth, Victoria Sch\u00f6nefeld und Tobias Altmann (Springer, 2015)<\/h4>\n<p><strong>Deutsche Sprache<\/strong><\/p>\n<p>Die Lesenden erhalten mit diesem Werk eine breite \u00dcbersicht \u00fcber die diversen M\u00f6glichkeiten, Empathie in der Praxis zu f\u00f6rdern.<\/p>\n<p>Das &#8222;Besondere&#8220; besteht dabei einerseits in dem Umstand, dass alle Darstellungen den gleichen Aufbau aufweisen, wodurch ein direkter Vergleich erm\u00f6glicht und eine entsprechende Auswahl f\u00fcr eigene Zwecke erleichtert wird. Eine weitere Besonderheit besteht darin, dass die Programme aus v\u00f6llig unterschiedlichen Bereichen stammen und so ein Blick &#8222;\u00fcber den Tellerrand&#8220; des eigenen Bereichs erm\u00f6glicht wird. So kann beispielsweise jemand, der urspr\u00fcnglich an einem Training f\u00fcr aggressive Jugendliche interessiert ist, aus Programmen zur Empathie-F\u00f6rderung bei Grundsch\u00fclern oder aber zum empathischen Umgang in sozialen Berufen Ideen \u00fcbernehmen, an die er\/sie urspr\u00fcnglich nicht gedacht hat, aber f\u00fcr seine\/ihre aktuellen Zwecke als brauchbar einsch\u00e4tzt.<\/p>\n<p>Das Buch richtet sich an Psycholog*innen, Berater*innen und Therapeut*innen, Anwenderinnen und Anwender in der Fort- und Weiterbildung, Fach- und F\u00fchrungskr\u00e4fte in diversen Gesundheitsberufen sowie in der p\u00e4dagogischen Arbeit, die Empathie als eine Schl\u00fcsselkompetenz erkannt haben und f\u00f6rdern wollen. Dar\u00fcber hinaus ist es f\u00fcr Studierende der Psychologie, P\u00e4dagogik und der sozialen Berufe geeignet.<\/p>\n<p>Erik van den Brink und Frits Koster haben Kapitel 8 geschrieben: <em>Mitf\u00fchlend leben &#8211; Mindfulness-Based Compassionate Living.<\/em><\/p>\n<p> <a href=\"https:\/\/link.springer.com\/book\/10.1007\/978-3-662-48199-8\" target=\"_blank\" rel=\"noopener\">&gt;&gt; Klicken Sie hier<\/a> f\u00fcr mehr Informationen und\/oder um das Buch zu bestellen.<\/p>\n<p>[\/et_pb_text][\/et_pb_column][et_pb_column type=&#8220;1_3&#8243; _builder_version=&#8220;4.17.6&#8243; _module_preset=&#8220;default&#8220; background_color=&#8220;rgba(0,0,0,0.04)&#8220; custom_padding=&#8220;15px|20px||20px|false|false&#8220; border_radii=&#8220;on|3px|3px|3px|3px&#8220; border_width_all=&#8220;1px&#8220; border_color_all=&#8220;rgba(0,0,0,0.1)&#8220; box_shadow_style=&#8220;preset1&#8243; box_shadow_vertical=&#8220;0px&#8220; box_shadow_blur=&#8220;10px&#8220; box_shadow_color=&#8220;rgba(0,0,0,0.2)&#8220; global_colors_info=&#8220;{}&#8220;][et_pb_text _builder_version=&#8220;4.19.4&#8243; _module_preset=&#8220;default&#8220; text_text_color=&#8220;#555555&#8243; header_2_text_color=&#8220;#666666&#8243; custom_margin=&#8220;||||false|false&#8220; custom_padding=&#8220;||5px||false|false&#8220; border_width_bottom=&#8220;1px&#8220; border_color_bottom=&#8220;#999999&#8243; global_colors_info=&#8220;{}&#8220;]<\/p>\n<h2 style=\"text-align: center;\">MBCL Blog<\/h2>\n<p>[\/et_pb_text][et_pb_blog posts_number=&#8220;3&#8243; include_categories=&#8220;107&#8243; show_more=&#8220;on&#8220; show_categories=&#8220;off&#8220; _builder_version=&#8220;4.19.4&#8243; _module_preset=&#8220;default&#8220; body_text_color=&#8220;#666666&#8243; read_more_font=&#8220;||||||||&#8220; read_more_text_color=&#8220;#eb611b&#8220; read_more_line_height=&#8220;2em&#8220; custom_margin=&#8220;||||false|false&#8220; custom_padding=&#8220;||||false|false&#8220; global_colors_info=&#8220;{}&#8220;][\/et_pb_blog][\/et_pb_column][\/et_pb_row][\/et_pb_section]<\/p>\n","protected":false},"excerpt":{"rendered":"<p>Andere Texte \u00fcber MBCLIn B\u00fcchern aus verschiedenen Bereichen finden Sie interessante Kapitel \u00fcber MBCL. Relational Mindfulness &#8211; Fundamentals and Applications Edited by Roberto Aristegui, Javier Garcia Campaya and Patricio Barriga (Springer, Switzerland, 2021). English language This book proposes a new approach to mindfulness-based interventions, presenting them not as individual, but as relational practices. In the [&hellip;]<\/p>\n","protected":false},"author":1,"featured_media":0,"parent":0,"menu_order":0,"comment_status":"closed","ping_status":"closed","template":"","meta":{"_et_pb_use_builder":"on","_et_pb_old_content":"","_et_gb_content_width":"","footnotes":""},"difl_page_category":[],"class_list":["post-2175","page","type-page","status-publish","hentry"],"yoast_head":"<!-- This site is optimized with the Yoast SEO plugin v27.3 - https:\/\/yoast.com\/product\/yoast-seo-wordpress\/ -->\n<title>Kapitel \u00fcber MBCL in anderen B\u00fcchern<\/title>\n<meta name=\"description\" content=\"Interessante Kapitel \u00fcber MBCL finden Sie auch In B\u00fcchern aus anderen Bereichen.\" \/>\n<meta name=\"robots\" content=\"index, follow, max-snippet:-1, max-image-preview:large, max-video-preview:-1\" \/>\n<link rel=\"canonical\" href=\"https:\/\/www.mbcl-international.net\/de\/andere-texte-ueber-mbcl\/\" \/>\n<meta property=\"og:locale\" content=\"de_DE\" \/>\n<meta property=\"og:type\" content=\"article\" \/>\n<meta property=\"og:title\" content=\"Kapitel \u00fcber MBCL in anderen B\u00fcchern\" \/>\n<meta property=\"og:description\" content=\"Interessante Kapitel \u00fcber MBCL finden Sie auch In B\u00fcchern aus anderen Bereichen.\" \/>\n<meta property=\"og:url\" content=\"https:\/\/www.mbcl-international.net\/de\/andere-texte-ueber-mbcl\/\" \/>\n<meta property=\"og:site_name\" content=\"MBCL International\" \/>\n<meta property=\"article:modified_time\" content=\"2024-08-15T19:03:11+00:00\" \/>\n<meta property=\"og:image\" content=\"https:\/\/www.mbcl-international.net\/wp-content\/uploads\/2022\/10\/Book_Relational-Mindfulness-Fundamentals-and-Applications-192x300.png\" \/>\n<meta name=\"twitter:card\" content=\"summary_large_image\" \/>\n<meta name=\"twitter:label1\" content=\"Gesch\u00e4tzte Lesezeit\" \/>\n\t<meta name=\"twitter:data1\" content=\"5\u00a0Minuten\" \/>\n<script type=\"application\/ld+json\" class=\"yoast-schema-graph\">{\"@context\":\"https:\\\/\\\/schema.org\",\"@graph\":[{\"@type\":\"WebPage\",\"@id\":\"https:\\\/\\\/www.mbcl-international.net\\\/de\\\/andere-texte-ueber-mbcl\\\/\",\"url\":\"https:\\\/\\\/www.mbcl-international.net\\\/de\\\/andere-texte-ueber-mbcl\\\/\",\"name\":\"Kapitel \u00fcber MBCL in anderen B\u00fcchern\",\"isPartOf\":{\"@id\":\"https:\\\/\\\/www.mbcl-international.net\\\/de\\\/#website\"},\"primaryImageOfPage\":{\"@id\":\"https:\\\/\\\/www.mbcl-international.net\\\/de\\\/andere-texte-ueber-mbcl\\\/#primaryimage\"},\"image\":{\"@id\":\"https:\\\/\\\/www.mbcl-international.net\\\/de\\\/andere-texte-ueber-mbcl\\\/#primaryimage\"},\"thumbnailUrl\":\"https:\\\/\\\/www.mbcl-international.net\\\/wp-content\\\/uploads\\\/2022\\\/10\\\/Book_Relational-Mindfulness-Fundamentals-and-Applications-192x300.png\",\"datePublished\":\"2022-10-28T18:30:00+00:00\",\"dateModified\":\"2024-08-15T19:03:11+00:00\",\"description\":\"Interessante Kapitel \u00fcber MBCL finden Sie auch In B\u00fcchern aus anderen Bereichen.\",\"breadcrumb\":{\"@id\":\"https:\\\/\\\/www.mbcl-international.net\\\/de\\\/andere-texte-ueber-mbcl\\\/#breadcrumb\"},\"inLanguage\":\"de\",\"potentialAction\":[{\"@type\":\"ReadAction\",\"target\":[\"https:\\\/\\\/www.mbcl-international.net\\\/de\\\/andere-texte-ueber-mbcl\\\/\"]}]},{\"@type\":\"ImageObject\",\"inLanguage\":\"de\",\"@id\":\"https:\\\/\\\/www.mbcl-international.net\\\/de\\\/andere-texte-ueber-mbcl\\\/#primaryimage\",\"url\":\"https:\\\/\\\/www.mbcl-international.net\\\/wp-content\\\/uploads\\\/2022\\\/10\\\/Book_Relational-Mindfulness-Fundamentals-and-Applications-192x300.png\",\"contentUrl\":\"https:\\\/\\\/www.mbcl-international.net\\\/wp-content\\\/uploads\\\/2022\\\/10\\\/Book_Relational-Mindfulness-Fundamentals-and-Applications-192x300.png\"},{\"@type\":\"BreadcrumbList\",\"@id\":\"https:\\\/\\\/www.mbcl-international.net\\\/de\\\/andere-texte-ueber-mbcl\\\/#breadcrumb\",\"itemListElement\":[{\"@type\":\"ListItem\",\"position\":1,\"name\":\"Startseite\",\"item\":\"https:\\\/\\\/www.mbcl-international.net\\\/de\\\/\"},{\"@type\":\"ListItem\",\"position\":2,\"name\":\"Andere Texte \u00fcber MBCL\"}]},{\"@type\":\"WebSite\",\"@id\":\"https:\\\/\\\/www.mbcl-international.net\\\/de\\\/#website\",\"url\":\"https:\\\/\\\/www.mbcl-international.net\\\/de\\\/\",\"name\":\"MBCL International\",\"description\":\"Mindfulness-Based Compassionate Living\",\"publisher\":{\"@id\":\"https:\\\/\\\/www.mbcl-international.net\\\/de\\\/#organization\"},\"potentialAction\":[{\"@type\":\"SearchAction\",\"target\":{\"@type\":\"EntryPoint\",\"urlTemplate\":\"https:\\\/\\\/www.mbcl-international.net\\\/de\\\/?s={search_term_string}\"},\"query-input\":{\"@type\":\"PropertyValueSpecification\",\"valueRequired\":true,\"valueName\":\"search_term_string\"}}],\"inLanguage\":\"de\"},{\"@type\":\"Organization\",\"@id\":\"https:\\\/\\\/www.mbcl-international.net\\\/de\\\/#organization\",\"name\":\"MBCL\",\"url\":\"https:\\\/\\\/www.mbcl-international.net\\\/de\\\/\",\"logo\":{\"@type\":\"ImageObject\",\"inLanguage\":\"de\",\"@id\":\"https:\\\/\\\/www.mbcl-international.net\\\/de\\\/#\\\/schema\\\/logo\\\/image\\\/\",\"url\":\"https:\\\/\\\/www.mbcl-international.net\\\/wp-content\\\/uploads\\\/2022\\\/08\\\/MBCL-Logo.jpg\",\"contentUrl\":\"https:\\\/\\\/www.mbcl-international.net\\\/wp-content\\\/uploads\\\/2022\\\/08\\\/MBCL-Logo.jpg\",\"width\":600,\"height\":340,\"caption\":\"MBCL\"},\"image\":{\"@id\":\"https:\\\/\\\/www.mbcl-international.net\\\/de\\\/#\\\/schema\\\/logo\\\/image\\\/\"}}]}<\/script>\n<!-- \/ Yoast SEO plugin. -->","yoast_head_json":{"title":"Kapitel \u00fcber MBCL in anderen B\u00fcchern","description":"Interessante Kapitel \u00fcber MBCL finden Sie auch In B\u00fcchern aus anderen Bereichen.","robots":{"index":"index","follow":"follow","max-snippet":"max-snippet:-1","max-image-preview":"max-image-preview:large","max-video-preview":"max-video-preview:-1"},"canonical":"https:\/\/www.mbcl-international.net\/de\/andere-texte-ueber-mbcl\/","og_locale":"de_DE","og_type":"article","og_title":"Kapitel \u00fcber MBCL in anderen B\u00fcchern","og_description":"Interessante Kapitel \u00fcber MBCL finden Sie auch In B\u00fcchern aus anderen Bereichen.","og_url":"https:\/\/www.mbcl-international.net\/de\/andere-texte-ueber-mbcl\/","og_site_name":"MBCL International","article_modified_time":"2024-08-15T19:03:11+00:00","og_image":[{"url":"https:\/\/www.mbcl-international.net\/wp-content\/uploads\/2022\/10\/Book_Relational-Mindfulness-Fundamentals-and-Applications-192x300.png","type":"","width":"","height":""}],"twitter_card":"summary_large_image","twitter_misc":{"Gesch\u00e4tzte Lesezeit":"5\u00a0Minuten"},"schema":{"@context":"https:\/\/schema.org","@graph":[{"@type":"WebPage","@id":"https:\/\/www.mbcl-international.net\/de\/andere-texte-ueber-mbcl\/","url":"https:\/\/www.mbcl-international.net\/de\/andere-texte-ueber-mbcl\/","name":"Kapitel \u00fcber MBCL in anderen B\u00fcchern","isPartOf":{"@id":"https:\/\/www.mbcl-international.net\/de\/#website"},"primaryImageOfPage":{"@id":"https:\/\/www.mbcl-international.net\/de\/andere-texte-ueber-mbcl\/#primaryimage"},"image":{"@id":"https:\/\/www.mbcl-international.net\/de\/andere-texte-ueber-mbcl\/#primaryimage"},"thumbnailUrl":"https:\/\/www.mbcl-international.net\/wp-content\/uploads\/2022\/10\/Book_Relational-Mindfulness-Fundamentals-and-Applications-192x300.png","datePublished":"2022-10-28T18:30:00+00:00","dateModified":"2024-08-15T19:03:11+00:00","description":"Interessante Kapitel \u00fcber MBCL finden Sie auch In B\u00fcchern aus anderen Bereichen.","breadcrumb":{"@id":"https:\/\/www.mbcl-international.net\/de\/andere-texte-ueber-mbcl\/#breadcrumb"},"inLanguage":"de","potentialAction":[{"@type":"ReadAction","target":["https:\/\/www.mbcl-international.net\/de\/andere-texte-ueber-mbcl\/"]}]},{"@type":"ImageObject","inLanguage":"de","@id":"https:\/\/www.mbcl-international.net\/de\/andere-texte-ueber-mbcl\/#primaryimage","url":"https:\/\/www.mbcl-international.net\/wp-content\/uploads\/2022\/10\/Book_Relational-Mindfulness-Fundamentals-and-Applications-192x300.png","contentUrl":"https:\/\/www.mbcl-international.net\/wp-content\/uploads\/2022\/10\/Book_Relational-Mindfulness-Fundamentals-and-Applications-192x300.png"},{"@type":"BreadcrumbList","@id":"https:\/\/www.mbcl-international.net\/de\/andere-texte-ueber-mbcl\/#breadcrumb","itemListElement":[{"@type":"ListItem","position":1,"name":"Startseite","item":"https:\/\/www.mbcl-international.net\/de\/"},{"@type":"ListItem","position":2,"name":"Andere Texte \u00fcber MBCL"}]},{"@type":"WebSite","@id":"https:\/\/www.mbcl-international.net\/de\/#website","url":"https:\/\/www.mbcl-international.net\/de\/","name":"MBCL International","description":"Mindfulness-Based Compassionate Living","publisher":{"@id":"https:\/\/www.mbcl-international.net\/de\/#organization"},"potentialAction":[{"@type":"SearchAction","target":{"@type":"EntryPoint","urlTemplate":"https:\/\/www.mbcl-international.net\/de\/?s={search_term_string}"},"query-input":{"@type":"PropertyValueSpecification","valueRequired":true,"valueName":"search_term_string"}}],"inLanguage":"de"},{"@type":"Organization","@id":"https:\/\/www.mbcl-international.net\/de\/#organization","name":"MBCL","url":"https:\/\/www.mbcl-international.net\/de\/","logo":{"@type":"ImageObject","inLanguage":"de","@id":"https:\/\/www.mbcl-international.net\/de\/#\/schema\/logo\/image\/","url":"https:\/\/www.mbcl-international.net\/wp-content\/uploads\/2022\/08\/MBCL-Logo.jpg","contentUrl":"https:\/\/www.mbcl-international.net\/wp-content\/uploads\/2022\/08\/MBCL-Logo.jpg","width":600,"height":340,"caption":"MBCL"},"image":{"@id":"https:\/\/www.mbcl-international.net\/de\/#\/schema\/logo\/image\/"}}]}},"_links":{"self":[{"href":"https:\/\/www.mbcl-international.net\/de\/wp-json\/wp\/v2\/pages\/2175","targetHints":{"allow":["GET"]}}],"collection":[{"href":"https:\/\/www.mbcl-international.net\/de\/wp-json\/wp\/v2\/pages"}],"about":[{"href":"https:\/\/www.mbcl-international.net\/de\/wp-json\/wp\/v2\/types\/page"}],"author":[{"embeddable":true,"href":"https:\/\/www.mbcl-international.net\/de\/wp-json\/wp\/v2\/users\/1"}],"replies":[{"embeddable":true,"href":"https:\/\/www.mbcl-international.net\/de\/wp-json\/wp\/v2\/comments?post=2175"}],"version-history":[{"count":19,"href":"https:\/\/www.mbcl-international.net\/de\/wp-json\/wp\/v2\/pages\/2175\/revisions"}],"predecessor-version":[{"id":2825,"href":"https:\/\/www.mbcl-international.net\/de\/wp-json\/wp\/v2\/pages\/2175\/revisions\/2825"}],"wp:attachment":[{"href":"https:\/\/www.mbcl-international.net\/de\/wp-json\/wp\/v2\/media?parent=2175"}],"wp:term":[{"taxonomy":"difl_page_category","embeddable":true,"href":"https:\/\/www.mbcl-international.net\/de\/wp-json\/wp\/v2\/difl_page_category?post=2175"}],"curies":[{"name":"wp","href":"https:\/\/api.w.org\/{rel}","templated":true}]}}