{"id":2165,"date":"2022-10-28T18:27:09","date_gmt":"2022-10-28T18:27:09","guid":{"rendered":"https:\/\/www.mbcl-international.net\/mbcl-einfuehrung-und-lehrertraining\/"},"modified":"2025-07-08T20:09:37","modified_gmt":"2025-07-08T20:09:37","slug":"mbcl-einfuehrung-und-weiterbildung","status":"publish","type":"page","link":"https:\/\/www.mbcl-international.net\/de\/mbcl-einfuehrung-und-weiterbildung\/","title":{"rendered":"MBCL Einf\u00fchrung &#038; Weiterbildung"},"content":{"rendered":"<p>[et_pb_section fb_built=&#8220;1&#8243; _builder_version=&#8220;4.17.6&#8243; _module_preset=&#8220;default&#8220; custom_padding=&#8220;0px||||false|false&#8220; global_colors_info=&#8220;{}&#8220;][et_pb_row _builder_version=&#8220;4.17.6&#8243; _module_preset=&#8220;default&#8220; width=&#8220;100%&#8220; max_width=&#8220;100%&#8220; custom_padding=&#8220;0px||||false|false&#8220; global_colors_info=&#8220;{}&#8220;][et_pb_column type=&#8220;4_4&#8243; _builder_version=&#8220;4.17.6&#8243; _module_preset=&#8220;default&#8220; global_colors_info=&#8220;{}&#8220;][et_pb_image src=&#8220;https:\/\/www.mbcl-international.net\/wp-content\/uploads\/2022\/08\/AboutMBCL.jpg&#8220; title_text=&#8220;\u00dcber MBCL&#8220; _builder_version=&#8220;4.18.0&#8243; _module_preset=&#8220;default&#8220; global_colors_info=&#8220;{}&#8220;][\/et_pb_image][\/et_pb_column][\/et_pb_row][et_pb_row column_structure=&#8220;2_3,1_3&#8243; _builder_version=&#8220;4.19.4&#8243; _module_preset=&#8220;default&#8220; global_colors_info=&#8220;{}&#8220;][et_pb_column type=&#8220;2_3&#8243; _builder_version=&#8220;4.17.6&#8243; _module_preset=&#8220;default&#8220; global_colors_info=&#8220;{}&#8220;][et_pb_text _builder_version=&#8220;4.27.0&#8243; _module_preset=&#8220;default&#8220; custom_margin=&#8220;||26px|||&#8220; global_colors_info=&#8220;{}&#8220;]<\/p>\n<h1>MBCL-Einf\u00fchrung und -Weiterbildung<\/h1>\n<p>[\/et_pb_text][et_pb_text _builder_version=&#8220;4.27.0&#8243; _module_preset=&#8220;default&#8220; custom_margin=&#8220;||45px|||&#8220; global_colors_info=&#8220;{}&#8220;]<\/p>\n<p><strong>Beginnen Sie Ihre Reise mit MBCL mit einer erfahrungsorientierten MBCL-Einf\u00fchrung. Im Anschluss k\u00f6nnen Sie Ihre Kenntnisse dann im Rahmen der MBCL-Weiterbildung vertiefen. Die Weiterbildung richtet sich an MBI-Lehrende und andere Fachkr\u00e4fte.<br \/><\/strong><\/p>\n<p>[\/et_pb_text][et_pb_text _builder_version=&#8220;4.27.4&#8243; _module_preset=&#8220;default&#8220; header_text_color=&#8220;#eb611b&#8220; global_colors_info=&#8220;{}&#8220;]<\/p>\n<div class=\"content\">\n<p>F\u00fcr Ihre Reise mit MBCL m\u00fcssen Sie mit der grundlegenden <strong>Achtsamkeitspraxis<\/strong> vertraut sein &#8211; vorzugsweise durch die Teilnahme an einem 8-w\u00f6chigen MBSR-, MBCT- oder vergleichbaren achtsamkeitsbasierten Programm.<\/p>\n<p>Wenn Sie die heilsame Wirkung von Achtsamkeit dann durch Mitgef\u00fchls\u00fcbungen vertiefen m\u00f6chten, sind Sie herzlich eingeladen, zun\u00e4chst einmal an einer erfahrungsbezogenen <strong>MBCL-Einf\u00fchrung<\/strong> teilzunehmen.\u00a0<\/p>\n<p>Wenn Sie dann mit den MBCL-\u00dcbungen und Inhalten vertraut sind, k\u00f6nnen Sie anschlie\u00dfend an einer <strong>MBCL-Weiterbildung<\/strong> teilnehmen, die Ihnen zus\u00e4tzliche Kenntnisse und F\u00e4higkeiten in diesem Bereich vermittelt.<\/p>\n<\/div>\n<p>[\/et_pb_text][et_pb_text _builder_version=&#8220;4.27.4&#8243; _module_preset=&#8220;default&#8220; header_text_color=&#8220;#eb611b&#8220; min_height=&#8220;362.2px&#8220; custom_margin=&#8220;||-12px|||&#8220; custom_padding=&#8220;18px||||false|false&#8220; global_colors_info=&#8220;{}&#8220;]<\/p>\n<div class=\"content\">\n<h2>Schritt 1: MBCL-Einf\u00fchrung<\/h2>\n<p>Die MBCL-Einf\u00fchrungsveranstaltungen bieten Ihnen eine fundierte Einf\u00fchrung in die Praxis des (Selbst-)Mitgef\u00fchls. Der Fokus liegt dabei darauf, dass Sie die MBCL-Themen und -\u00dcbungen direkt erleben. Zudem vermitteln sie Ihnen ein grundlegendes Verst\u00e4ndnis der relevanten theoretischen und wissenschaftlichen Hintergr\u00fcnde des MBCL-Programms. Mithilfe von Audio-Aufnahmen der \u00dcbungen k\u00f6nnen Sie die Mitgef\u00fchlspraxis auch nach dem Kurs fortsetzen, vertiefen und auf pers\u00f6nlicher (und beruflicher) Ebene von diesem Prozess profitieren.<\/p>\n<p>Sie k\u00f6nnen aus den folgenden Einf\u00fchrungsangeboten (im Pr\u00e4senz- und Online-Format) w\u00e4hlen, die von einem zertifizierten MBCL-Lehrenden oder MBCL-Ausbilder*innen geleitet werden.<\/p>\n<\/div>\n<p>[\/et_pb_text][et_pb_text _builder_version=&#8220;4.27.4&#8243; _module_preset=&#8220;default&#8220; header_text_color=&#8220;#eb611b&#8220; custom_margin=&#8220;||-10px|||&#8220; custom_padding=&#8220;11px||||false|false&#8220; global_colors_info=&#8220;{}&#8220;]<\/p>\n<div class=\"content\">\n<ul>\n<li>MBCL 8-Wochen-Kurs<\/li>\n<li>MBCL-Grundlagen- oder Kompaktkurs (3 Tage, 20 Unterrichtsstunden)<\/li>\n<li>MBCL Retreat (6-7 Tage)<\/li>\n<\/ul>\n<\/div>\n<p>[\/et_pb_text][et_pb_text _builder_version=&#8220;4.27.4&#8243; _module_preset=&#8220;default&#8220; header_text_color=&#8220;#eb611b&#8220; custom_margin=&#8220;||50px|||&#8220; custom_padding=&#8220;18px||||false|false&#8220; global_colors_info=&#8220;{}&#8220;]<\/p>\n<div class=\"content\">\n<h3>Voraussetzungen f\u00fcr die MBCL-Einf\u00fchrung<\/h3>\n<p>Um an einer MBCL-Einf\u00fchrung teilzunehmen, sollten Sie eine fundierte pers\u00f6nliche Achtsamkeitspraxis haben. Wir empfehlen Ihnen auch, eines der <a href=\"\/de\/?page_id=2251\">B\u00fccher \u00fcber MBCL<\/a> zu lesen.<\/p>\n<p>Hinweis: MBCL-Einf\u00fchrungsangebote sind nicht f\u00fcr Teilnehmernde ohne Erfahrung in Achtsamkeitsmeditation geeignet. Wenn Sie ein akutes medizinisches oder psychisches Problem haben, raten wir Ihnen ebenfalls von der Teilnahme ab.<\/p>\n<\/div>\n<p>[\/et_pb_text][et_pb_text _builder_version=&#8220;4.27.4&#8243; _module_preset=&#8220;default&#8220; header_text_color=&#8220;#eb611b&#8220; background_color=&#8220;rgba(0,0,0,0.04)&#8220; custom_margin=&#8220;||40px|||&#8220; custom_padding=&#8220;5px|10px|5px|10px|true|true&#8220; border_radii=&#8220;on|3px|3px|3px|3px&#8220; border_width_all=&#8220;1px&#8220; border_color_all=&#8220;rgba(0,0,0,0.01)&#8220; box_shadow_style=&#8220;preset1&#8243; box_shadow_vertical=&#8220;0px&#8220; box_shadow_blur=&#8220;10px&#8220; box_shadow_color=&#8220;rgba(0,0,0,0.2)&#8220; global_colors_info=&#8220;{}&#8220;]<\/p>\n<div class=\"content\">\n<p><strong>MBCL 8-Wochen-Kurse<\/strong> werden von der Community der MBCL-Lehrenden als Pr\u00e4senz- oder Online-Kurse angeboten. Hier finden Sie <a href=\"\/de\/?page_id=2153\">MBCL-Lehrende<\/a> in Ihrem Land.<\/p>\n<\/div>\n<p>[\/et_pb_text][et_pb_text _builder_version=&#8220;4.27.4&#8243; _module_preset=&#8220;default&#8220; header_text_color=&#8220;#eb611b&#8220; background_color=&#8220;rgba(0,0,0,0.04)&#8220; custom_margin=&#8220;||22px|||&#8220; custom_padding=&#8220;5px|10px|5px|10px|true|true&#8220; border_radii=&#8220;on|3px|3px|3px|3px&#8220; border_width_all=&#8220;1px&#8220; border_color_all=&#8220;rgba(0,0,0,0.01)&#8220; box_shadow_style=&#8220;preset1&#8243; box_shadow_vertical=&#8220;0px&#8220; box_shadow_blur=&#8220;10px&#8220; box_shadow_color=&#8220;rgba(0,0,0,0.2)&#8220; global_colors_info=&#8220;{}&#8220;]<\/p>\n<div class=\"content\">\n<p><strong>MBCL-Grundlagen- oder Kompaktkurse<\/strong>\u00a0und <strong>MBCL-Retreats<\/strong> werden vom Team der <a href=\"\/de\/?page_id=2228\">MBCL-Ausbilder*innen<\/a> angeboten. Unter dem Men\u00fcpunkt <a href=\"https:\/\/www.mbcl-international.net\/de\/agenda\/\">Agenda<\/a> finden Sie weitere Informationen \u00fcber die aktuellen Veranstaltungen.<\/p>\n<\/div>\n<p>[\/et_pb_text][et_pb_text _builder_version=&#8220;4.27.4&#8243; _module_preset=&#8220;default&#8220; header_text_color=&#8220;#eb611b&#8220; custom_margin=&#8220;||32px|||&#8220; custom_padding=&#8220;30px||||false|false&#8220; global_colors_info=&#8220;{}&#8220;]<\/p>\n<h2>Schritt 2: MBCL-Weiterbildung<\/h2>\n<div class=\"content\">\n<p>Die MBCL-Weiterbildung wird international als postgraduale Ausbildung f\u00fcr Fachleute angeboten, die bereits mit der Achtsamkeitspraxis vertraut sind.<\/p>\n<p>Es bef\u00e4higt Sie, das Mitgef\u00fchlstraining \u201eMindfulness-Based Compassionate Living\u201c (MBCL) selbstst\u00e4ndig zu unterrichten und\/oder \u00dcbungen und didaktische Elemente in Ihre berufliche Arbeit zu integrieren.<\/p>\n<p>In der MBCL-Weiterbildung entwickeln Sie ein umfassendes Verst\u00e4ndnis der Mitgef\u00fchlspraxis und erweitern Ihre p\u00e4dagogischen F\u00e4higkeiten und vertiefen Ihr Verst\u00e4ndnis und Ihre Sichtweisen als Mensch und als Lehrperson.<\/p>\n<\/div>\n<p>[\/et_pb_text][et_pb_text _builder_version=&#8220;4.27.4&#8243; _module_preset=&#8220;default&#8220; header_text_color=&#8220;#eb611b&#8220; custom_margin=&#8220;||1px|||&#8220; custom_padding=&#8220;8px||||false|false&#8220; global_colors_info=&#8220;{}&#8220;]<\/p>\n<h3>MBCL-Weiterbildung: Praxis vertiefen und Lehrkompetenzen erweitern<\/h3>\n<p>[\/et_pb_text][et_pb_text _builder_version=&#8220;4.27.4&#8243; _module_preset=&#8220;default&#8220; header_text_color=&#8220;#eb611b&#8220; custom_margin=&#8220;||-16px|||&#8220; custom_padding=&#8220;8px||||false|false&#8220; hover_enabled=&#8220;0&#8243; global_colors_info=&#8220;{}&#8220; sticky_enabled=&#8220;0&#8243;]<\/p>\n<ul>\n<li><strong>Vertiefung der eigenen Praxis:<\/strong> An den Vormittagen vertiefen wir die zentralen MBCL-\u00dcbungen, indem wir sie gemeinsam praktizieren, Raum geben f\u00fcr achtsamen Erfahrungsaustausch (Inquiry) und auftauchende Fragen kl\u00e4ren. Ihr Prozess kann sich dann in der Kleingruppenarbeit an den Nachmittagen fortgesetzen, wenn Sie die \u00dcbungen dann entweder selbst anleiten oder angeleitet werden.<\/li>\n<li><strong>Mit der Perspektive der Lehrperson vertraut werden:<\/strong> Wir stellen Ihnen die Struktur und Inhalte der 8 Sitzungen des MBCL-Programms aus der Perspektive der Kursleitung vor. Sie lernen, wie Sie die zentralen Themen und \u00dcbungen in das Kursprogramm integrieren k\u00f6nnen und welche didaktischen \u00dcberlegungen dabei eine Rolle spielen.<\/li>\n<li><strong>MBCL-\u00dcbungen anleiten:<\/strong> In Kleingruppen \u00fcben Sie das Anleiten der wichtigsten Mitgef\u00fchls\u00fcbungen und das Leiten des nachfolgenden Erfahrungsaustauschs (Inquiry). Sie sammeln wertvolle Erfahrungen in der Rolle als MBCL-Lehrer:in und erhalten achtsames Feedback von den anderen Weiterbildungsteilnehmenden.<\/li>\n<li><strong>Theoretisches und wissenschaftliches Hintergrundwissen erwerben:<\/strong> Die MBCL-Weiterbildung vermittelt Ihnen Hintergrundwissen zu den theoretischen und wissenschaftlichen Grundlagen des MBCL-Programms, zum Beispiel aus der Psychologie, Neurowissenschaften und der aktuellen Forschung. Dieses Wissen hilft Ihnen, das Grundprinzip hinter den Themen und \u00dcbungen und dem Programm im Allgemeinen besser zu verstehen. So k\u00f6nnen Sie die Inhalte praktisch und theoretisch fundiert vermitteln und Ihre Kursteilnehmenden kompetent in ihrem Prozess zu begleiten.<\/li>\n<li><strong>Reflexion Ihrer Rolle als Lehrer:in:<\/strong> Sie erhalten hinaus Unterst\u00fctzung dabei, Ihre Rolle zu reflektieren und sich als Lehrer:in weiterzuentwickeln.<\/li>\n<\/ul>\n<p>[\/et_pb_text][et_pb_text _builder_version=&#8220;4.27.4&#8243; _module_preset=&#8220;default&#8220; header_text_color=&#8220;#eb611b&#8220; background_color=&#8220;rgba(0,0,0,0.04)&#8220; custom_margin=&#8220;38px||18px|||&#8220; custom_padding=&#8220;5px|10px|5px|10px|true|true&#8220; border_radii=&#8220;on|3px|3px|3px|3px&#8220; border_width_all=&#8220;1px&#8220; border_color_all=&#8220;rgba(0,0,0,0.01)&#8220; box_shadow_style=&#8220;preset1&#8243; box_shadow_vertical=&#8220;0px&#8220; box_shadow_blur=&#8220;10px&#8220; box_shadow_color=&#8220;rgba(0,0,0,0.2)&#8220; global_colors_info=&#8220;{}&#8220;]<\/p>\n<blockquote>\n<p style=\"text-align: center;\">Die MBCL-Weiterbildung vertieft Ihr Verst\u00e4ndnis von Achtsamkeit, Mitgef\u00fchl und vom Unterrichten. Dadurch k\u00f6nnen Sie das MBCL-Programm (oder Elemente davon) einf\u00fchlsam und professionell an die Menschen weitergeben, mit denen Sie arbeiten.<\/p>\n<\/blockquote>\n<p>[\/et_pb_text][et_pb_text _builder_version=&#8220;4.27.4&#8243; _module_preset=&#8220;default&#8220; header_text_color=&#8220;#eb611b&#8220; custom_margin=&#8220;||-16px|||&#8220; custom_padding=&#8220;30px||||false|false&#8220; global_colors_info=&#8220;{}&#8220;]<\/p>\n<h4>Formate der MBCL-Weiterbildung<\/h4>\n<p>Je nach Land wird die MBCL-Weiterbildung in verschiedenen formaten angeboten, entweder in Pr\u00e4senz oder Online.<\/p>\n<p>[\/et_pb_text][et_pb_text _builder_version=&#8220;4.27.4&#8243; _module_preset=&#8220;default&#8220; header_text_color=&#8220;#eb611b&#8220; custom_margin=&#8220;||-16px|||&#8220; custom_padding=&#8220;30px||||false|false&#8220; global_colors_info=&#8220;{}&#8220;]<\/p>\n<div class=\"content\">\n<ul>\n<li>Pr\u00e4senz-Weiterbildung mit \u00dcbernachtung in einem Seminarhaus: 6 Tage ohne \u00dcbersetzung, 8 Tage mit \u00dcbersetzung.<\/li>\n<li>Pr\u00e4senz-Weiterbildung ohne \u00dcbernachtung in einem Seminarhaus in zwei Modulen: 2 x 3 Tage ohne \u00dcbersetzung und 2 x 4 Tage mit \u00dcbersetzung.<\/li>\n<li>Online MBCL-Weiterbildung: 6 Tage (6 x 1 oder 2 x 3) ohne \u00dcbersetzung, 8 Tage mit vollst\u00e4ndiger \u00dcbersetzung oder 8 Tage (4 x 2 oder 2 x 4) mit \u00dcbersetzung.<\/li>\n<\/ul>\n<\/div>\n<p>[\/et_pb_text][et_pb_text _builder_version=&#8220;4.27.4&#8243; _module_preset=&#8220;default&#8220; header_text_color=&#8220;#eb611b&#8220; custom_margin=&#8220;||14px|||&#8220; custom_padding=&#8220;30px||||false|false&#8220; global_colors_info=&#8220;{}&#8220;]<\/p>\n<div class=\"content\">\n<h4>Voraussetzungen f\u00fcr die MBCL-Weiterbildung<\/h4>\n<p>Wenn Sie an der MBCL-Weiterbildung teilnehmen m\u00f6chten, m\u00fcssen Sie an mindestens einer der oben aufgef\u00fchrten Einf\u00fchrungsveranstaltungen teilgenommen haben.<\/p>\n<p>Wenn Sie Fachkraft sind, m\u00fcssen Sie vorher an einem MBSR- oder MBCT-Kurs teilgenommen haben und \u00fcber eine regelm\u00e4\u00dfige Achtsamkeitspraxis von mindestens einem Jahr verf\u00fcgen. Sie sollten Erfahrung in achtsamkeitsbasierte Arbeit (z.B. ACT, DBT, MBCT) haben und Interesse daran haben, Ihre Praxis und F\u00e4higkeiten in der Anwendung von achtsamkeitsbasierten und mitgef\u00fchlsorientierten Interventionen in Ihrem beruflichen Kontext zu vertiefen.<\/p>\n<\/div>\n<p>[\/et_pb_text][et_pb_text module_id=&#8220;mbclzertifizierungsrichtlinie&#8220; _builder_version=&#8220;4.27.4&#8243; _module_preset=&#8220;default&#8220; header_text_color=&#8220;#eb611b&#8220; min_height=&#8220;186.2px&#8220; custom_margin=&#8220;||4px|||&#8220; custom_padding=&#8220;30px||0px||false|false&#8220; global_colors_info=&#8220;{}&#8220;]<\/p>\n<div class=\"content\">\n<h3>MBCL Zertifizierungsrichtlinie<\/h3>\n<p>Wenn Sie nach MBCL-Weiterbildung <strong>zertifizierte MBCL-Lehrer*in<\/strong> werden und 8-w\u00f6chige MBCL-Kurse unter diesem Namen anbieten m\u00f6chten, gelten folgende Bedingungen:<\/p>\n<p>Sie m\u00fcssen&#8230;<\/p>\n<ul><\/ul>\n<\/div>\n<p>[\/et_pb_text][et_pb_text _builder_version=&#8220;4.27.4&#8243; _module_preset=&#8220;default&#8220; header_text_color=&#8220;#eb611b&#8220; custom_margin=&#8220;-22px|||||&#8220; custom_padding=&#8220;5px||||false|false&#8220; global_colors_info=&#8220;{}&#8220;]<\/p>\n<div class=\"content\">\n<ul>\n<li>nachweisen, dass Sie zertifizierte*r Achtsamkeitslehrer*in in einem anerkannten achtsamkeitsbasierten Programm (MBSR, MBCT oder vergleichbar) sind und die Good-Practice-Qualit\u00e4tsrichtlinien f\u00fcr Achtsamkeitslehrende im Land Ihres Wohnsitzes erf\u00fcllen;<\/li>\n<li>die vollst\u00e4ndige MBCL-Weiterbildung erfolgreich abgeschlossen haben;<\/li>\n<li>eigenverantwortlich einen <strong>MBCL-Zertifizierungskurs<\/strong> (mit mindestens 4 Teilnehmenden) und begleitender Supervision durch eine*n anerkannten MBCL-Supervisor \/ -Supervisorin zufriedenstellend unterrichtet haben. Es ist ein Minimum von drei einst\u00fcndigen Supervisionssitzungen (Pr\u00e4senz oder Online-Videokonferenz) erforderlich. Der Zertifizierungskurs kann in Pr\u00e4senz oder Online durchgef\u00fchrt werden.<\/li>\n<\/ul>\n<p>Nach dem Zertifizierungskurs k\u00f6nnen Sie sich als &#8222;Certified MBCL Teacher&#8220; in das internationale <a href=\"https:\/\/www.mbcl-international.net\/de\/mbcl-lehrer\/\">MBCL-Register<\/a> eintragen lassen.<\/p>\n<\/div>\n<p>[\/et_pb_text][et_pb_text _builder_version=&#8220;4.27.4&#8243; _module_preset=&#8220;default&#8220; header_text_color=&#8220;#eb611b&#8220; custom_padding=&#8220;5px||||false|false&#8220; global_colors_info=&#8220;{}&#8220;]<\/p>\n<p>Wenn Sie nach der MBCL-Weiterbildung als <strong>Fachkraft<\/strong> mit den MBCL-\u00dcbungen und -Inhalten arbeiten m\u00f6chten, brauchen Sie keinen Zertifizierungskurs zu unterrichten. Sie k\u00f6nnen sich nach der erfolgreichen Teilnahme an der MBCL-Weiterbildung als &#8222;Professional working with MBCL&#8220; im internationalen MBCL-Register eintragen lassen. Es ist jedoch immer empfehlenswert, wenn Sie sich bei der Implementierung der MBCL-Inhalte durch eine MBCL-Supervisorin oder einen MBCL-Supervisor unterst\u00fctzen lassen.<\/p>\n<p>[\/et_pb_text][et_pb_text _builder_version=&#8220;4.27.4&#8243; _module_preset=&#8220;default&#8220; header_text_color=&#8220;#eb611b&#8220; background_color=&#8220;rgba(0,0,0,0.04)&#8220; custom_padding=&#8220;5px|10px|5px|10px|true|true&#8220; border_radii=&#8220;on|3px|3px|3px|3px&#8220; border_width_all=&#8220;1px&#8220; border_color_all=&#8220;rgba(0,0,0,0.01)&#8220; box_shadow_style=&#8220;preset1&#8243; box_shadow_vertical=&#8220;0px&#8220; box_shadow_blur=&#8220;10px&#8220; box_shadow_color=&#8220;rgba(0,0,0,0.2)&#8220; global_colors_info=&#8220;{}&#8220;]<\/p>\n<div class=\"content\">\n<p><strong>MBCL-Weiterbildungen<\/strong> werden vom Team der <a href=\"\/de\/?page_id=2228\">MBCL-Ausbilder*innen<\/a> angeboten. Unter dem Men\u00fcpunkt <a href=\"https:\/\/www.mbcl-international.net\/de\/agenda\/\">Agenda<\/a> finden Sie Informationen zu den aktuellen Veranstaltungen der MBCL-Ausbilder*innen.<\/p>\n<\/div>\n<p>[\/et_pb_text][\/et_pb_column][et_pb_column type=&#8220;1_3&#8243; _builder_version=&#8220;4.17.6&#8243; _module_preset=&#8220;default&#8220; background_color=&#8220;rgba(0,0,0,0.04)&#8220; custom_padding=&#8220;15px|20px||20px|false|false&#8220; border_radii=&#8220;on|3px|3px|3px|3px&#8220; border_width_all=&#8220;1px&#8220; border_color_all=&#8220;rgba(0,0,0,0.1)&#8220; box_shadow_style=&#8220;preset1&#8243; box_shadow_vertical=&#8220;0px&#8220; box_shadow_blur=&#8220;10px&#8220; box_shadow_color=&#8220;rgba(0,0,0,0.2)&#8220; global_colors_info=&#8220;{}&#8220;][et_pb_text _builder_version=&#8220;4.19.4&#8243; _module_preset=&#8220;default&#8220; text_text_color=&#8220;#555555&#8243; header_2_text_color=&#8220;#666666&#8243; custom_margin=&#8220;||||false|false&#8220; custom_padding=&#8220;||5px||false|false&#8220; border_width_bottom=&#8220;1px&#8220; border_color_bottom=&#8220;#999999&#8243; global_colors_info=&#8220;{}&#8220;]<\/p>\n<h2 style=\"text-align: center;\">MBCL Blog<\/h2>\n<p>[\/et_pb_text][et_pb_blog posts_number=&#8220;3&#8243; include_categories=&#8220;107&#8243; show_more=&#8220;on&#8220; show_categories=&#8220;off&#8220; _builder_version=&#8220;4.19.4&#8243; _module_preset=&#8220;default&#8220; body_text_color=&#8220;#666666&#8243; read_more_font=&#8220;||||||||&#8220; read_more_text_color=&#8220;#eb611b&#8220; read_more_line_height=&#8220;2em&#8220; custom_margin=&#8220;||||false|false&#8220; custom_padding=&#8220;||||false|false&#8220; global_colors_info=&#8220;{}&#8220;][\/et_pb_blog][\/et_pb_column][\/et_pb_row][\/et_pb_section]<\/p>\n","protected":false},"excerpt":{"rendered":"<p>MBCL-Einf\u00fchrung und -WeiterbildungBeginnen Sie Ihre Reise mit MBCL mit einer erfahrungsorientierten MBCL-Einf\u00fchrung. Im Anschluss k\u00f6nnen Sie Ihre Kenntnisse dann im Rahmen der MBCL-Weiterbildung vertiefen. Die Weiterbildung richtet sich an MBI-Lehrende und andere Fachkr\u00e4fte. F\u00fcr Ihre Reise mit MBCL m\u00fcssen Sie mit der grundlegenden Achtsamkeitspraxis vertraut sein &#8211; vorzugsweise durch die Teilnahme an einem 8-w\u00f6chigen MBSR-, [&hellip;]<\/p>\n","protected":false},"author":1,"featured_media":0,"parent":0,"menu_order":0,"comment_status":"closed","ping_status":"closed","template":"","meta":{"_et_pb_use_builder":"on","_et_pb_old_content":"","_et_gb_content_width":"","footnotes":""},"difl_page_category":[],"class_list":["post-2165","page","type-page","status-publish","hentry"],"yoast_head":"<!-- This site is optimized with the Yoast SEO plugin v27.3 - https:\/\/yoast.com\/product\/yoast-seo-wordpress\/ -->\n<title>Ihre Reise mit MBCL: MBCL-Einf\u00fchrung &amp; MBCL-Weiterbildung<\/title>\n<meta name=\"description\" content=\"Beginnen Sie mit einer erfahrungsorientierten MBCL-Einf\u00fchrung. Vertiefen Sie Ihre Kenntnisse im Anschluss in der MBCL-Weiterbildung.\" \/>\n<meta name=\"robots\" content=\"index, follow, max-snippet:-1, max-image-preview:large, max-video-preview:-1\" \/>\n<link rel=\"canonical\" href=\"https:\/\/www.mbcl-international.net\/de\/mbcl-einfuehrung-und-weiterbildung\/\" \/>\n<meta property=\"og:locale\" content=\"de_DE\" \/>\n<meta property=\"og:type\" content=\"article\" \/>\n<meta property=\"og:title\" content=\"Ihre Reise mit MBCL: MBCL-Einf\u00fchrung &amp; MBCL-Weiterbildung\" \/>\n<meta property=\"og:description\" content=\"Beginnen Sie mit einer erfahrungsorientierten MBCL-Einf\u00fchrung. Vertiefen Sie Ihre Kenntnisse im Anschluss in der MBCL-Weiterbildung.\" \/>\n<meta property=\"og:url\" content=\"https:\/\/www.mbcl-international.net\/de\/mbcl-einfuehrung-und-weiterbildung\/\" \/>\n<meta property=\"og:site_name\" content=\"MBCL International\" \/>\n<meta property=\"article:modified_time\" content=\"2025-07-08T20:09:37+00:00\" \/>\n<meta name=\"twitter:card\" content=\"summary_large_image\" \/>\n<meta name=\"twitter:label1\" content=\"Gesch\u00e4tzte Lesezeit\" \/>\n\t<meta name=\"twitter:data1\" content=\"5\u00a0Minuten\" \/>\n<script type=\"application\/ld+json\" class=\"yoast-schema-graph\">{\"@context\":\"https:\\\/\\\/schema.org\",\"@graph\":[{\"@type\":\"WebPage\",\"@id\":\"https:\\\/\\\/www.mbcl-international.net\\\/de\\\/mbcl-einfuehrung-und-weiterbildung\\\/\",\"url\":\"https:\\\/\\\/www.mbcl-international.net\\\/de\\\/mbcl-einfuehrung-und-weiterbildung\\\/\",\"name\":\"Ihre Reise mit MBCL: MBCL-Einf\u00fchrung & MBCL-Weiterbildung\",\"isPartOf\":{\"@id\":\"https:\\\/\\\/www.mbcl-international.net\\\/de\\\/#website\"},\"datePublished\":\"2022-10-28T18:27:09+00:00\",\"dateModified\":\"2025-07-08T20:09:37+00:00\",\"description\":\"Beginnen Sie mit einer erfahrungsorientierten MBCL-Einf\u00fchrung. Vertiefen Sie Ihre Kenntnisse im Anschluss in der MBCL-Weiterbildung.\",\"breadcrumb\":{\"@id\":\"https:\\\/\\\/www.mbcl-international.net\\\/de\\\/mbcl-einfuehrung-und-weiterbildung\\\/#breadcrumb\"},\"inLanguage\":\"de\",\"potentialAction\":[{\"@type\":\"ReadAction\",\"target\":[\"https:\\\/\\\/www.mbcl-international.net\\\/de\\\/mbcl-einfuehrung-und-weiterbildung\\\/\"]}]},{\"@type\":\"BreadcrumbList\",\"@id\":\"https:\\\/\\\/www.mbcl-international.net\\\/de\\\/mbcl-einfuehrung-und-weiterbildung\\\/#breadcrumb\",\"itemListElement\":[{\"@type\":\"ListItem\",\"position\":1,\"name\":\"Startseite\",\"item\":\"https:\\\/\\\/www.mbcl-international.net\\\/de\\\/\"},{\"@type\":\"ListItem\",\"position\":2,\"name\":\"MBCL Einf\u00fchrung &#038; Weiterbildung\"}]},{\"@type\":\"WebSite\",\"@id\":\"https:\\\/\\\/www.mbcl-international.net\\\/de\\\/#website\",\"url\":\"https:\\\/\\\/www.mbcl-international.net\\\/de\\\/\",\"name\":\"MBCL International\",\"description\":\"Mindfulness-Based Compassionate Living\",\"publisher\":{\"@id\":\"https:\\\/\\\/www.mbcl-international.net\\\/de\\\/#organization\"},\"potentialAction\":[{\"@type\":\"SearchAction\",\"target\":{\"@type\":\"EntryPoint\",\"urlTemplate\":\"https:\\\/\\\/www.mbcl-international.net\\\/de\\\/?s={search_term_string}\"},\"query-input\":{\"@type\":\"PropertyValueSpecification\",\"valueRequired\":true,\"valueName\":\"search_term_string\"}}],\"inLanguage\":\"de\"},{\"@type\":\"Organization\",\"@id\":\"https:\\\/\\\/www.mbcl-international.net\\\/de\\\/#organization\",\"name\":\"MBCL\",\"url\":\"https:\\\/\\\/www.mbcl-international.net\\\/de\\\/\",\"logo\":{\"@type\":\"ImageObject\",\"inLanguage\":\"de\",\"@id\":\"https:\\\/\\\/www.mbcl-international.net\\\/de\\\/#\\\/schema\\\/logo\\\/image\\\/\",\"url\":\"https:\\\/\\\/www.mbcl-international.net\\\/wp-content\\\/uploads\\\/2022\\\/08\\\/MBCL-Logo.jpg\",\"contentUrl\":\"https:\\\/\\\/www.mbcl-international.net\\\/wp-content\\\/uploads\\\/2022\\\/08\\\/MBCL-Logo.jpg\",\"width\":600,\"height\":340,\"caption\":\"MBCL\"},\"image\":{\"@id\":\"https:\\\/\\\/www.mbcl-international.net\\\/de\\\/#\\\/schema\\\/logo\\\/image\\\/\"}}]}<\/script>\n<!-- \/ Yoast SEO plugin. -->","yoast_head_json":{"title":"Ihre Reise mit MBCL: MBCL-Einf\u00fchrung & MBCL-Weiterbildung","description":"Beginnen Sie mit einer erfahrungsorientierten MBCL-Einf\u00fchrung. Vertiefen Sie Ihre Kenntnisse im Anschluss in der MBCL-Weiterbildung.","robots":{"index":"index","follow":"follow","max-snippet":"max-snippet:-1","max-image-preview":"max-image-preview:large","max-video-preview":"max-video-preview:-1"},"canonical":"https:\/\/www.mbcl-international.net\/de\/mbcl-einfuehrung-und-weiterbildung\/","og_locale":"de_DE","og_type":"article","og_title":"Ihre Reise mit MBCL: MBCL-Einf\u00fchrung & MBCL-Weiterbildung","og_description":"Beginnen Sie mit einer erfahrungsorientierten MBCL-Einf\u00fchrung. Vertiefen Sie Ihre Kenntnisse im Anschluss in der MBCL-Weiterbildung.","og_url":"https:\/\/www.mbcl-international.net\/de\/mbcl-einfuehrung-und-weiterbildung\/","og_site_name":"MBCL International","article_modified_time":"2025-07-08T20:09:37+00:00","twitter_card":"summary_large_image","twitter_misc":{"Gesch\u00e4tzte Lesezeit":"5\u00a0Minuten"},"schema":{"@context":"https:\/\/schema.org","@graph":[{"@type":"WebPage","@id":"https:\/\/www.mbcl-international.net\/de\/mbcl-einfuehrung-und-weiterbildung\/","url":"https:\/\/www.mbcl-international.net\/de\/mbcl-einfuehrung-und-weiterbildung\/","name":"Ihre Reise mit MBCL: MBCL-Einf\u00fchrung & MBCL-Weiterbildung","isPartOf":{"@id":"https:\/\/www.mbcl-international.net\/de\/#website"},"datePublished":"2022-10-28T18:27:09+00:00","dateModified":"2025-07-08T20:09:37+00:00","description":"Beginnen Sie mit einer erfahrungsorientierten MBCL-Einf\u00fchrung. Vertiefen Sie Ihre Kenntnisse im Anschluss in der MBCL-Weiterbildung.","breadcrumb":{"@id":"https:\/\/www.mbcl-international.net\/de\/mbcl-einfuehrung-und-weiterbildung\/#breadcrumb"},"inLanguage":"de","potentialAction":[{"@type":"ReadAction","target":["https:\/\/www.mbcl-international.net\/de\/mbcl-einfuehrung-und-weiterbildung\/"]}]},{"@type":"BreadcrumbList","@id":"https:\/\/www.mbcl-international.net\/de\/mbcl-einfuehrung-und-weiterbildung\/#breadcrumb","itemListElement":[{"@type":"ListItem","position":1,"name":"Startseite","item":"https:\/\/www.mbcl-international.net\/de\/"},{"@type":"ListItem","position":2,"name":"MBCL Einf\u00fchrung &#038; Weiterbildung"}]},{"@type":"WebSite","@id":"https:\/\/www.mbcl-international.net\/de\/#website","url":"https:\/\/www.mbcl-international.net\/de\/","name":"MBCL International","description":"Mindfulness-Based Compassionate Living","publisher":{"@id":"https:\/\/www.mbcl-international.net\/de\/#organization"},"potentialAction":[{"@type":"SearchAction","target":{"@type":"EntryPoint","urlTemplate":"https:\/\/www.mbcl-international.net\/de\/?s={search_term_string}"},"query-input":{"@type":"PropertyValueSpecification","valueRequired":true,"valueName":"search_term_string"}}],"inLanguage":"de"},{"@type":"Organization","@id":"https:\/\/www.mbcl-international.net\/de\/#organization","name":"MBCL","url":"https:\/\/www.mbcl-international.net\/de\/","logo":{"@type":"ImageObject","inLanguage":"de","@id":"https:\/\/www.mbcl-international.net\/de\/#\/schema\/logo\/image\/","url":"https:\/\/www.mbcl-international.net\/wp-content\/uploads\/2022\/08\/MBCL-Logo.jpg","contentUrl":"https:\/\/www.mbcl-international.net\/wp-content\/uploads\/2022\/08\/MBCL-Logo.jpg","width":600,"height":340,"caption":"MBCL"},"image":{"@id":"https:\/\/www.mbcl-international.net\/de\/#\/schema\/logo\/image\/"}}]}},"_links":{"self":[{"href":"https:\/\/www.mbcl-international.net\/de\/wp-json\/wp\/v2\/pages\/2165","targetHints":{"allow":["GET"]}}],"collection":[{"href":"https:\/\/www.mbcl-international.net\/de\/wp-json\/wp\/v2\/pages"}],"about":[{"href":"https:\/\/www.mbcl-international.net\/de\/wp-json\/wp\/v2\/types\/page"}],"author":[{"embeddable":true,"href":"https:\/\/www.mbcl-international.net\/de\/wp-json\/wp\/v2\/users\/1"}],"replies":[{"embeddable":true,"href":"https:\/\/www.mbcl-international.net\/de\/wp-json\/wp\/v2\/comments?post=2165"}],"version-history":[{"count":28,"href":"https:\/\/www.mbcl-international.net\/de\/wp-json\/wp\/v2\/pages\/2165\/revisions"}],"predecessor-version":[{"id":3255,"href":"https:\/\/www.mbcl-international.net\/de\/wp-json\/wp\/v2\/pages\/2165\/revisions\/3255"}],"wp:attachment":[{"href":"https:\/\/www.mbcl-international.net\/de\/wp-json\/wp\/v2\/media?parent=2165"}],"wp:term":[{"taxonomy":"difl_page_category","embeddable":true,"href":"https:\/\/www.mbcl-international.net\/de\/wp-json\/wp\/v2\/difl_page_category?post=2165"}],"curies":[{"name":"wp","href":"https:\/\/api.w.org\/{rel}","templated":true}]}}